{"id":978,"date":"2022-09-20T14:07:14","date_gmt":"2022-09-20T12:07:14","guid":{"rendered":"https:\/\/www.campingorangeraie.com\/?page_id=978"},"modified":"2025-02-26T11:07:46","modified_gmt":"2025-02-26T10:07:46","slug":"camping-vinaros","status":"publish","type":"page","link":"https:\/\/www.campingorangeraie.com\/fr\/camping-vinaros\/","title":{"rendered":"Vinar\u00d2s"},"content":{"rendered":"<section id=\"ls-section-block_24c5fbafcdcc22a7827161124e62df35\" class=\"ls-section  page-entete animated fadeInUp delay-200ms has-p-t p-t-14\" >\n        <div class=\"container container--wide\">\n        \n\n<h1 class=\"ls__heading wp-block-heading has-text-align-left\">D\u00e9couvrez Vinar\u00d2s<\/h1>\n\n\n    <\/div>\n<\/section>\n\n<section id=\"ls-section-block_db7c662f9120702aac7cf061bc33baf7\" class=\"ls-section  page-one has-p-b p-b-14\" >\n        <div class=\"container container--wide\">\n        \n\n<div class=\"wp-block-columns is-layout-flex wp-container-core-columns-is-layout-9d6595d7 wp-block-columns-is-layout-flex\">\n<div class=\"wp-block-column is-vertically-aligned-center is-layout-flow wp-block-column-is-layout-flow\" style=\"flex-basis:66.66%\">\n<figure class=\"wp-block-gallery has-nested-images columns-default is-cropped wp-block-gallery-1 is-layout-flex wp-block-gallery-is-layout-flex\">\n<figure class=\"wp-block-image size-full animated fadeInRight delay-500ms\"><a href=\"https:\/\/www.campingorangeraie.com\/wp-content\/uploads\/2022\/09\/fetes-vinaros-espagne.jpg\"><img loading=\"lazy\" decoding=\"async\" width=\"800\" height=\"600\" data-id=\"1985\" src=\"https:\/\/www.campingorangeraie.com\/wp-content\/uploads\/2022\/09\/fetes-vinaros-espagne.jpg\" alt=\"fetes viranos\" class=\"wp-image-1985\" srcset=\"https:\/\/www.campingorangeraie.com\/wp-content\/uploads\/2022\/09\/fetes-vinaros-espagne.jpg 800w, https:\/\/www.campingorangeraie.com\/wp-content\/uploads\/2022\/09\/fetes-vinaros-espagne-300x225.jpg 300w, https:\/\/www.campingorangeraie.com\/wp-content\/uploads\/2022\/09\/fetes-vinaros-espagne-768x576.jpg 768w\" sizes=\"auto, (max-width: 800px) 100vw, 800px\" \/><\/a><\/figure>\n\n\n\n<figure class=\"wp-block-image size-full animated fadeInLeft delay-500ms\"><a href=\"https:\/\/www.campingorangeraie.com\/wp-content\/uploads\/2022\/09\/port-de-peche-vinaros.jpg\"><img loading=\"lazy\" decoding=\"async\" width=\"800\" height=\"600\" data-id=\"1980\" src=\"https:\/\/www.campingorangeraie.com\/wp-content\/uploads\/2022\/09\/port-de-peche-vinaros.jpg\" alt=\"port de peche viranos castellon\" class=\"wp-image-1980\" srcset=\"https:\/\/www.campingorangeraie.com\/wp-content\/uploads\/2022\/09\/port-de-peche-vinaros.jpg 800w, https:\/\/www.campingorangeraie.com\/wp-content\/uploads\/2022\/09\/port-de-peche-vinaros-300x225.jpg 300w, https:\/\/www.campingorangeraie.com\/wp-content\/uploads\/2022\/09\/port-de-peche-vinaros-768x576.jpg 768w\" sizes=\"auto, (max-width: 800px) 100vw, 800px\" \/><\/a><\/figure>\n<\/figure>\n<\/div>\n\n\n\n<div class=\"wp-block-column is-vertically-aligned-center is-layout-flow wp-block-column-is-layout-flow\" style=\"flex-basis:33.33%\">\n<h2 class=\"ls__heading wp-block-heading\">Les lieux incontournables \u00e0 Vinar\u00f2s<\/h2>\n\n\n\n<p class=\"ls-paragraph\">Vinaros est la <strong>ville principale de la baie<\/strong>. A ne pas manquer son pas\u00e9o maritime en front de mer, avec ses bars et restaurants. Ses petites places en centre ville qui inspirent le farniente. Ses rues commer\u00e7antes. \u00c0 visiter son \u00e9glise, et ses halles. C\u2019est aussi la ville la moins touristique, celle ou on entend le mieux battre le c\u0153ur des Espagnols. A profiter des <strong>animations estivales<\/strong>, car le sens de la f\u00eate est visc\u00e9ral.<br>Un s\u00e9jour au <a href=\"\/fr\/\">camping de l\u2019Orangeraie en Espagne<\/a> sera l\u2019occasion de d\u00e9couvrir les incontournables du tourisme \u00e0 <a href=\"https:\/\/turisme.vinaros.es\/fr\" target=\"_blank\" rel=\"noreferrer noopener nofollow\">Vinar\u00f2s<\/a>. Destination la plus septentrionale de la Costa del Azahar, la station est une <strong>ville portuaire<\/strong> dont la richesse architecturale n\u2019a rien \u00e0 envier \u00e0 la beaut\u00e9 de ses plages. Les monuments de la cit\u00e9 peuvent se d\u00e9couvrir au rythme de vos balades ou avec un audioguide. Les ar\u00e8nes et le march\u00e9 municipal (Mercat) sont embl\u00e9matiques, de m\u00eame que l\u2019H\u00f4tel de ville. <\/p>\n\n\n\n<p class=\"ls-paragraph\">Aux c\u00f4t\u00e9s des <strong>belles demeures<\/strong> comme la maison Membrillera, la maison Sendra, la maison Giner et la Casa de la Vila, un important patrimoine religieux est \u00e0 admirer : la chapelle de Sainte-Victorie, l\u2019\u00e9glise de Saint Telmo-auditorium, l\u2019\u00e9glise archi presbyt\u00e9rale de l\u2019Assomption, l\u2019ermitage Saint-Gregorio ainsi que le sanctuaire de la Mis\u00e9ricorde, perch\u00e9 au sommet du Puig de la Misericordia \u00e0 quelques kilom\u00e8tres de Vinar\u00f2s.<\/p>\n<\/div>\n<\/div>\n\n\n    <\/div>\n<\/section>\n\n<section id=\"ls-section-block_a3d1746cc7284f8777c2363a0782fdef\" class=\"ls-section  page-two petal-left has-background has-color-3-background-color has-p-t p-t-14 has-p-b p-b-14\" >\n        <div class=\"container container--wide\">\n        \n\n<div class=\"wp-block-columns is-layout-flex wp-container-core-columns-is-layout-9d6595d7 wp-block-columns-is-layout-flex\">\n<div class=\"wp-block-column is-vertically-aligned-center is-layout-flow wp-block-column-is-layout-flow\" style=\"flex-basis:33.33%\">\n<h2 class=\"ls__heading wp-block-heading\">Les activit\u00e9s familiales \u00e0 faire \u00e0 Vinaros<\/h2>\n\n\n\n<p class=\"ls-paragraph\">Avec son <strong>environnement unique<\/strong> compos\u00e9 de 12 km de c\u00f4tes sur la M\u00e9diterran\u00e9e et de 26 plages ou criques, Vinar\u00f2s est propice \u00e0 la pratique de <strong>nombreuses activit\u00e9s en famille<\/strong>. La mer et le littoral sont au c\u0153ur du tourisme \u00e0 Vinar\u00f2s, avec des plages accessibles et surveill\u00e9es, des criques paradisiaques pour le snorkeling et un port ou pratiquer de nombreux loisirs nautiques. <\/p>\n\n\n\n<p class=\"ls-paragraph\">Des <strong>balades agr\u00e9ables<\/strong> vous attendent \u00e9galement en c\u0153ur de ville ou dans la nature, gr\u00e2ce \u00e0 un audioguide ludique pour visiter la ville avec vos enfants et des itin\u00e9raires pittoresques de promenade en pleine nature. <\/p>\n\n\n\n<p class=\"ls-paragraph\"><strong>Destination touristique labellis\u00e9e Tour &amp; Kids<\/strong>, Vinaros propose de nombreuses activit\u00e9s pour les familles, avec des animations estivales pour les enfants, des aires de loisirs accessibles aux poussettes, des excursions en mer, des parcours \u00e0 v\u00e9lo balis\u00e9s et des activit\u00e9s ludiques sur les plages.<\/p>\n<\/div>\n\n\n\n<div class=\"wp-block-column is-vertically-aligned-center is-layout-flow wp-block-column-is-layout-flow\" style=\"flex-basis:66.66%\">\n<figure class=\"wp-block-gallery has-nested-images columns-default is-cropped wp-block-gallery-2 is-layout-flex wp-block-gallery-is-layout-flex\">\n<figure class=\"wp-block-image size-full animated fadeInLeft delay-200ms\"><a href=\"https:\/\/www.campingorangeraie.com\/wp-content\/uploads\/2022\/09\/architecture-vinaroos-plage.jpg\"><img loading=\"lazy\" decoding=\"async\" width=\"800\" height=\"600\" data-id=\"1991\" src=\"https:\/\/www.campingorangeraie.com\/wp-content\/uploads\/2022\/09\/architecture-vinaroos-plage.jpg\" alt=\"architecture vinaros\" class=\"wp-image-1991\" srcset=\"https:\/\/www.campingorangeraie.com\/wp-content\/uploads\/2022\/09\/architecture-vinaroos-plage.jpg 800w, https:\/\/www.campingorangeraie.com\/wp-content\/uploads\/2022\/09\/architecture-vinaroos-plage-300x225.jpg 300w, https:\/\/www.campingorangeraie.com\/wp-content\/uploads\/2022\/09\/architecture-vinaroos-plage-768x576.jpg 768w\" sizes=\"auto, (max-width: 800px) 100vw, 800px\" \/><\/a><\/figure>\n\n\n\n<figure class=\"wp-block-image size-full animated fadeInRight delay-200ms\"><a href=\"https:\/\/www.campingorangeraie.com\/wp-content\/uploads\/2022\/09\/plage-vinaros-castellon-1.jpg\"><img loading=\"lazy\" decoding=\"async\" width=\"800\" height=\"600\" data-id=\"2003\" src=\"https:\/\/www.campingorangeraie.com\/wp-content\/uploads\/2022\/09\/plage-vinaros-castellon-1.jpg\" alt=\"plage viranos\" class=\"wp-image-2003\" srcset=\"https:\/\/www.campingorangeraie.com\/wp-content\/uploads\/2022\/09\/plage-vinaros-castellon-1.jpg 800w, https:\/\/www.campingorangeraie.com\/wp-content\/uploads\/2022\/09\/plage-vinaros-castellon-1-300x225.jpg 300w, https:\/\/www.campingorangeraie.com\/wp-content\/uploads\/2022\/09\/plage-vinaros-castellon-1-768x576.jpg 768w\" sizes=\"auto, (max-width: 800px) 100vw, 800px\" \/><\/a><\/figure>\n<\/figure>\n<\/div>\n<\/div>\n\n\n    <\/div>\n<\/section>\n\n<section id=\"ls-section-block_79d0b55a9a4107b136143bc375409515\" class=\"ls-section \" >\n        <div class=\"container container--wide\">\n        \n\n<div class=\"wp-block-columns is-layout-flex wp-container-core-columns-is-layout-9d6595d7 wp-block-columns-is-layout-flex\">\n<div class=\"wp-block-column is-layout-flow wp-block-column-is-layout-flow\">\n<iframe src=\"https:\/\/www.google.com\/maps\/embed?pb=!1m28!1m12!1m3!1d48569.403077099516!2d0.39707973318546186!3d40.462261746496345!2m3!1f0!2f0!3f0!3m2!1i1024!2i768!4f13.1!4m13!3e0!4m5!1s0x12a04339cc10acef%3A0xc519d5755c5cd22c!2sCamping%20Orangeraie%2C%20Pol%C3%ADgono%209%2C%20Parcela%20117%2C%2012589%20C%C3%A0lig%2C%20Castell%C3%B3%2C%20Espagne!3m2!1d40.4517975!2d0.35294169999999997!4m5!1s0x12a04fe40076ed75%3A0x11209302b14c1a2a!2s12500%20Vinar%C3%B2s%2C%20Castell%C3%B3n%2C%20Espagne!3m2!1d40.4679855!2d0.4747301!5e0!3m2!1sfr!2sfr!4v1664348687163!5m2!1sfr!2sfr\" width=\"600\" height=\"450\" style=\"border:0;\" allowfullscreen=\"\" loading=\"lazy\" referrerpolicy=\"no-referrer-when-downgrade\"><\/iframe>\n<\/div>\n\n\n\n<div class=\"wp-block-column is-vertically-aligned-center is-layout-flow wp-block-column-is-layout-flow\">\n<h2 class=\"ls__heading wp-block-heading has-text-align-left\">Vinar\u00f2s \u00e0 seulement 19 min du camping<\/h2>\n\n\n\n<p class=\"ls-paragraph has-text-align-left\">Camping proche de Vinar\u00f2s, L\u2019Orangeraie vous permet de profiter facilement des \u00e9v\u00e9nements, festivit\u00e9s et loisirs qui s\u2019y d\u00e9roulent pendant l\u2019\u00e9t\u00e9. <strong>\u00c0 moins de 13 km<\/strong> du port de Vinar\u00f2s, vous pourrez rejoindre les rues commer\u00e7antes et les belles plages de la station en moins de 20 minutes. <\/p>\n\n\n\n<p class=\"ls-paragraph has-text-align-left\">En r\u00e9servant vos vacances dans un camping pr\u00e8s de Vinar\u00f2s, vous avez l\u2019assurance de vivre un s\u00e9jour sur mesure, entre visites de monuments, loisirs nautiques, s\u00e9ances de farniente sur la plage, activit\u00e9s familiales et shopping.<\/p>\n<\/div>\n<\/div>\n\n\n    <\/div>\n<\/section>\n\n<section id=\"ls-section-block_27ba10dd117aff1d8b80d687468a70d6\" class=\"ls-section  page-maillage has-p-t p-t-14 has-p-b p-b-14\" >\n        <div class=\"container container--wide\">\n        \n\n<div id=\"ls-heading ls-titre-div-block_5c74d4c7287b8e9bd11b8e0b90ccdb03\" class=\"ls-titre-div aligncenter h2-like\" >\n    D\u00e9couvrez les animations , les services et les mobil-homes notre camping<\/div>\n\n\n<div id=\"ls-maillage-block_31d86dc113b57aabe8633025b0aff2a6\" class=\"ls-maillage cta-style-normal\" data-rows=\"3\">\r\n    <div class=\"wp-block-columns\"><div class=\"wp-block-column\">\n\n<a href=\"https:\/\/www.campingorangeraie.com\/fr\/camping-animation-calig\/\" target=\"\" rel=\"noopener\" class=\"ls-cta__link\" data-categ=\"\">\n\t<div class=\"ls-cta__image\"><img decoding=\"async\" src=\"https:\/\/www.campingorangeraie.com\/wp-content\/uploads\/2022\/09\/Sans-titre-2.jpg\" alt=\"animation camping paradis l'orangeraie\"><\/div>\n\t<div class=\"ls-cta__title\">\n\t\tNos animations familiales\t<\/div>\n\n\t<\/a><\/div><div class=\"wp-block-column\">\n\n<a href=\"https:\/\/www.campingorangeraie.com\/fr\/camping-familial-calig\/\" target=\"\" rel=\"noopener\" class=\"ls-cta__link\" data-categ=\"\">\n\t<div class=\"ls-cta__image\"><img decoding=\"async\" src=\"https:\/\/www.campingorangeraie.com\/wp-content\/uploads\/2022\/09\/service-camping-orangeraie.jpg\" alt=\"service camping orangeraie\"><\/div>\n\t<div class=\"ls-cta__title\">\n\t\tNos services\t<\/div>\n\n\t<\/a><\/div><div class=\"wp-block-column\">\n\n<a href=\"https:\/\/www.campingorangeraie.com\/fr\/location-mobil-home-calig\/\" target=\"\" rel=\"noopener\" class=\"ls-cta__link\" data-categ=\"\">\n\t<div class=\"ls-cta__image\"><img decoding=\"async\" src=\"https:\/\/www.campingorangeraie.com\/wp-content\/uploads\/2022\/09\/Camping-de-lorangeraie-2021-84-1-scaled.jpeg\" alt=\"location mobil home orangeraie\"><\/div>\n\t<div class=\"ls-cta__title\">\n\t\tNos mobil-homes\t<\/div>\n\n\t<\/a><\/div><\/div><\/div>\n\n    <\/div>\n<\/section>","protected":false},"excerpt":{"rendered":"","protected":false},"author":1,"featured_media":1942,"parent":0,"menu_order":0,"comment_status":"closed","ping_status":"closed","template":"","meta":{"_acf_changed":false,"footnotes":""},"sujet":[],"class_list":["post-978","page","type-page","status-publish","has-post-thumbnail","hentry"],"acf":[],"yoast_head":"<!-- This site is optimized with the Yoast SEO plugin v23.4 - https:\/\/yoast.com\/wordpress\/plugins\/seo\/ -->\n<title>Camping Vinaros | Tourisme Vinaros | Activit\u00e9s \u00e0 Vinaros<\/title>\n<meta name=\"robots\" content=\"index, follow, max-snippet:-1, max-image-preview:large, max-video-preview:-1\" \/>\n<link rel=\"canonical\" href=\"https:\/\/www.campingorangeraie.com\/fr\/camping-vinaros\/\" \/>\n<meta property=\"og:locale\" content=\"fr_FR\" \/>\n<meta property=\"og:type\" content=\"article\" \/>\n<meta property=\"og:title\" content=\"Camping Vinaros | Tourisme Vinaros | Activit\u00e9s \u00e0 Vinaros\" \/>\n<meta property=\"og:url\" content=\"https:\/\/www.campingorangeraie.com\/fr\/camping-vinaros\/\" \/>\n<meta property=\"og:site_name\" content=\"Camping Orangeraie\" \/>\n<meta property=\"article:modified_time\" content=\"2025-02-26T10:07:46+00:00\" \/>\n<meta property=\"og:image\" content=\"https:\/\/www.campingorangeraie.com\/wp-content\/uploads\/2022\/09\/vinaros-espagne.jpg\" \/>\n\t<meta property=\"og:image:width\" content=\"1920\" \/>\n\t<meta property=\"og:image:height\" content=\"1080\" \/>\n\t<meta property=\"og:image:type\" content=\"image\/jpeg\" \/>\n<meta name=\"twitter:card\" content=\"summary_large_image\" \/>\n<meta name=\"twitter:label1\" content=\"Dur\u00e9e de lecture estim\u00e9e\" \/>\n\t<meta name=\"twitter:data1\" content=\"4 minutes\" \/>\n<script type=\"application\/ld+json\" class=\"yoast-schema-graph\">{\"@context\":\"https:\/\/schema.org\",\"@graph\":[{\"@type\":\"WebPage\",\"@id\":\"https:\/\/www.campingorangeraie.com\/fr\/camping-vinaros\/\",\"url\":\"https:\/\/www.campingorangeraie.com\/fr\/camping-vinaros\/\",\"name\":\"Camping Vinaros | Tourisme Vinaros | Activit\u00e9s \u00e0 Vinaros\",\"isPartOf\":{\"@id\":\"https:\/\/www.campingorangeraie.com\/#website\"},\"primaryImageOfPage\":{\"@id\":\"https:\/\/www.campingorangeraie.com\/fr\/camping-vinaros\/#primaryimage\"},\"image\":{\"@id\":\"https:\/\/www.campingorangeraie.com\/fr\/camping-vinaros\/#primaryimage\"},\"thumbnailUrl\":\"https:\/\/www.campingorangeraie.com\/wp-content\/uploads\/2022\/09\/vinaros-espagne.jpg\",\"datePublished\":\"2022-09-20T12:07:14+00:00\",\"dateModified\":\"2025-02-26T10:07:46+00:00\",\"breadcrumb\":{\"@id\":\"https:\/\/www.campingorangeraie.com\/fr\/camping-vinaros\/#breadcrumb\"},\"inLanguage\":\"fr-FR\",\"potentialAction\":[{\"@type\":\"ReadAction\",\"target\":[\"https:\/\/www.campingorangeraie.com\/fr\/camping-vinaros\/\"]}]},{\"@type\":\"ImageObject\",\"inLanguage\":\"fr-FR\",\"@id\":\"https:\/\/www.campingorangeraie.com\/fr\/camping-vinaros\/#primaryimage\",\"url\":\"https:\/\/www.campingorangeraie.com\/wp-content\/uploads\/2022\/09\/vinaros-espagne.jpg\",\"contentUrl\":\"https:\/\/www.campingorangeraie.com\/wp-content\/uploads\/2022\/09\/vinaros-espagne.jpg\",\"width\":1920,\"height\":1080,\"caption\":\"vinaros costa azahar espagne\"},{\"@type\":\"BreadcrumbList\",\"@id\":\"https:\/\/www.campingorangeraie.com\/fr\/camping-vinaros\/#breadcrumb\",\"itemListElement\":[{\"@type\":\"ListItem\",\"position\":1,\"name\":\"Camping Peniscola\",\"item\":\"https:\/\/www.campingorangeraie.com\/fr\/\"},{\"@type\":\"ListItem\",\"position\":2,\"name\":\"Camping proche de Vinaros\"}]},{\"@type\":\"WebSite\",\"@id\":\"https:\/\/www.campingorangeraie.com\/#website\",\"url\":\"https:\/\/www.campingorangeraie.com\/\",\"name\":\"Camping Orangeraie\",\"description\":\"\",\"publisher\":{\"@id\":\"https:\/\/www.campingorangeraie.com\/#organization\"},\"potentialAction\":[{\"@type\":\"SearchAction\",\"target\":{\"@type\":\"EntryPoint\",\"urlTemplate\":\"https:\/\/www.campingorangeraie.com\/?s={search_term_string}\"},\"query-input\":{\"@type\":\"PropertyValueSpecification\",\"valueRequired\":true,\"valueName\":\"search_term_string\"}}],\"inLanguage\":\"fr-FR\"},{\"@type\":\"Organization\",\"@id\":\"https:\/\/www.campingorangeraie.com\/#organization\",\"name\":\"Camping L'Orangeraie\",\"url\":\"https:\/\/www.campingorangeraie.com\/\",\"logo\":{\"@type\":\"ImageObject\",\"inLanguage\":\"fr-FR\",\"@id\":\"https:\/\/www.campingorangeraie.com\/#\/schema\/logo\/image\/\",\"url\":\"https:\/\/www.campingorangeraie.com\/wp-content\/uploads\/2022\/09\/logo_orangeraie-banner.png\",\"contentUrl\":\"https:\/\/www.campingorangeraie.com\/wp-content\/uploads\/2022\/09\/logo_orangeraie-banner.png\",\"width\":500,\"height\":500,\"caption\":\"Camping L'Orangeraie\"},\"image\":{\"@id\":\"https:\/\/www.campingorangeraie.com\/#\/schema\/logo\/image\/\"}}]}<\/script>\n<!-- \/ Yoast SEO plugin. -->","yoast_head_json":{"title":"Camping Vinaros | Tourisme Vinaros | Activit\u00e9s \u00e0 Vinaros","robots":{"index":"index","follow":"follow","max-snippet":"max-snippet:-1","max-image-preview":"max-image-preview:large","max-video-preview":"max-video-preview:-1"},"canonical":"https:\/\/www.campingorangeraie.com\/fr\/camping-vinaros\/","og_locale":"fr_FR","og_type":"article","og_title":"Camping Vinaros | Tourisme Vinaros | Activit\u00e9s \u00e0 Vinaros","og_url":"https:\/\/www.campingorangeraie.com\/fr\/camping-vinaros\/","og_site_name":"Camping Orangeraie","article_modified_time":"2025-02-26T10:07:46+00:00","og_image":[{"width":1920,"height":1080,"url":"https:\/\/www.campingorangeraie.com\/wp-content\/uploads\/2022\/09\/vinaros-espagne.jpg","type":"image\/jpeg"}],"twitter_card":"summary_large_image","twitter_misc":{"Dur\u00e9e de lecture estim\u00e9e":"4 minutes"},"schema":{"@context":"https:\/\/schema.org","@graph":[{"@type":"WebPage","@id":"https:\/\/www.campingorangeraie.com\/fr\/camping-vinaros\/","url":"https:\/\/www.campingorangeraie.com\/fr\/camping-vinaros\/","name":"Camping Vinaros | Tourisme Vinaros | Activit\u00e9s \u00e0 Vinaros","isPartOf":{"@id":"https:\/\/www.campingorangeraie.com\/#website"},"primaryImageOfPage":{"@id":"https:\/\/www.campingorangeraie.com\/fr\/camping-vinaros\/#primaryimage"},"image":{"@id":"https:\/\/www.campingorangeraie.com\/fr\/camping-vinaros\/#primaryimage"},"thumbnailUrl":"https:\/\/www.campingorangeraie.com\/wp-content\/uploads\/2022\/09\/vinaros-espagne.jpg","datePublished":"2022-09-20T12:07:14+00:00","dateModified":"2025-02-26T10:07:46+00:00","breadcrumb":{"@id":"https:\/\/www.campingorangeraie.com\/fr\/camping-vinaros\/#breadcrumb"},"inLanguage":"fr-FR","potentialAction":[{"@type":"ReadAction","target":["https:\/\/www.campingorangeraie.com\/fr\/camping-vinaros\/"]}]},{"@type":"ImageObject","inLanguage":"fr-FR","@id":"https:\/\/www.campingorangeraie.com\/fr\/camping-vinaros\/#primaryimage","url":"https:\/\/www.campingorangeraie.com\/wp-content\/uploads\/2022\/09\/vinaros-espagne.jpg","contentUrl":"https:\/\/www.campingorangeraie.com\/wp-content\/uploads\/2022\/09\/vinaros-espagne.jpg","width":1920,"height":1080,"caption":"vinaros costa azahar espagne"},{"@type":"BreadcrumbList","@id":"https:\/\/www.campingorangeraie.com\/fr\/camping-vinaros\/#breadcrumb","itemListElement":[{"@type":"ListItem","position":1,"name":"Camping Peniscola","item":"https:\/\/www.campingorangeraie.com\/fr\/"},{"@type":"ListItem","position":2,"name":"Camping proche de Vinaros"}]},{"@type":"WebSite","@id":"https:\/\/www.campingorangeraie.com\/#website","url":"https:\/\/www.campingorangeraie.com\/","name":"Camping Orangeraie","description":"","publisher":{"@id":"https:\/\/www.campingorangeraie.com\/#organization"},"potentialAction":[{"@type":"SearchAction","target":{"@type":"EntryPoint","urlTemplate":"https:\/\/www.campingorangeraie.com\/?s={search_term_string}"},"query-input":{"@type":"PropertyValueSpecification","valueRequired":true,"valueName":"search_term_string"}}],"inLanguage":"fr-FR"},{"@type":"Organization","@id":"https:\/\/www.campingorangeraie.com\/#organization","name":"Camping L'Orangeraie","url":"https:\/\/www.campingorangeraie.com\/","logo":{"@type":"ImageObject","inLanguage":"fr-FR","@id":"https:\/\/www.campingorangeraie.com\/#\/schema\/logo\/image\/","url":"https:\/\/www.campingorangeraie.com\/wp-content\/uploads\/2022\/09\/logo_orangeraie-banner.png","contentUrl":"https:\/\/www.campingorangeraie.com\/wp-content\/uploads\/2022\/09\/logo_orangeraie-banner.png","width":500,"height":500,"caption":"Camping L'Orangeraie"},"image":{"@id":"https:\/\/www.campingorangeraie.com\/#\/schema\/logo\/image\/"}}]}},"_links":{"self":[{"href":"https:\/\/www.campingorangeraie.com\/fr\/wp-json\/wp\/v2\/pages\/978","targetHints":{"allow":["GET"]}}],"collection":[{"href":"https:\/\/www.campingorangeraie.com\/fr\/wp-json\/wp\/v2\/pages"}],"about":[{"href":"https:\/\/www.campingorangeraie.com\/fr\/wp-json\/wp\/v2\/types\/page"}],"author":[{"embeddable":true,"href":"https:\/\/www.campingorangeraie.com\/fr\/wp-json\/wp\/v2\/users\/1"}],"replies":[{"embeddable":true,"href":"https:\/\/www.campingorangeraie.com\/fr\/wp-json\/wp\/v2\/comments?post=978"}],"version-history":[{"count":41,"href":"https:\/\/www.campingorangeraie.com\/fr\/wp-json\/wp\/v2\/pages\/978\/revisions"}],"predecessor-version":[{"id":11689,"href":"https:\/\/www.campingorangeraie.com\/fr\/wp-json\/wp\/v2\/pages\/978\/revisions\/11689"}],"wp:featuredmedia":[{"embeddable":true,"href":"https:\/\/www.campingorangeraie.com\/fr\/wp-json\/wp\/v2\/media\/1942"}],"wp:attachment":[{"href":"https:\/\/www.campingorangeraie.com\/fr\/wp-json\/wp\/v2\/media?parent=978"}],"wp:term":[{"taxonomy":"sujet","embeddable":true,"href":"https:\/\/www.campingorangeraie.com\/fr\/wp-json\/wp\/v2\/sujet?post=978"}],"curies":[{"name":"wp","href":"https:\/\/api.w.org\/{rel}","templated":true}]}}