{"id":966,"date":"2022-09-20T13:46:37","date_gmt":"2022-09-20T11:46:37","guid":{"rendered":"https:\/\/www.campingorangeraie.com\/?page_id=966"},"modified":"2026-01-22T10:55:29","modified_gmt":"2026-01-22T09:55:29","slug":"camping-costa-azahar","status":"publish","type":"page","link":"https:\/\/www.campingorangeraie.com\/fr\/camping-costa-azahar\/","title":{"rendered":"La Costa Azahar"},"content":{"rendered":"<section id=\"ls-section-block_6907d122227e3c03693acf609c0b0f2e\" class=\"ls-section  page-entete animated fadeInUp delay-200ms has-p-t p-t-14\" >\n        <div class=\"container container--wide\">\n        \n\n<h1 class=\"ls__heading wp-block-heading has-text-align-left\">Visitez Costa del Azahar<\/h1>\n\n\n    <\/div>\n<\/section>\n\n<section id=\"ls-section-block_79bf0cf54a3fdf9a1ff0a65a1abf0f7d\" class=\"ls-section  page-one has-p-b p-b-14\" >\n        <div class=\"container container--wide\">\n        \n\n<div class=\"wp-block-columns is-layout-flex wp-container-core-columns-is-layout-9d6595d7 wp-block-columns-is-layout-flex\">\n<div class=\"wp-block-column is-vertically-aligned-center is-layout-flow wp-block-column-is-layout-flow\" style=\"flex-basis:66.66%\">\n<figure class=\"wp-block-gallery has-nested-images columns-default is-cropped wp-block-gallery-1 is-layout-flex wp-block-gallery-is-layout-flex\">\n<figure class=\"wp-block-image size-full animated fadeInRight delay-500ms\"><a href=\"https:\/\/www.campingorangeraie.com\/wp-content\/uploads\/2022\/09\/peniscola.jpg\"><img loading=\"lazy\" decoding=\"async\" width=\"800\" height=\"600\" data-id=\"1826\" src=\"https:\/\/www.campingorangeraie.com\/wp-content\/uploads\/2022\/09\/peniscola.jpg\" alt=\"plage peniscola\" class=\"wp-image-1826\" srcset=\"https:\/\/www.campingorangeraie.com\/wp-content\/uploads\/2022\/09\/peniscola.jpg 800w, https:\/\/www.campingorangeraie.com\/wp-content\/uploads\/2022\/09\/peniscola-300x225.jpg 300w, https:\/\/www.campingorangeraie.com\/wp-content\/uploads\/2022\/09\/peniscola-768x576.jpg 768w\" sizes=\"auto, (max-width: 800px) 100vw, 800px\" \/><\/a><\/figure>\n\n\n\n<figure class=\"wp-block-image size-full animated fadeInLeft delay-500ms\"><a href=\"https:\/\/www.campingorangeraie.com\/wp-content\/uploads\/2022\/09\/costa-azahar-plage-de-gale-crique.jpg\"><img loading=\"lazy\" decoding=\"async\" width=\"800\" height=\"600\" data-id=\"1919\" src=\"https:\/\/www.campingorangeraie.com\/wp-content\/uploads\/2022\/09\/costa-azahar-plage-de-gale-crique.jpg\" alt=\"plage galet costa azahar\" class=\"wp-image-1919\" srcset=\"https:\/\/www.campingorangeraie.com\/wp-content\/uploads\/2022\/09\/costa-azahar-plage-de-gale-crique.jpg 800w, https:\/\/www.campingorangeraie.com\/wp-content\/uploads\/2022\/09\/costa-azahar-plage-de-gale-crique-300x225.jpg 300w, https:\/\/www.campingorangeraie.com\/wp-content\/uploads\/2022\/09\/costa-azahar-plage-de-gale-crique-768x576.jpg 768w\" sizes=\"auto, (max-width: 800px) 100vw, 800px\" \/><\/a><\/figure>\n<\/figure>\n<\/div>\n\n\n\n<div class=\"wp-block-column is-vertically-aligned-center is-layout-flow wp-block-column-is-layout-flow\" style=\"flex-basis:33.33%\">\n<h2 class=\"ls__heading wp-block-heading\">Les plus belles plages \u00e0 la Costa del Azahar<\/h2>\n\n\n\n<p class=\"ls-paragraph\">Incontournables du tourisme sur la Costa Azahar, les plages sont la promesse de belles journ\u00e9es de d\u00e9tente et de loisirs lors de vos vacances au <a href=\"\/fr\/\">camping de L\u2019Orangeraie<\/a>. Tout autour de vous, \u00e0 moins de 10 km du camping, d\u00e9couvrez les charmes contrast\u00e9s de la plage urbaine de Pe\u00f1\u00edscola, de la plage sauvage de la Romana prot\u00e9g\u00e9e par les dunes, ou de la tr\u00e8s anim\u00e9e plage el Gurug\u00fa \u00e0 Castell\u00f3n.<\/p>\n\n\n\n<p class=\"ls-paragraph\">Vous avez la chance, sur une bande littorale de 20km, de b\u00e9n\u00e9ficier d\u2019une vari\u00e9t\u00e9 de plages aux caract\u00e9ristiques tr\u00e8s diff\u00e9rentes. \u00c0 Vinar\u00f2s alternent de belles plages de sable fin en bordure du pas\u00e9o maritime avec \u00e0 contrario, de chaque c\u00f4t\u00e9 de la ville des criques enclav\u00e9es dans des petites failles rocheuses. Benicarl\u00f3 est bord\u00e9 de tr\u00e8s grandes plages de galets. Pe\u00f1\u00edscola est \u00e0 l\u2019identique, mais avec de tr\u00e8s grandes plages\u2026 de sable fin.<\/p>\n\n\n\n<p class=\"ls-paragraph\">Toutes ces plages sont baign\u00e9es en saison estivale d\u2019une eau dont la temp\u00e9rature oscille entre 28 et 30 degr\u00e9s. Vous y trouverez tous les contrastes de la m\u00e9diterran\u00e9e, et des levers du soleil \u00e0 vous couper le souffle. Chacun pourra ainsi \u00e9lire sa plus belle plage dans un univers de diversit\u00e9. Profitez aussi des soir\u00e9es tapas \u00e0 la pleine lune sur votre plage de pr\u00e9dilection.<\/p>\n<\/div>\n<\/div>\n\n\n    <\/div>\n<\/section>\n\n<section id=\"ls-section-block_87b2e7972298ff6807d814fa4eb3c878\" class=\"ls-section  page-two petal-left has-background has-color-3-background-color has-p-t p-t-14 has-p-b p-b-14\" >\n        <div class=\"container container--wide\">\n        \n\n<div class=\"wp-block-columns is-layout-flex wp-container-core-columns-is-layout-9d6595d7 wp-block-columns-is-layout-flex\">\n<div class=\"wp-block-column is-vertically-aligned-center is-layout-flow wp-block-column-is-layout-flow\" style=\"flex-basis:33.33%\">\n<h2 class=\"ls__heading wp-block-heading\">Les lieux \u00e0 visiter \u00e0 la Costa Azahar<\/h2>\n\n\n\n<h3 class=\"ls__heading wp-block-heading\">D\u00e9couvrez la Cooperativa Agr\u00edcola La Uni\u00f3n<\/h3>\n\n\n\n<p class=\"ls-paragraph\">Fond\u00e9e en 1979 par des viticulteurs et ol\u00e9iculteurs de la Costa Azahar, <a href=\"https:\/\/cooperativalaunion.com\/\" target=\"_blank\" rel=\"noreferrer noopener nofollow\">la Cooperativa Agr\u00edcola La Uni\u00f3n<\/a> est le lieu parfait pour se fournir en produits de qualit\u00e9 : vins blancs, vins rouges et huile d\u2019olive. Le camping de l\u2019Orangeraie est id\u00e9alement situ\u00e9 pour visiter la coop\u00e9rative et d\u00e9couvrir les produits de l\u2019agriculture locale.<\/p>\n\n\n\n<h3 class=\"ls__heading wp-block-heading\">C\u00e0lig<\/h3>\n\n\n\n<p class=\"ls-paragraph\">Comment ne pas commencer par le village qui nous h\u00e9berge. C\u00e0lig&nbsp;, premier village de l\u2019arri\u00e8re pays, administr\u00e9 par une femme (qui dit que le monde rural est arri\u00e9r\u00e9!), une bonne le\u00e7on aux pens\u00e9es pr\u00e9\u00e9tablies.&nbsp;<\/p>\n\n\n\n<p class=\"ls-paragraph\">Ernestina, comme l\u2019appellent affectueusement ses administr\u00e9s, est tr\u00e8s dynamique et constitue un \u00e9l\u00e9ment moteur du d\u00e9veloppement de C\u00e0lig. Le village a mis en valeur son patrimoine du 13\u00e8me si\u00e8cle, tour et \u00e9glise. Il dispose d\u2019une grande piscine municipale et de multiples jeux pour enfants.<\/p>\n\n\n\n<p class=\"ls-paragraph\">Le point d\u2019orgue est constitu\u00e9 par les f\u00eates du village (5 au 15 ao\u00fbt) ou le taureau est roi, les traditions magnifi\u00e9es, et la qualit\u00e9 des concerts sont bluffante pour un village de 2000 habitants. N\u2019oubliez pas ses petits commerces qui vous apporteront tout ce dont vous avez besoin, avec le sourire et la qui\u00e9tude des gens de la campagne.<\/p>\n\n\n\n<h2 class=\"ls__heading wp-block-heading has-text-align-center\">Visiter Castellon<\/h2>\n\n\n\n<p class=\"ls-paragraph has-text-align-center\">R\u00e9gion parmi les plus montagneuses d\u2019Espagne, <a href=\"https:\/\/www.turismodecastellon.com\/fr\/\" target=\"_blank\" rel=\"noreferrer noopener nofollow\"><mark style=\"background-color:rgba(0, 0, 0, 0)\" class=\"has-inline-color has-color-white-color\">Castell\u00f3n<\/mark><\/a> est une importante destination touristique en Costa Azahar, qui permet d\u2019allier loisirs baln\u00e9aires et activit\u00e9s de plein air vari\u00e9es.<\/p>\n\n\n\n<p class=\"ls-paragraph has-text-align-center\">Sous pr\u00e9fecture de la r\u00e9gion <a href=\"https:\/\/www.turismodecastellon.com\/fr\/\" target=\"_blank\" rel=\"noreferrer noopener nofollow\"><mark style=\"background-color:rgba(0, 0, 0, 0)\" class=\"has-inline-color has-color-white-color\">Castell\u00f3n<\/mark><\/a> vaut par ses alentours et sa station de Benicassim ou vous trouverez un grand complexe de jeux aquatiques. Le c\u0153ur de ville avec ses halles constitue le centre de vie et vous y trouverez multitude de petits restaurants au charme Espagnol et d\u2019\u00e9choppes.<\/p>\n\n\n\n<p class=\"ls-paragraph has-text-align-center\">Lors de votre s\u00e9jour au camping de l\u2019Orangeraie, d\u00e9couvrez Castell\u00f3n de la Plana, ses plages, ses circuits VTT, ses richesses architecturales et sa culture gastronomique.<\/p>\n<\/div>\n\n\n\n<div class=\"wp-block-column is-vertically-aligned-center is-layout-flow wp-block-column-is-layout-flow\" style=\"flex-basis:66.66%\">\n<figure class=\"wp-block-gallery has-nested-images columns-default is-cropped wp-block-gallery-2 is-layout-flex wp-block-gallery-is-layout-flex\">\n<figure class=\"wp-block-image size-full animated fadeInLeft delay-200ms\"><a href=\"https:\/\/www.campingorangeraie.com\/wp-content\/uploads\/2022\/09\/vin.jpg\"><img loading=\"lazy\" decoding=\"async\" width=\"800\" height=\"600\" data-id=\"1837\" src=\"https:\/\/www.campingorangeraie.com\/wp-content\/uploads\/2022\/09\/vin.jpg\" alt=\"vin vignoble huile d'olive calig\" class=\"wp-image-1837\" srcset=\"https:\/\/www.campingorangeraie.com\/wp-content\/uploads\/2022\/09\/vin.jpg 800w, https:\/\/www.campingorangeraie.com\/wp-content\/uploads\/2022\/09\/vin-300x225.jpg 300w, https:\/\/www.campingorangeraie.com\/wp-content\/uploads\/2022\/09\/vin-768x576.jpg 768w\" sizes=\"auto, (max-width: 800px) 100vw, 800px\" \/><\/a><\/figure>\n\n\n\n<figure class=\"wp-block-image size-full animated fadeInRight delay-200ms\"><a href=\"https:\/\/www.campingorangeraie.com\/wp-content\/uploads\/2022\/09\/toro-fete-calig.jpg\"><img loading=\"lazy\" decoding=\"async\" width=\"800\" height=\"600\" data-id=\"1842\" src=\"https:\/\/www.campingorangeraie.com\/wp-content\/uploads\/2022\/09\/toro-fete-calig.jpg\" alt=\"toro fete calig\" class=\"wp-image-1842\" srcset=\"https:\/\/www.campingorangeraie.com\/wp-content\/uploads\/2022\/09\/toro-fete-calig.jpg 800w, https:\/\/www.campingorangeraie.com\/wp-content\/uploads\/2022\/09\/toro-fete-calig-300x225.jpg 300w, https:\/\/www.campingorangeraie.com\/wp-content\/uploads\/2022\/09\/toro-fete-calig-768x576.jpg 768w\" sizes=\"auto, (max-width: 800px) 100vw, 800px\" \/><\/a><\/figure>\n<\/figure>\n<\/div>\n<\/div>\n\n\n    <\/div>\n<\/section>\n\n<section id=\"ls-section-block_8405b93fab5cf3bd6df6dae29cb484cb\" class=\"ls-section  page-parallax with-page-under  has-background-image has-parallax has-background has-color-2-background-color has-p-t p-t-30 has-p-b p-b-30\" >\n    <div class=\"ls-section__background-image opacity-70\"><img decoding=\"async\" src=\"https:\/\/www.campingorangeraie.com\/wp-content\/uploads\/2022\/09\/castellon-1.jpg\" alt=\"castellon\"><\/div>    <div class=\"container container--wide\">\n        \n\n<h2 class=\"ls__heading wp-block-heading has-text-align-center\"><\/h2>\n\n\n    <\/div>\n<\/section>\n\n<section id=\"ls-section-block_026e2033781842db7e03f8cddf291bd3\" class=\"ls-section  page-under-parallax animated fadeInUp has-background has-color-white-background-color has-p-t p-t-1 has-p-b p-b-14\" >\n        <div class=\"container \">\n        \n\n<h2 class=\"ls__heading wp-block-heading has-text-align-center\">Le Parc Naturel de la Tinen\u00e7a de Benifass\u00e0<\/h2>\n\n\n\n<p class=\"ls-paragraph has-text-align-center\">Magnifique. Un autre univers, un autre environnement. Une sensation de moyenne montagne au milieu des pins et un lac \u00e0 l\u2019eau turquoise.<\/p>\n\n\n\n<p class=\"ls-paragraph has-text-align-center\">Profitez de votre s\u00e9jour au camping de L\u2019Orangeraie pour d\u00e9couvrir les paysages pr\u00e9serv\u00e9s du <a href=\"https:\/\/parquesnaturales.gva.es\/va\/web\/pn-tinenca-de-benifassa\" target=\"_blank\" rel=\"noreferrer noopener nofollow\">Parc Naturel de la Tinen\u00e7a de Benifass\u00e0<\/a>. Il abrite les plus grandes cascades de la r\u00e9gion ainsi qu\u2019une faune tr\u00e8s abondante. Le Parc Naturel rec\u00e8le d\u2019autres tr\u00e9sors, comme la grotte orn\u00e9e dels Rossegadors et les vestiges du village ib\u00e9rique du Ballestar.<\/p>\n\n\n\n<p class=\"ls-paragraph has-text-align-center\">Vous y trouverez des sentiers de randonn\u00e9e, mais aussi des activit\u00e9s aquatiques (p\u00e9dalo, paddle). Formidable lieu pour piquenique aussi, et bord\u00e9 de restaurants sympas. Vraiment une belle alternative \u00e0 la mer et un sacr\u00e9 contraste.<\/p>\n\n\n\n<h2 class=\"ls__heading wp-block-heading has-text-align-center\">Le Parc naturel de La Sierra d\u2019Irta Benicarl\u00f3-Pe\u00f1\u00edscola<\/h2>\n\n\n\n<p class=\"ls-paragraph has-text-align-center\">Juste apr\u00e8s Pe\u00f1\u00edscola, vous pouvez d\u00e9couvrir Le Parc naturel de La Sierra d\u2019Irta Benicarl\u00f3-Pe\u00f1\u00edscola, site naturel magnifique avec des vues de carte postales. Il est sans doute un des coins de la c\u00f4te Espagnole le mieux pr\u00e9serv\u00e9.<\/p>\n\n\n    <\/div>\n<\/section>\n\n<section id=\"ls-section-block_dba46a0496b9d396cff210a01de927ed\" class=\"ls-section  page-one has-background has-color-3-background-color has-p-b p-b-14\" >\n        <div class=\"container container--wide\">\n        \n\n<div class=\"wp-block-columns has-color-3-background-color has-background is-layout-flex wp-container-core-columns-is-layout-9d6595d7 wp-block-columns-is-layout-flex\">\n<div class=\"wp-block-column is-vertically-aligned-center is-layout-flow wp-block-column-is-layout-flow\" style=\"flex-basis:66.66%\">\n<figure class=\"wp-block-gallery has-nested-images columns-default is-cropped wp-block-gallery-3 is-layout-flex wp-block-gallery-is-layout-flex\">\n<figure class=\"wp-block-image size-full animated fadeInRight delay-500ms\"><a href=\"https:\/\/www.campingorangeraie.com\/wp-content\/uploads\/2022\/09\/san-mateu-castellon.jpg\"><img loading=\"lazy\" decoding=\"async\" width=\"800\" height=\"600\" data-id=\"1864\" src=\"https:\/\/www.campingorangeraie.com\/wp-content\/uploads\/2022\/09\/san-mateu-castellon.jpg\" alt=\"san mateu castellon\" class=\"wp-image-1864\" srcset=\"https:\/\/www.campingorangeraie.com\/wp-content\/uploads\/2022\/09\/san-mateu-castellon.jpg 800w, https:\/\/www.campingorangeraie.com\/wp-content\/uploads\/2022\/09\/san-mateu-castellon-300x225.jpg 300w, https:\/\/www.campingorangeraie.com\/wp-content\/uploads\/2022\/09\/san-mateu-castellon-768x576.jpg 768w\" sizes=\"auto, (max-width: 800px) 100vw, 800px\" \/><\/a><\/figure>\n\n\n\n<figure class=\"wp-block-image size-full animated fadeInLeft delay-500ms\"><a href=\"https:\/\/www.campingorangeraie.com\/wp-content\/uploads\/2022\/09\/olive-castellon.jpg\"><img loading=\"lazy\" decoding=\"async\" width=\"800\" height=\"600\" data-id=\"1869\" src=\"https:\/\/www.campingorangeraie.com\/wp-content\/uploads\/2022\/09\/olive-castellon.jpg\" alt=\"olive castellon calig\" class=\"wp-image-1869\" srcset=\"https:\/\/www.campingorangeraie.com\/wp-content\/uploads\/2022\/09\/olive-castellon.jpg 800w, https:\/\/www.campingorangeraie.com\/wp-content\/uploads\/2022\/09\/olive-castellon-300x225.jpg 300w, https:\/\/www.campingorangeraie.com\/wp-content\/uploads\/2022\/09\/olive-castellon-768x576.jpg 768w\" sizes=\"auto, (max-width: 800px) 100vw, 800px\" \/><\/a><\/figure>\n<\/figure>\n<\/div>\n\n\n\n<div class=\"wp-block-column is-vertically-aligned-center is-layout-flow wp-block-column-is-layout-flow\" style=\"flex-basis:33.33%\">\n<h3 class=\"ls__heading wp-block-heading\">Visiter Sant Mateu<\/h3>\n\n\n\n<p class=\"ls-paragraph\">Au nord du Castell\u00f3n pr\u00e8s du camping de L\u2019Orangeraie, <a href=\"https:\/\/www.spain.info\/fr\/destination\/sant-mateu\/\" target=\"_blank\" rel=\"noreferrer noopener nofollow\">Sant Mateu<\/a> est une cit\u00e9 charg\u00e9e d\u2019Histoire qui regorge de palais, de demeures seigneuriales et de monuments religieux romans et gothiques. La tour hexagonale de l\u2019\u00e9glise archi presbyt\u00e9rale, embl\u00e9matique de la cit\u00e9, est le point de d\u00e9part de balades \u00e0 la d\u00e9couverte des mus\u00e9es et d\u2019autres monuments remarquables, comme le couvent des Augustines.<\/p>\n\n\n\n<p class=\"ls-paragraph\">Cette ancienne cit\u00e9 de templiers est tr\u00e8s bien conserv\u00e9e et surplomb\u00e9e par l\u2019Hermita des Anges. Surtout \u00e0 ne pas manquer un ap\u00e9ro tapas sur son envo\u00fbtante place m\u00e9di\u00e9vale.<\/p>\n\n\n\n<p class=\"ls-paragraph\">Anim\u00e9 toute l\u2019ann\u00e9e, ne manquez pas de visiter son \u00e9glise, et ses petites rues.<\/p>\n\n\n\n<h3 class=\"ls__heading wp-block-heading\">Les oliviers mill\u00e9naires de C\u00e0lig<\/h3>\n\n\n\n<p class=\"ls-paragraph\">Vous \u00eates dans la r\u00e9gion ou l\u2019on trouve les plus vieux oliviers d\u2019Espagne\u2026 d\u2019ailleurs la route menant de San Jordi \u00e0 Cervera (villages les plus proches de C\u00e0lig) s\u2019appelle route des oliviers mill\u00e9naires. Le territoire de ces 2 villages, celui de C\u00e0lig, La Jana, et San Mateu, sont l\u2019\u00e9picentre des oliviers Mill\u00e9naires. Votre camping l\u2019Orangeraie en compte 3 dans son parc<\/p>\n\n\n\n<p class=\"ls-paragraph\">C\u2019est donc une destination id\u00e9ale pour d\u00e9couvrir les oliviers mill\u00e9naires de C\u00e0lig. Incontournables du tourisme sur la Costa Azahar, ces deux oliviers monumentaux peuvent \u00eatre admir\u00e9s \u00e0 2 km du camping : l\u2019occasion d\u2019une belle promenade entre le village de C\u00e0lig et l\u2019ermitage de Socors.<\/p>\n<\/div>\n<\/div>\n\n\n    <\/div>\n<\/section>\n\n<section id=\"ls-section-block_45a264565de99433b2e2d1db50c69c9e\" class=\"ls-section  page-two petal-left has-background has-color-white-background-color has-p-t p-t-14 has-p-b p-b-14\" >\n        <div class=\"container container--wide\">\n        \n\n<div class=\"wp-block-columns is-layout-flex wp-container-core-columns-is-layout-9d6595d7 wp-block-columns-is-layout-flex\">\n<div class=\"wp-block-column is-vertically-aligned-center is-layout-flow wp-block-column-is-layout-flow\" style=\"flex-basis:33.33%\">\n<h3 class=\"ls__heading wp-block-heading\">Ermita Mare De Deu Del Socors de C\u00c0LIG<\/h3>\n\n\n\n<p class=\"ls-paragraph\">\u00c0 1500 m du camping de l\u2019Orangeraie, l\u2019Ermita Mare De D\u00e9u Del Socors est l\u2019un des sites immanquables du tourisme sur la Costa Azahar. Connu sous le nom d\u2019Ermita d\u2019El Socors, l\u2019\u00e9difice du 18e si\u00e8cle charrie de nombreuses l\u00e9gendes. Perch\u00e9 sur le col de Les Forques, il fait aussi l\u2019objet de belles balades.<\/p>\n\n\n\n<p class=\"ls-paragraph\">Il s\u2019agit d\u2019une chapelle que l\u2019on trouve \u00e0 la sortie du village apr\u00e8s le cimeti\u00e8re en direction de l&rsquo;arri\u00e8re-pays. Elle est pour les gens du village un haut lieu. Toutes les processions et les f\u00eates&nbsp; y sont c\u00e9l\u00e9br\u00e9es. Elle a supplant\u00e9 l\u2019\u00e9glise du 13\u00e8me si\u00e8cle qui se trouve au c\u0153ur du village.<\/p>\n\n\n\n<h3 class=\"ls__heading wp-block-heading\">Gare de Benicarl\u00f3-Pe\u00f1\u00edscola<\/h3>\n\n\n\n<p class=\"ls-paragraph\">\u00c0 seulement 12 minutes du camping de L\u2019Orangeraie, la gare de Benicarl\u00f3-Pe\u00f1\u00edscola vous permet de venir en train sur votre lieu de vacances, mais aussi de visiter d\u2019autres r\u00e9gions d\u2019Espagne durant votre s\u00e9jour sur la Costa Azahar, notamment Valence, Barcelone et S\u00e9ville.<\/p>\n\n\n\n<p class=\"ls-paragraph\">La gare train, direction Barcelone ou Valencia, se trouve sur l\u2019axe direct menant du camping \u00e0 Benicarl\u00f3, distance 7 km.<\/p>\n\n\n\n<h2 class=\"ls__heading wp-block-heading has-text-align-center\">Sortie \u00e0 C\u00e1lig<\/h2>\n\n\n\n<p class=\"ls-paragraph has-text-align-center\">Pour un ap\u00e9ro, quelques tapas couleur locale dans le c\u0153ur et l\u2019esprit du village, sur la place de la mairie, allez visiter le bar l\u2019Olympia. Cette famille adorable, la maman et les deux s\u0153urs seront au top pour vous accueillir. Ambiance garantie pendant les f\u00eates du village du 5 au 15 ao\u00fbt!<\/p>\n\n\n\n<p class=\"ls-paragraph has-text-align-center\">Pour un repas traditionnel, aux saveurs locales ne manquez pas Arayo, personnage haut en couleur.<\/p>\n\n\n\n<p class=\"ls-paragraph has-text-align-center\">Pour ceux qui voudront s\u2019\u00e9vader la pizzeria VILLA CALIG vous attend <\/p>\n\n\n\n<p class=\"ls-paragraph has-text-align-center\">&#8230;et en fouillant vous trouverez d\u2019autres petits commerces sympas.<\/p>\n<\/div>\n\n\n\n<div class=\"wp-block-column is-vertically-aligned-center is-layout-flow wp-block-column-is-layout-flow\" style=\"flex-basis:66.66%\">\n<figure class=\"wp-block-gallery has-nested-images columns-default is-cropped wp-block-gallery-4 is-layout-flex wp-block-gallery-is-layout-flex\">\n<figure class=\"wp-block-image size-full animated fadeInLeft delay-200ms\"><a href=\"https:\/\/www.campingorangeraie.com\/wp-content\/uploads\/2022\/09\/plage-vinaros-castellon-1.jpg\"><img loading=\"lazy\" decoding=\"async\" width=\"800\" height=\"600\" data-id=\"2003\" src=\"https:\/\/www.campingorangeraie.com\/wp-content\/uploads\/2022\/09\/plage-vinaros-castellon-1.jpg\" alt=\"plage costa azahar\n\" class=\"wp-image-2003\" srcset=\"https:\/\/www.campingorangeraie.com\/wp-content\/uploads\/2022\/09\/plage-vinaros-castellon-1.jpg 800w, https:\/\/www.campingorangeraie.com\/wp-content\/uploads\/2022\/09\/plage-vinaros-castellon-1-300x225.jpg 300w, https:\/\/www.campingorangeraie.com\/wp-content\/uploads\/2022\/09\/plage-vinaros-castellon-1-768x576.jpg 768w\" sizes=\"auto, (max-width: 800px) 100vw, 800px\" \/><\/a><\/figure>\n\n\n\n<figure class=\"wp-block-image size-full animated fadeInRight delay-200ms\"><a href=\"https:\/\/www.campingorangeraie.com\/wp-content\/uploads\/2022\/09\/gare-benidorme-peniscola.jpg\"><img loading=\"lazy\" decoding=\"async\" width=\"800\" height=\"600\" data-id=\"1906\" src=\"https:\/\/www.campingorangeraie.com\/wp-content\/uploads\/2022\/09\/gare-benidorme-peniscola.jpg\" alt=\"gare benicarlo\" class=\"wp-image-1906\" srcset=\"https:\/\/www.campingorangeraie.com\/wp-content\/uploads\/2022\/09\/gare-benidorme-peniscola.jpg 800w, https:\/\/www.campingorangeraie.com\/wp-content\/uploads\/2022\/09\/gare-benidorme-peniscola-300x225.jpg 300w, https:\/\/www.campingorangeraie.com\/wp-content\/uploads\/2022\/09\/gare-benidorme-peniscola-768x576.jpg 768w\" sizes=\"auto, (max-width: 800px) 100vw, 800px\" \/><\/a><\/figure>\n<\/figure>\n<\/div>\n<\/div>\n\n\n    <\/div>\n<\/section>\n\n<section id=\"ls-section-block_2334b07a9c7db6685fe005744bf78d0d\" class=\"ls-section  page-parallax with-page-under  has-background-image has-parallax has-background has-color-2-background-color has-p-t p-t-30 has-p-b p-b-30\" >\n    <div class=\"ls-section__background-image opacity-56\"><img decoding=\"async\" src=\"https:\/\/www.campingorangeraie.com\/wp-content\/uploads\/2022\/09\/tapas-espagne-calig.jpg\" alt=\"tapas espagne calig\"><\/div>    <div class=\"container container--wide\">\n        \n\n<h2 class=\"ls__heading wp-block-heading has-text-align-center\"><\/h2>\n\n\n    <\/div>\n<\/section>\n\n<section id=\"ls-section-block_026e2033781842db7e03f8cddf291bd3\" class=\"ls-section  page-under-parallax animated fadeInUp has-background has-color-white-background-color has-p-t p-t-1 has-p-b p-b-14\" >\n        <div class=\"container \">\n        \n\n<h2 class=\"ls__heading wp-block-heading has-text-align-center\">Restaurant Casa Arayo \u00e0 C\u00e0lig<\/h2>\n\n\n\n<p class=\"ls-paragraph has-text-align-center\">\u00c0 seulement 1000 m\u00e8tres du camping L\u2019Orangeraie, le restaurant Casa Arayo vous accueille dans un d\u00e9cor pittoresque pour vous servir une cuisine typiquement espagnole. L\u2019occasion de d\u00e9guster des plats familiaux incontournables comme les gambas au brandy, les rabas de calamar, le supr\u00eame de saumon au miel d\u2019Azahar.<\/p>\n\n\n\n<h2 class=\"ls__heading wp-block-heading has-text-align-center\">D\u00e9couvrez Morella<\/h2>\n\n\n\n<p class=\"ls-paragraph has-text-align-center\">Destination id\u00e9ale pour d\u00e9couvrir Morella, le camping de l\u2019Orangeraie est situ\u00e9 \u00e0 seulement 50 KM , destination incontournable de tourisme sur la Costa Azahar. Parmi les plus belles cit\u00e9s perch\u00e9es du pays, Morella est enti\u00e8rement ceinte de murailles qui rec\u00e8lent un patrimoine architectural unique des 15e et 16e si\u00e8cles.<\/p>\n\n\n\n<p class=\"ls-paragraph has-text-align-center\">Morella \u00e0 50km dans l\u2019arri\u00e8re pays est un \u201cnid d\u2019aigle\u201d fortifi\u00e9 situ\u00e9 \u00e0 1000M d\u2019altitude. L\u2019arriv\u00e9e, et la vue vers la ville est saisissante. C\u2019est aussi un ancien haut lieu des templiers. La ville est parfaitement conserv\u00e9e, et on fait un petit bond dans l\u2019histoire. On y trouve d\u2019excellents restaurants, les rues sont pittoresques et les vues des remparts magnifiques.<\/p>\n\n\n    <\/div>\n<\/section>\n\n<section id=\"ls-section-block_dba46a0496b9d396cff210a01de927ed\" class=\"ls-section  page-one has-background has-color-3-background-color has-p-b p-b-14\" >\n        <div class=\"container container--wide\">\n        \n\n<div class=\"wp-block-columns has-color-3-background-color has-background is-layout-flex wp-container-core-columns-is-layout-9d6595d7 wp-block-columns-is-layout-flex\">\n<div class=\"wp-block-column is-vertically-aligned-center is-layout-flow wp-block-column-is-layout-flow\" style=\"flex-basis:66.66%\">\n<figure class=\"wp-block-gallery has-nested-images columns-default is-cropped wp-block-gallery-5 is-layout-flex wp-block-gallery-is-layout-flex\">\n<figure class=\"wp-block-image size-full animated fadeInRight delay-500ms\"><a href=\"https:\/\/www.campingorangeraie.com\/wp-content\/uploads\/2022\/09\/parc-naturel-delta-de-lebre.jpg\"><img loading=\"lazy\" decoding=\"async\" width=\"800\" height=\"600\" data-id=\"1879\" src=\"https:\/\/www.campingorangeraie.com\/wp-content\/uploads\/2022\/09\/parc-naturel-delta-de-lebre.jpg\" alt=\"parc naturel du delta de l'ebre proche camping\" class=\"wp-image-1879\" srcset=\"https:\/\/www.campingorangeraie.com\/wp-content\/uploads\/2022\/09\/parc-naturel-delta-de-lebre.jpg 800w, https:\/\/www.campingorangeraie.com\/wp-content\/uploads\/2022\/09\/parc-naturel-delta-de-lebre-300x225.jpg 300w, https:\/\/www.campingorangeraie.com\/wp-content\/uploads\/2022\/09\/parc-naturel-delta-de-lebre-768x576.jpg 768w\" sizes=\"auto, (max-width: 800px) 100vw, 800px\" \/><\/a><\/figure>\n\n\n\n<figure class=\"wp-block-image size-full animated fadeInLeft delay-500ms\"><a href=\"https:\/\/www.campingorangeraie.com\/wp-content\/uploads\/2022\/09\/plage-peniscola.jpg\"><img loading=\"lazy\" decoding=\"async\" width=\"800\" height=\"600\" data-id=\"1831\" src=\"https:\/\/www.campingorangeraie.com\/wp-content\/uploads\/2022\/09\/plage-peniscola.jpg\" alt=\"peniscola vue plage\" class=\"wp-image-1831\" srcset=\"https:\/\/www.campingorangeraie.com\/wp-content\/uploads\/2022\/09\/plage-peniscola.jpg 800w, https:\/\/www.campingorangeraie.com\/wp-content\/uploads\/2022\/09\/plage-peniscola-300x225.jpg 300w, https:\/\/www.campingorangeraie.com\/wp-content\/uploads\/2022\/09\/plage-peniscola-768x576.jpg 768w\" sizes=\"auto, (max-width: 800px) 100vw, 800px\" \/><\/a><\/figure>\n<\/figure>\n<\/div>\n\n\n\n<div class=\"wp-block-column is-vertically-aligned-center is-layout-flow wp-block-column-is-layout-flow\" style=\"flex-basis:33.33%\">\n<h3 class=\"ls__heading wp-block-heading\">Parc naturel du Delta de l\u2019\u00c8bre<\/h3>\n\n\n\n<p class=\"ls-paragraph\">45 km \u00e0 l\u2019\u00e9cart des circuits touristiques, vous pourrez visiter le parc naturel du <a href=\"https:\/\/terresdelebre.travel\/fr\/que-fer\/espais-naturals\/parc-natural-del-delta-de-lebre\" target=\"_blank\" rel=\"noreferrer noopener nofollow\">Delta de l\u2019Ebre<\/a> form\u00e9 de lagunes et de rizi\u00e8res. Un paysage d\u2019une grande richesse biologique qui r\u00e9unit une diversit\u00e9 de faune et de flore, une grande r\u00e9serve pour la protection des oiseaux.<\/p>\n\n\n\n<h3 class=\"ls__heading wp-block-heading\">Pe\u00f1\u00edscola<\/h3>\n\n\n\n<p class=\"ls-paragraph\">\u00c0 13 km se trouve <a href=\"https:\/\/www.spain.info\/fr\/destination\/peniscola\/\" target=\"_blank\" rel=\"noreferrer noopener nofollow\">Pe\u00f1\u00edscola<\/a> site historique avec son ch\u00e2teau et sa vieille ville, troisi\u00e8me Cit\u00e9 des Papes apr\u00e8s Rome et Avignon. Pe\u00f1\u00edscola poss\u00e8de une belle promenade en bord de mer plant\u00e9e de palmiers. C\u2019est aussi une ville baln\u00e9aire tr\u00e8s anim\u00e9e durant l\u2019\u00e9t\u00e9. F\u00eates nocturnes assur\u00e9es. Sur le rocher, et autour du ch\u00e2teau, les petites rues bord\u00e9es de maisons au blanc immacul\u00e9 grouillent de vie, d\u2019\u00e9choppes et de restaurants.<\/p>\n\n\n\n<h3 class=\"ls__heading wp-block-heading\">Benicarl\u00f3<\/h3>\n\n\n\n<p class=\"ls-paragraph\">\u00c0 7 km, se trouve Benicarl\u00f3 avec son port de p\u00eache, de plaisance et ses plages.<\/p>\n<\/div>\n<\/div>\n\n\n    <\/div>\n<\/section>\n\n<section id=\"ls-section-block_79bf0cf54a3fdf9a1ff0a65a1abf0f7d\" class=\"ls-section  page-one has-p-b p-b-14\" >\n        <div class=\"container container--wide\">\n        \n\n<div class=\"wp-block-columns is-layout-flex wp-container-core-columns-is-layout-9d6595d7 wp-block-columns-is-layout-flex\">\n<div class=\"wp-block-column is-vertically-aligned-center is-layout-flow wp-block-column-is-layout-flow\" style=\"flex-basis:33.33%\">\n<h2 class=\"ls__heading wp-block-heading\">Les activit\u00e9s \u00e0 faire en famille \u00e0 la Costa Azahar<\/h2>\n\n\n\n<p class=\"ls-paragraph\">Sur la M\u00e9diterran\u00e9e, la Costa Azahar est id\u00e9ale pour des vacances en famille : ses plages sont accueillantes, anim\u00e9es et s\u00e9curis\u00e9es, ses cit\u00e9s regorgent de monuments et de mus\u00e9es passionnants. Les activit\u00e9s \u00e0 pratiquer en plein air ne manquent pas, du beach volley \u00e0 la randonn\u00e9e en passant par les loisirs nautiques et aquatiques.<\/p>\n<\/div>\n\n\n\n<div class=\"wp-block-column is-vertically-aligned-center is-layout-flow wp-block-column-is-layout-flow\" style=\"flex-basis:66.66%\">\n<figure class=\"wp-block-gallery has-nested-images columns-default is-cropped wp-block-gallery-6 is-layout-flex wp-block-gallery-is-layout-flex\">\n<figure class=\"wp-block-image size-full animated fadeInRight delay-500ms\"><a href=\"https:\/\/www.campingorangeraie.com\/wp-content\/uploads\/2022\/09\/benicarlo-vue-panoramique.jpg\"><img loading=\"lazy\" decoding=\"async\" width=\"800\" height=\"600\" data-id=\"1900\" src=\"https:\/\/www.campingorangeraie.com\/wp-content\/uploads\/2022\/09\/benicarlo-vue-panoramique.jpg\" alt=\"vue panoramique benicarlo\" class=\"wp-image-1900\" srcset=\"https:\/\/www.campingorangeraie.com\/wp-content\/uploads\/2022\/09\/benicarlo-vue-panoramique.jpg 800w, https:\/\/www.campingorangeraie.com\/wp-content\/uploads\/2022\/09\/benicarlo-vue-panoramique-300x225.jpg 300w, https:\/\/www.campingorangeraie.com\/wp-content\/uploads\/2022\/09\/benicarlo-vue-panoramique-768x576.jpg 768w\" sizes=\"auto, (max-width: 800px) 100vw, 800px\" \/><\/a><\/figure>\n\n\n\n<figure class=\"wp-block-image size-full animated fadeInLeft delay-500ms\"><a href=\"https:\/\/www.campingorangeraie.com\/wp-content\/uploads\/2022\/09\/costa-azahar.jpg\"><img loading=\"lazy\" decoding=\"async\" width=\"800\" height=\"600\" data-id=\"1914\" src=\"https:\/\/www.campingorangeraie.com\/wp-content\/uploads\/2022\/09\/costa-azahar.jpg\" alt=\"costa azahar\" class=\"wp-image-1914\" srcset=\"https:\/\/www.campingorangeraie.com\/wp-content\/uploads\/2022\/09\/costa-azahar.jpg 800w, https:\/\/www.campingorangeraie.com\/wp-content\/uploads\/2022\/09\/costa-azahar-300x225.jpg 300w, https:\/\/www.campingorangeraie.com\/wp-content\/uploads\/2022\/09\/costa-azahar-768x576.jpg 768w\" sizes=\"auto, (max-width: 800px) 100vw, 800px\" \/><\/a><\/figure>\n<\/figure>\n<\/div>\n<\/div>\n\n\n    <\/div>\n<\/section>\n\n<section id=\"ls-section-block_d3fbb7d0b0b3837d480947dd66e7e78b\" class=\"ls-section  page-maillage has-p-t p-t-14 has-p-b p-b-14\" >\n        <div class=\"container container--wide\">\n        \n\n<div id=\"ls-heading ls-titre-div-block_cd0a37741fb7016aadb6d26f972bc1cf\" class=\"ls-titre-div aligncenter h2-like\" >\n    D\u00e9couvrez les animations , les services et les mobil-homes notre camping<\/div>\n\n\n<div id=\"ls-maillage-block_836fc48cdfde1d28e3eaa0e22fc4e2fa\" class=\"ls-maillage cta-style-normal\" data-rows=\"3\">\r\n    <div class=\"wp-block-columns\"><div class=\"wp-block-column\">\n\n<a href=\"https:\/\/www.campingorangeraie.com\/fr\/camping-animation-calig\/\" target=\"\" rel=\"noopener\" class=\"ls-cta__link\" data-categ=\"\">\n\t<div class=\"ls-cta__image\"><img decoding=\"async\" src=\"https:\/\/www.campingorangeraie.com\/wp-content\/uploads\/2022\/09\/Sans-titre-2.jpg\" alt=\"animation camping paradis l'orangeraie\"><\/div>\n\t<div class=\"ls-cta__title\">\n\t\tNos animations familiales\t<\/div>\n\n\t<\/a><\/div><div class=\"wp-block-column\">\n\n<a href=\"https:\/\/www.campingorangeraie.com\/fr\/camping-familial-calig\/\" target=\"\" rel=\"noopener\" class=\"ls-cta__link\" data-categ=\"\">\n\t<div class=\"ls-cta__image\"><img decoding=\"async\" src=\"https:\/\/www.campingorangeraie.com\/wp-content\/uploads\/2022\/09\/service-camping-orangeraie.jpg\" alt=\"service camping orangeraie\"><\/div>\n\t<div class=\"ls-cta__title\">\n\t\tNos services\t<\/div>\n\n\t<\/a><\/div><div class=\"wp-block-column\">\n\n<a href=\"https:\/\/www.campingorangeraie.com\/fr\/location-mobil-home-calig\/\" target=\"\" rel=\"noopener\" class=\"ls-cta__link\" data-categ=\"\">\n\t<div class=\"ls-cta__image\"><img decoding=\"async\" src=\"https:\/\/www.campingorangeraie.com\/wp-content\/uploads\/2022\/09\/Camping-de-lorangeraie-2021-84-1-scaled.jpeg\" alt=\"location mobil home orangeraie\"><\/div>\n\t<div class=\"ls-cta__title\">\n\t\tNos mobil-homes\t<\/div>\n\n\t<\/a><\/div><\/div><\/div>\n\n    <\/div>\n<\/section>","protected":false},"excerpt":{"rendered":"","protected":false},"author":1,"featured_media":1929,"parent":0,"menu_order":0,"comment_status":"closed","ping_status":"closed","template":"","meta":{"_acf_changed":false,"footnotes":""},"sujet":[],"class_list":["post-966","page","type-page","status-publish","has-post-thumbnail","hentry"],"acf":[],"yoast_head":"<!-- This site is optimized with the Yoast SEO plugin v23.4 - https:\/\/yoast.com\/wordpress\/plugins\/seo\/ -->\n<title>Camping Costa del Azahar | Tourisme Costa del Azahar<\/title>\n<meta name=\"robots\" content=\"index, follow, max-snippet:-1, max-image-preview:large, max-video-preview:-1\" \/>\n<link rel=\"canonical\" href=\"https:\/\/www.campingorangeraie.com\/fr\/camping-costa-azahar\/\" \/>\n<meta property=\"og:locale\" content=\"fr_FR\" \/>\n<meta property=\"og:type\" content=\"article\" \/>\n<meta property=\"og:title\" content=\"Camping Costa del Azahar | Tourisme Costa del Azahar\" \/>\n<meta property=\"og:url\" content=\"https:\/\/www.campingorangeraie.com\/fr\/camping-costa-azahar\/\" \/>\n<meta property=\"og:site_name\" content=\"Camping Orangeraie\" \/>\n<meta property=\"article:modified_time\" content=\"2026-01-22T09:55:29+00:00\" \/>\n<meta property=\"og:image\" content=\"https:\/\/www.campingorangeraie.com\/wp-content\/uploads\/2022\/09\/costa-azahar-valencia-castellon-peniscola.jpg\" \/>\n\t<meta property=\"og:image:width\" content=\"1920\" \/>\n\t<meta property=\"og:image:height\" content=\"1080\" \/>\n\t<meta property=\"og:image:type\" content=\"image\/jpeg\" \/>\n<meta name=\"twitter:card\" content=\"summary_large_image\" \/>\n<meta name=\"twitter:label1\" content=\"Dur\u00e9e de lecture estim\u00e9e\" \/>\n\t<meta name=\"twitter:data1\" content=\"11 minutes\" \/>\n<script type=\"application\/ld+json\" class=\"yoast-schema-graph\">{\"@context\":\"https:\/\/schema.org\",\"@graph\":[{\"@type\":\"WebPage\",\"@id\":\"https:\/\/www.campingorangeraie.com\/fr\/camping-costa-azahar\/\",\"url\":\"https:\/\/www.campingorangeraie.com\/fr\/camping-costa-azahar\/\",\"name\":\"Camping Costa del Azahar | Tourisme Costa del Azahar\",\"isPartOf\":{\"@id\":\"https:\/\/www.campingorangeraie.com\/#website\"},\"primaryImageOfPage\":{\"@id\":\"https:\/\/www.campingorangeraie.com\/fr\/camping-costa-azahar\/#primaryimage\"},\"image\":{\"@id\":\"https:\/\/www.campingorangeraie.com\/fr\/camping-costa-azahar\/#primaryimage\"},\"thumbnailUrl\":\"https:\/\/www.campingorangeraie.com\/wp-content\/uploads\/2022\/09\/costa-azahar-valencia-castellon-peniscola.jpg\",\"datePublished\":\"2022-09-20T11:46:37+00:00\",\"dateModified\":\"2026-01-22T09:55:29+00:00\",\"breadcrumb\":{\"@id\":\"https:\/\/www.campingorangeraie.com\/fr\/camping-costa-azahar\/#breadcrumb\"},\"inLanguage\":\"fr-FR\",\"potentialAction\":[{\"@type\":\"ReadAction\",\"target\":[\"https:\/\/www.campingorangeraie.com\/fr\/camping-costa-azahar\/\"]}]},{\"@type\":\"ImageObject\",\"inLanguage\":\"fr-FR\",\"@id\":\"https:\/\/www.campingorangeraie.com\/fr\/camping-costa-azahar\/#primaryimage\",\"url\":\"https:\/\/www.campingorangeraie.com\/wp-content\/uploads\/2022\/09\/costa-azahar-valencia-castellon-peniscola.jpg\",\"contentUrl\":\"https:\/\/www.campingorangeraie.com\/wp-content\/uploads\/2022\/09\/costa-azahar-valencia-castellon-peniscola.jpg\",\"width\":1920,\"height\":1080,\"caption\":\"costa azahar valencia castellon peniscola\"},{\"@type\":\"BreadcrumbList\",\"@id\":\"https:\/\/www.campingorangeraie.com\/fr\/camping-costa-azahar\/#breadcrumb\",\"itemListElement\":[{\"@type\":\"ListItem\",\"position\":1,\"name\":\"Camping Peniscola\",\"item\":\"https:\/\/www.campingorangeraie.com\/fr\/\"},{\"@type\":\"ListItem\",\"position\":2,\"name\":\"Camping pr\u00e8s de Costa del Azahar\"}]},{\"@type\":\"WebSite\",\"@id\":\"https:\/\/www.campingorangeraie.com\/#website\",\"url\":\"https:\/\/www.campingorangeraie.com\/\",\"name\":\"Camping Orangeraie\",\"description\":\"\",\"publisher\":{\"@id\":\"https:\/\/www.campingorangeraie.com\/#organization\"},\"potentialAction\":[{\"@type\":\"SearchAction\",\"target\":{\"@type\":\"EntryPoint\",\"urlTemplate\":\"https:\/\/www.campingorangeraie.com\/?s={search_term_string}\"},\"query-input\":{\"@type\":\"PropertyValueSpecification\",\"valueRequired\":true,\"valueName\":\"search_term_string\"}}],\"inLanguage\":\"fr-FR\"},{\"@type\":\"Organization\",\"@id\":\"https:\/\/www.campingorangeraie.com\/#organization\",\"name\":\"Camping L'Orangeraie\",\"url\":\"https:\/\/www.campingorangeraie.com\/\",\"logo\":{\"@type\":\"ImageObject\",\"inLanguage\":\"fr-FR\",\"@id\":\"https:\/\/www.campingorangeraie.com\/#\/schema\/logo\/image\/\",\"url\":\"https:\/\/www.campingorangeraie.com\/wp-content\/uploads\/2022\/09\/logo_orangeraie-banner.png\",\"contentUrl\":\"https:\/\/www.campingorangeraie.com\/wp-content\/uploads\/2022\/09\/logo_orangeraie-banner.png\",\"width\":500,\"height\":500,\"caption\":\"Camping L'Orangeraie\"},\"image\":{\"@id\":\"https:\/\/www.campingorangeraie.com\/#\/schema\/logo\/image\/\"}}]}<\/script>\n<!-- \/ Yoast SEO plugin. -->","yoast_head_json":{"title":"Camping Costa del Azahar | Tourisme Costa del Azahar","robots":{"index":"index","follow":"follow","max-snippet":"max-snippet:-1","max-image-preview":"max-image-preview:large","max-video-preview":"max-video-preview:-1"},"canonical":"https:\/\/www.campingorangeraie.com\/fr\/camping-costa-azahar\/","og_locale":"fr_FR","og_type":"article","og_title":"Camping Costa del Azahar | Tourisme Costa del Azahar","og_url":"https:\/\/www.campingorangeraie.com\/fr\/camping-costa-azahar\/","og_site_name":"Camping Orangeraie","article_modified_time":"2026-01-22T09:55:29+00:00","og_image":[{"width":1920,"height":1080,"url":"https:\/\/www.campingorangeraie.com\/wp-content\/uploads\/2022\/09\/costa-azahar-valencia-castellon-peniscola.jpg","type":"image\/jpeg"}],"twitter_card":"summary_large_image","twitter_misc":{"Dur\u00e9e de lecture estim\u00e9e":"11 minutes"},"schema":{"@context":"https:\/\/schema.org","@graph":[{"@type":"WebPage","@id":"https:\/\/www.campingorangeraie.com\/fr\/camping-costa-azahar\/","url":"https:\/\/www.campingorangeraie.com\/fr\/camping-costa-azahar\/","name":"Camping Costa del Azahar | Tourisme Costa del Azahar","isPartOf":{"@id":"https:\/\/www.campingorangeraie.com\/#website"},"primaryImageOfPage":{"@id":"https:\/\/www.campingorangeraie.com\/fr\/camping-costa-azahar\/#primaryimage"},"image":{"@id":"https:\/\/www.campingorangeraie.com\/fr\/camping-costa-azahar\/#primaryimage"},"thumbnailUrl":"https:\/\/www.campingorangeraie.com\/wp-content\/uploads\/2022\/09\/costa-azahar-valencia-castellon-peniscola.jpg","datePublished":"2022-09-20T11:46:37+00:00","dateModified":"2026-01-22T09:55:29+00:00","breadcrumb":{"@id":"https:\/\/www.campingorangeraie.com\/fr\/camping-costa-azahar\/#breadcrumb"},"inLanguage":"fr-FR","potentialAction":[{"@type":"ReadAction","target":["https:\/\/www.campingorangeraie.com\/fr\/camping-costa-azahar\/"]}]},{"@type":"ImageObject","inLanguage":"fr-FR","@id":"https:\/\/www.campingorangeraie.com\/fr\/camping-costa-azahar\/#primaryimage","url":"https:\/\/www.campingorangeraie.com\/wp-content\/uploads\/2022\/09\/costa-azahar-valencia-castellon-peniscola.jpg","contentUrl":"https:\/\/www.campingorangeraie.com\/wp-content\/uploads\/2022\/09\/costa-azahar-valencia-castellon-peniscola.jpg","width":1920,"height":1080,"caption":"costa azahar valencia castellon peniscola"},{"@type":"BreadcrumbList","@id":"https:\/\/www.campingorangeraie.com\/fr\/camping-costa-azahar\/#breadcrumb","itemListElement":[{"@type":"ListItem","position":1,"name":"Camping Peniscola","item":"https:\/\/www.campingorangeraie.com\/fr\/"},{"@type":"ListItem","position":2,"name":"Camping pr\u00e8s de Costa del Azahar"}]},{"@type":"WebSite","@id":"https:\/\/www.campingorangeraie.com\/#website","url":"https:\/\/www.campingorangeraie.com\/","name":"Camping Orangeraie","description":"","publisher":{"@id":"https:\/\/www.campingorangeraie.com\/#organization"},"potentialAction":[{"@type":"SearchAction","target":{"@type":"EntryPoint","urlTemplate":"https:\/\/www.campingorangeraie.com\/?s={search_term_string}"},"query-input":{"@type":"PropertyValueSpecification","valueRequired":true,"valueName":"search_term_string"}}],"inLanguage":"fr-FR"},{"@type":"Organization","@id":"https:\/\/www.campingorangeraie.com\/#organization","name":"Camping L'Orangeraie","url":"https:\/\/www.campingorangeraie.com\/","logo":{"@type":"ImageObject","inLanguage":"fr-FR","@id":"https:\/\/www.campingorangeraie.com\/#\/schema\/logo\/image\/","url":"https:\/\/www.campingorangeraie.com\/wp-content\/uploads\/2022\/09\/logo_orangeraie-banner.png","contentUrl":"https:\/\/www.campingorangeraie.com\/wp-content\/uploads\/2022\/09\/logo_orangeraie-banner.png","width":500,"height":500,"caption":"Camping L'Orangeraie"},"image":{"@id":"https:\/\/www.campingorangeraie.com\/#\/schema\/logo\/image\/"}}]}},"_links":{"self":[{"href":"https:\/\/www.campingorangeraie.com\/fr\/wp-json\/wp\/v2\/pages\/966","targetHints":{"allow":["GET"]}}],"collection":[{"href":"https:\/\/www.campingorangeraie.com\/fr\/wp-json\/wp\/v2\/pages"}],"about":[{"href":"https:\/\/www.campingorangeraie.com\/fr\/wp-json\/wp\/v2\/types\/page"}],"author":[{"embeddable":true,"href":"https:\/\/www.campingorangeraie.com\/fr\/wp-json\/wp\/v2\/users\/1"}],"replies":[{"embeddable":true,"href":"https:\/\/www.campingorangeraie.com\/fr\/wp-json\/wp\/v2\/comments?post=966"}],"version-history":[{"count":61,"href":"https:\/\/www.campingorangeraie.com\/fr\/wp-json\/wp\/v2\/pages\/966\/revisions"}],"predecessor-version":[{"id":14600,"href":"https:\/\/www.campingorangeraie.com\/fr\/wp-json\/wp\/v2\/pages\/966\/revisions\/14600"}],"wp:featuredmedia":[{"embeddable":true,"href":"https:\/\/www.campingorangeraie.com\/fr\/wp-json\/wp\/v2\/media\/1929"}],"wp:attachment":[{"href":"https:\/\/www.campingorangeraie.com\/fr\/wp-json\/wp\/v2\/media?parent=966"}],"wp:term":[{"taxonomy":"sujet","embeddable":true,"href":"https:\/\/www.campingorangeraie.com\/fr\/wp-json\/wp\/v2\/sujet?post=966"}],"curies":[{"name":"wp","href":"https:\/\/api.w.org\/{rel}","templated":true}]}}