{"id":4897,"date":"2023-02-02T15:51:02","date_gmt":"2023-02-02T14:51:02","guid":{"rendered":"https:\/\/www.campingorangeraie.com\/?page_id=4897"},"modified":"2024-03-22T16:33:20","modified_gmt":"2024-03-22T15:33:20","slug":"location-villa-alicante","status":"publish","type":"page","link":"https:\/\/www.campingorangeraie.com\/fr\/location-villa-alicante\/","title":{"rendered":"La Villa de Bonalba &#8211; Alicante"},"content":{"rendered":"<section id=\"ls-section-block_0a8af2b55ce1153f4185bcab0d942933\" class=\"ls-section  page-entete animated fadeInUp delay-200ms has-p-t p-t-14\" >\n        <div class=\"container container--wide\">\n        \n\n<h1 class=\"ls__heading wp-block-heading has-text-align-left\">Location Villa Alicante <\/h1>\n\n\n    <\/div>\n<\/section>\n\n<section id=\"ls-section-block_d064b832e89e995144fda6db122497c0\" class=\"ls-section  page-one has-p-t p-t-0 has-p-b p-b-14\" >\n        <div class=\"container container--wide\">\n        \n\n<div class=\"wp-block-columns is-layout-flex wp-container-core-columns-is-layout-9d6595d7 wp-block-columns-is-layout-flex\">\n<div class=\"wp-block-column is-layout-flow wp-block-column-is-layout-flow\" style=\"flex-basis:66.66%\">\n<figure class=\"wp-block-gallery has-nested-images columns-default is-cropped wp-block-gallery-1 is-layout-flex wp-block-gallery-is-layout-flex\">\n<figure class=\"wp-block-image size-full animated fadeInLeft delay-100ms\"><a href=\"https:\/\/www.campingorangeraie.com\/wp-content\/uploads\/2023\/02\/location-villa-alicante.webp\"><img loading=\"lazy\" decoding=\"async\" width=\"1024\" height=\"652\" data-id=\"4988\" src=\"https:\/\/www.campingorangeraie.com\/wp-content\/uploads\/2023\/02\/location-villa-alicante.webp\" alt=\"location villa alicante\" class=\"wp-image-4988\" srcset=\"https:\/\/www.campingorangeraie.com\/wp-content\/uploads\/2023\/02\/location-villa-alicante.webp 1024w, https:\/\/www.campingorangeraie.com\/wp-content\/uploads\/2023\/02\/location-villa-alicante-300x191.webp 300w, https:\/\/www.campingorangeraie.com\/wp-content\/uploads\/2023\/02\/location-villa-alicante-768x489.webp 768w\" sizes=\"auto, (max-width: 1024px) 100vw, 1024px\" \/><\/a><\/figure>\n<\/figure>\n<\/div>\n\n\n\n<div class=\"wp-block-column is-vertically-aligned-center is-layout-flow wp-block-column-is-layout-flow\" style=\"flex-basis:33.33%\">\n<h2 class=\"ls__heading wp-block-heading\">Maison de vacances pr\u00e8s d&rsquo;Alicante<\/h2>\n\n\n\n<p class=\"ls-paragraph has-text-align-left\">Magnifique <strong>maison de vacances<\/strong> de 149m\u00b2, confortable et de qualit\u00e9 pouvant accueillir jusqu&rsquo;\u00e0 <strong>8 personnes<\/strong>, dans une <strong>r\u00e9sidence s\u00e9curis\u00e9e<\/strong> dans le <strong>golf de Bonalba<\/strong>, avec <strong>2 places de parking priv\u00e9es<\/strong>.<\/p>\n\n\n\n<p class=\"ls-paragraph\">Venez  <strong>d\u00e9couvrir le charme de l&rsquo;Espagne<\/strong> : sa <strong>gastronomie<\/strong> et sa <strong>convivialit\u00e9<\/strong> ! <br>\u00c0 <strong>Alicante<\/strong>, il se passe toujours quelque chose (restaurants \/ bars ouverts \u00e0 toutes heures). <br>Lorsque vous rejoindrez votre location, vous appr\u00e9cierez <strong>son confort et sa qui\u00e9tude<\/strong>.<\/p>\n\n\n\n<p class=\"ls-paragraph\"><br><\/p>\n<\/div>\n<\/div>\n\n\n    <\/div>\n<\/section>\n\n<section id=\"ls-section-block_83a1f0ce3f82483e0f93421aaf999756\" class=\"ls-section  page-two petal-left has-background has-color-3-background-color has-p-t p-t-14 has-p-b p-b-14\" >\n        <div class=\"container container--wide\">\n        \n\n<div class=\"wp-block-columns is-layout-flex wp-container-core-columns-is-layout-9d6595d7 wp-block-columns-is-layout-flex\">\n<div class=\"wp-block-column is-layout-flow wp-block-column-is-layout-flow\">\n<h2 class=\"ls__heading wp-block-heading has-text-align-center\">4 chambres<\/h2>\n\n\n\n<p class=\"ls-paragraph has-text-align-center\">Possibilit\u00e9 d&rsquo;h\u00e9berger jusqu&rsquo;\u00e0 8 personnes<\/p>\n\n\n\n<div class=\"wp-block-columns is-layout-flex wp-container-core-columns-is-layout-9d6595d7 wp-block-columns-is-layout-flex\">\n<div class=\"wp-block-column is-layout-flow wp-block-column-is-layout-flow\">\n<figure class=\"wp-block-image size-full animated fadeIn\"><a href=\"https:\/\/www.campingorangeraie.com\/wp-content\/uploads\/2023\/02\/ebi506_bed_05.webp\"><img loading=\"lazy\" decoding=\"async\" width=\"1024\" height=\"652\" src=\"https:\/\/www.campingorangeraie.com\/wp-content\/uploads\/2023\/02\/ebi506_bed_05.webp\" alt=\"lit double\" class=\"wp-image-4933\" srcset=\"https:\/\/www.campingorangeraie.com\/wp-content\/uploads\/2023\/02\/ebi506_bed_05.webp 1024w, https:\/\/www.campingorangeraie.com\/wp-content\/uploads\/2023\/02\/ebi506_bed_05-300x191.webp 300w, https:\/\/www.campingorangeraie.com\/wp-content\/uploads\/2023\/02\/ebi506_bed_05-768x489.webp 768w\" sizes=\"auto, (max-width: 1024px) 100vw, 1024px\" \/><\/a><\/figure>\n<\/div>\n\n\n\n<div class=\"wp-block-column is-layout-flow wp-block-column-is-layout-flow\">\n<figure class=\"wp-block-image size-full animated fadeIn\"><a href=\"https:\/\/www.campingorangeraie.com\/wp-content\/uploads\/2023\/02\/chambre-lit-double.webp\"><img loading=\"lazy\" decoding=\"async\" width=\"1024\" height=\"652\" src=\"https:\/\/www.campingorangeraie.com\/wp-content\/uploads\/2023\/02\/chambre-lit-double.webp\" alt=\"chambre lit double\" class=\"wp-image-4918\" srcset=\"https:\/\/www.campingorangeraie.com\/wp-content\/uploads\/2023\/02\/chambre-lit-double.webp 1024w, https:\/\/www.campingorangeraie.com\/wp-content\/uploads\/2023\/02\/chambre-lit-double-300x191.webp 300w, https:\/\/www.campingorangeraie.com\/wp-content\/uploads\/2023\/02\/chambre-lit-double-768x489.webp 768w\" sizes=\"auto, (max-width: 1024px) 100vw, 1024px\" \/><\/a><\/figure>\n<\/div>\n<\/div>\n\n\n\n<div class=\"wp-block-columns is-layout-flex wp-container-core-columns-is-layout-9d6595d7 wp-block-columns-is-layout-flex\">\n<div class=\"wp-block-column is-layout-flow wp-block-column-is-layout-flow\">\n<figure class=\"wp-block-image size-full animated fadeIn delay-200ms\"><a href=\"https:\/\/www.campingorangeraie.com\/wp-content\/uploads\/2023\/02\/herbegement-8-personnes-bonalba.webp\"><img loading=\"lazy\" decoding=\"async\" width=\"1024\" height=\"652\" src=\"https:\/\/www.campingorangeraie.com\/wp-content\/uploads\/2023\/02\/herbegement-8-personnes-bonalba.webp\" alt=\"herbegement 8 personnes bonalba\" class=\"wp-image-4948\" srcset=\"https:\/\/www.campingorangeraie.com\/wp-content\/uploads\/2023\/02\/herbegement-8-personnes-bonalba.webp 1024w, https:\/\/www.campingorangeraie.com\/wp-content\/uploads\/2023\/02\/herbegement-8-personnes-bonalba-300x191.webp 300w, https:\/\/www.campingorangeraie.com\/wp-content\/uploads\/2023\/02\/herbegement-8-personnes-bonalba-768x489.webp 768w\" sizes=\"auto, (max-width: 1024px) 100vw, 1024px\" \/><\/a><\/figure>\n<\/div>\n\n\n\n<div class=\"wp-block-column is-layout-flow wp-block-column-is-layout-flow\">\n<figure class=\"wp-block-image size-full animated fadeIn delay-200ms\"><a href=\"https:\/\/www.campingorangeraie.com\/wp-content\/uploads\/2023\/02\/louer-maison-4-chambres-bonalba.webp\"><img loading=\"lazy\" decoding=\"async\" width=\"1024\" height=\"652\" src=\"https:\/\/www.campingorangeraie.com\/wp-content\/uploads\/2023\/02\/louer-maison-4-chambres-bonalba.webp\" alt=\"louer maison 4 chambres bonalba\" class=\"wp-image-4928\" srcset=\"https:\/\/www.campingorangeraie.com\/wp-content\/uploads\/2023\/02\/louer-maison-4-chambres-bonalba.webp 1024w, https:\/\/www.campingorangeraie.com\/wp-content\/uploads\/2023\/02\/louer-maison-4-chambres-bonalba-300x191.webp 300w, https:\/\/www.campingorangeraie.com\/wp-content\/uploads\/2023\/02\/louer-maison-4-chambres-bonalba-768x489.webp 768w\" sizes=\"auto, (max-width: 1024px) 100vw, 1024px\" \/><\/a><\/figure>\n<\/div>\n<\/div>\n\n\n\n<h2 class=\"ls__heading wp-block-heading has-text-align-center\">3 salles de bain<\/h2>\n\n\n\n<p class=\"ls-paragraph has-text-align-center\">Douche et baignoire<\/p>\n\n\n\n<div class=\"wp-block-columns is-layout-flex wp-container-core-columns-is-layout-9d6595d7 wp-block-columns-is-layout-flex\">\n<div class=\"wp-block-column is-layout-flow wp-block-column-is-layout-flow\">\n<figure class=\"wp-block-image size-full animated fadeIn delay-500ms\"><a href=\"https:\/\/www.campingorangeraie.com\/wp-content\/uploads\/2023\/02\/salle-de-bain.webp\"><img decoding=\"async\" src=\"https:\/\/www.campingorangeraie.com\/wp-content\/uploads\/2023\/02\/salle-de-bain.webp\" alt=\"salle de bain\" class=\"wp-image-4908\"\/><\/a><\/figure>\n<\/div>\n\n\n\n<div class=\"wp-block-column is-layout-flow wp-block-column-is-layout-flow\">\n<figure class=\"wp-block-image size-full animated fadeIn delay-500ms\"><a href=\"https:\/\/www.campingorangeraie.com\/wp-content\/uploads\/2023\/02\/cuarto-de-bano.webp\"><img loading=\"lazy\" decoding=\"async\" width=\"1024\" height=\"652\" src=\"https:\/\/www.campingorangeraie.com\/wp-content\/uploads\/2023\/02\/cuarto-de-bano.webp\" alt=\"cuarto de bano\" class=\"wp-image-4903\" srcset=\"https:\/\/www.campingorangeraie.com\/wp-content\/uploads\/2023\/02\/cuarto-de-bano.webp 1024w, https:\/\/www.campingorangeraie.com\/wp-content\/uploads\/2023\/02\/cuarto-de-bano-300x191.webp 300w, https:\/\/www.campingorangeraie.com\/wp-content\/uploads\/2023\/02\/cuarto-de-bano-768x489.webp 768w\" sizes=\"auto, (max-width: 1024px) 100vw, 1024px\" \/><\/a><\/figure>\n<\/div>\n<\/div>\n<\/div>\n\n\n\n<div class=\"wp-block-column is-layout-flow wp-block-column-is-layout-flow\">\n<h2 class=\"ls__heading wp-block-heading has-text-align-center\">La pi\u00e8ce de vie<\/h2>\n\n\n\n<p class=\"ls-paragraph has-text-align-center\">Cuisini\u00e8re \u00e0 gaz, Cong\u00e9lateur, Machine \u00e0 laver, Cafeti\u00e8re \u00e9lectrique, Internet (Wi-Fi), TV<\/p>\n\n\n\n<div class=\"wp-block-columns is-layout-flex wp-container-core-columns-is-layout-9d6595d7 wp-block-columns-is-layout-flex\">\n<div class=\"wp-block-column is-layout-flow wp-block-column-is-layout-flow\">\n<figure class=\"wp-block-image size-full animated fadeIn\"><a href=\"https:\/\/www.campingorangeraie.com\/wp-content\/uploads\/2023\/02\/cuisine.webp\"><img loading=\"lazy\" decoding=\"async\" width=\"1024\" height=\"652\" src=\"https:\/\/www.campingorangeraie.com\/wp-content\/uploads\/2023\/02\/cuisine.webp\" alt=\"cuisine\" class=\"wp-image-4958\" srcset=\"https:\/\/www.campingorangeraie.com\/wp-content\/uploads\/2023\/02\/cuisine.webp 1024w, https:\/\/www.campingorangeraie.com\/wp-content\/uploads\/2023\/02\/cuisine-300x191.webp 300w, https:\/\/www.campingorangeraie.com\/wp-content\/uploads\/2023\/02\/cuisine-768x489.webp 768w\" sizes=\"auto, (max-width: 1024px) 100vw, 1024px\" \/><\/a><\/figure>\n<\/div>\n\n\n\n<div class=\"wp-block-column is-layout-flow wp-block-column-is-layout-flow\">\n<figure class=\"wp-block-image size-full animated fadeIn delay-200ms\"><a href=\"https:\/\/www.campingorangeraie.com\/wp-content\/uploads\/2023\/02\/ebi506_living_02.webp\"><img loading=\"lazy\" decoding=\"async\" width=\"1024\" height=\"652\" src=\"https:\/\/www.campingorangeraie.com\/wp-content\/uploads\/2023\/02\/ebi506_living_02.webp\" alt=\"salon sejour\" class=\"wp-image-4973\" srcset=\"https:\/\/www.campingorangeraie.com\/wp-content\/uploads\/2023\/02\/ebi506_living_02.webp 1024w, https:\/\/www.campingorangeraie.com\/wp-content\/uploads\/2023\/02\/ebi506_living_02-300x191.webp 300w, https:\/\/www.campingorangeraie.com\/wp-content\/uploads\/2023\/02\/ebi506_living_02-768x489.webp 768w\" sizes=\"auto, (max-width: 1024px) 100vw, 1024px\" \/><\/a><\/figure>\n<\/div>\n<\/div>\n\n\n\n<div class=\"wp-block-columns is-layout-flex wp-container-core-columns-is-layout-9d6595d7 wp-block-columns-is-layout-flex\">\n<div class=\"wp-block-column is-layout-flow wp-block-column-is-layout-flow\">\n<figure class=\"wp-block-image size-full animated fadeIn delay-200ms\"><a href=\"https:\/\/www.campingorangeraie.com\/wp-content\/uploads\/2023\/02\/sejour.webp\"><img loading=\"lazy\" decoding=\"async\" width=\"1024\" height=\"652\" src=\"https:\/\/www.campingorangeraie.com\/wp-content\/uploads\/2023\/02\/sejour.webp\" alt=\"sejour\" class=\"wp-image-4978\" srcset=\"https:\/\/www.campingorangeraie.com\/wp-content\/uploads\/2023\/02\/sejour.webp 1024w, https:\/\/www.campingorangeraie.com\/wp-content\/uploads\/2023\/02\/sejour-300x191.webp 300w, https:\/\/www.campingorangeraie.com\/wp-content\/uploads\/2023\/02\/sejour-768x489.webp 768w\" sizes=\"auto, (max-width: 1024px) 100vw, 1024px\" \/><\/a><\/figure>\n<\/div>\n\n\n\n<div class=\"wp-block-column is-layout-flow wp-block-column-is-layout-flow\">\n<figure class=\"wp-block-image size-full animated fadeIn delay-200ms\"><a href=\"https:\/\/www.campingorangeraie.com\/wp-content\/uploads\/2023\/02\/entree.webp\"><img loading=\"lazy\" decoding=\"async\" width=\"1024\" height=\"652\" src=\"https:\/\/www.campingorangeraie.com\/wp-content\/uploads\/2023\/02\/entree.webp\" alt=\"entree\" class=\"wp-image-4963\" srcset=\"https:\/\/www.campingorangeraie.com\/wp-content\/uploads\/2023\/02\/entree.webp 1024w, https:\/\/www.campingorangeraie.com\/wp-content\/uploads\/2023\/02\/entree-300x191.webp 300w, https:\/\/www.campingorangeraie.com\/wp-content\/uploads\/2023\/02\/entree-768x489.webp 768w\" sizes=\"auto, (max-width: 1024px) 100vw, 1024px\" \/><\/a><\/figure>\n<\/div>\n<\/div>\n\n\n\n<h2 class=\"ls__heading wp-block-heading has-text-align-center\">Le jardin<\/h2>\n\n\n\n<p class=\"ls-paragraph has-text-align-center\">Terrasse ouverte et couverte, Jardin priv\u00e9 cl\u00f4tur\u00e9, Meubles de jardin, 2 places de parking<\/p>\n\n\n\n<div class=\"wp-block-columns is-layout-flex wp-container-core-columns-is-layout-9d6595d7 wp-block-columns-is-layout-flex\">\n<div class=\"wp-block-column is-layout-flow wp-block-column-is-layout-flow\">\n<figure class=\"wp-block-image size-full animated fadeIn delay-500ms\"><a href=\"https:\/\/www.campingorangeraie.com\/wp-content\/uploads\/2023\/02\/location-maison-avec-jardin.webp\"><img loading=\"lazy\" decoding=\"async\" width=\"1024\" height=\"652\" src=\"https:\/\/www.campingorangeraie.com\/wp-content\/uploads\/2023\/02\/location-maison-avec-jardin.webp\" alt=\"location maison avec jardin\" class=\"wp-image-4993\" srcset=\"https:\/\/www.campingorangeraie.com\/wp-content\/uploads\/2023\/02\/location-maison-avec-jardin.webp 1024w, https:\/\/www.campingorangeraie.com\/wp-content\/uploads\/2023\/02\/location-maison-avec-jardin-300x191.webp 300w, https:\/\/www.campingorangeraie.com\/wp-content\/uploads\/2023\/02\/location-maison-avec-jardin-768x489.webp 768w\" sizes=\"auto, (max-width: 1024px) 100vw, 1024px\" \/><\/a><\/figure>\n<\/div>\n\n\n\n<div class=\"wp-block-column is-layout-flow wp-block-column-is-layout-flow\">\n<figure class=\"wp-block-image size-full animated fadeIn delay-500ms\"><a href=\"https:\/\/www.campingorangeraie.com\/wp-content\/uploads\/2023\/02\/terrasse.webp\"><img loading=\"lazy\" decoding=\"async\" width=\"1024\" height=\"652\" src=\"https:\/\/www.campingorangeraie.com\/wp-content\/uploads\/2023\/02\/terrasse.webp\" alt=\"terrasse\" class=\"wp-image-4998\" srcset=\"https:\/\/www.campingorangeraie.com\/wp-content\/uploads\/2023\/02\/terrasse.webp 1024w, https:\/\/www.campingorangeraie.com\/wp-content\/uploads\/2023\/02\/terrasse-300x191.webp 300w, https:\/\/www.campingorangeraie.com\/wp-content\/uploads\/2023\/02\/terrasse-768x489.webp 768w\" sizes=\"auto, (max-width: 1024px) 100vw, 1024px\" \/><\/a><\/figure>\n<\/div>\n<\/div>\n<\/div>\n<\/div>\n\n\n\n<p class=\"ls-paragraph has-text-align-center\">Animaux non autoris\u00e9s<\/p>\n\n\n    <\/div>\n<\/section>\n\n<section id=\"ls-section-block_567c73ac3e0c27524304449448056227\" class=\"ls-section  page-parallax with-page-under  smallheight has-background-image has-parallax has-background has-color-2-background-color has-p-t p-t-30 has-p-b p-b-30\" >\n    <div class=\"ls-section__background-image opacity-45\"><img decoding=\"async\" src=\"https:\/\/www.campingorangeraie.com\/wp-content\/uploads\/2023\/02\/tourisme-alicante-1.webp\" alt=\"tourisme alicante\"><\/div>    <div class=\"container container--wide\">\n        \n\n<h2 class=\"ls__heading wp-block-heading has-text-align-center\">Situation g\u00e9ographique<\/h2>\n\n\n    <\/div>\n<\/section>\n\n<section id=\"ls-section-block_48f8cb6aa2ce05d4e7dc6a9d6780292a\" class=\"ls-section  has-m-t m-t-0 has-p-t p-t-0\" >\n        <div class=\"container container--wide\">\n        \n\n<div class=\"wp-block-columns is-layout-flex wp-container-core-columns-is-layout-9d6595d7 wp-block-columns-is-layout-flex\">\n<div class=\"wp-block-column is-layout-flow wp-block-column-is-layout-flow\" style=\"flex-basis:20%\">\n<h3 class=\"ls__heading wp-block-heading\">Coordonn\u00e9es<\/h3>\n\n\n\n<p class=\"ls-paragraph\">BONALBA<br>LOS NARANJOS 3, VILLA &nbsp;23<br>03110 MUTXAMEL<br>ALICANTE<\/p>\n\n\n\n<p class=\"ls-paragraph\">Tel. <strong>(+34) 964 76 50 59<\/strong><\/p>\n<\/div>\n\n\n\n<div class=\"wp-block-column is-layout-flow wp-block-column-is-layout-flow\">\n<h3 class=\"ls__heading wp-block-heading\">\u00c0 proximit\u00e9<\/h3>\n\n\n\n<p class=\"ls-paragraph\">La situation g\u00e9ographique de la villa fait d&rsquo;elle un v\u00e9ritable atout : <\/p>\n\n\n\n<ul class=\"ls-list wp-block-list\">\n<li>\u00e0 seulement 4,5 km de San Juan, la <strong>plus belle plage de sable de fin d\u2019Alicante<\/strong> ; <\/li>\n\n\n\n<li>\u00e0 <strong>12 km d\u2019Alicante<\/strong> (commerces, restaurants , jardins, etc.)<\/li>\n\n\n\n<li>100m du <strong>golf<\/strong><\/li>\n\n\n\n<li>20,5 km de l&rsquo;<strong>a\u00e9roport<\/strong><\/li>\n<\/ul>\n<\/div>\n\n\n\n<div class=\"wp-block-column is-layout-flow wp-block-column-is-layout-flow\">\n<h3 class=\"ls__heading wp-block-heading\">\u00c0 voir, \u00e0 faire<\/h3>\n\n\n\n<p class=\"ls-paragraph\">Que ce soit en famille, en amoureux ou<br>entre amis, une multitude d&rsquo;activit\u00e9s s&rsquo;offrent \u00e0 vous : <\/p>\n\n\n\n<ul class=\"ls-list wp-block-list\">\n<li>74 <strong>plages pavillon bleu<\/strong> sont \u00e0 d\u00e9couvrir sur sur la Costa Blanca<\/li>\n\n\n\n<li>Visite du&nbsp;<a href=\"https:\/\/www.alicanteturismo.com\/fr\/chateau-de-santa-barbara\/\" target=\"_blank\" rel=\"noreferrer noopener nofollow\">ch\u00e2teau de Santa B\u00e1rbara<\/a> au sommet du mont Benacantil, qui offre une vue splendide sur la baie d&rsquo;Alicante<\/li>\n\n\n\n<li>14 <strong>mus\u00e9es<\/strong> pour d\u00e9couvrir la richesse du patrimoine et de la culture de la r\u00e9gion<\/li>\n\n\n\n<li>d\u00e9couvrez les <a href=\"https:\/\/www.alicanteturismo.com\/fr\/plaza-de-toros-les-arenes\/\" target=\"_blank\" rel=\"noreferrer noopener nofollow\">ar\u00e8nes d&rsquo;Alicante<\/a> (unes des plus anciennes encore actives de la Communaut\u00e9 de Valenciennes) et le <strong>Mus\u00e9e de la Tauromachie<\/strong><\/li>\n<\/ul>\n<\/div>\n<\/div>\n\n\n    <\/div>\n<\/section>\n\n<section id=\"ls-section-block_89013a9cbf0996dd19fe4e31ce0d2cee\" class=\"ls-section  page-maillage has-background has-color-3-background-color has-p-t p-t-14 has-p-b p-b-14\" >\n        <div class=\"container container--wide\">\n        \n\n<div id=\"ls-heading ls-titre-div-block_1e7f294c5830ed29b6421de2a2b2aa9a\" class=\"ls-titre-div aligncenter h2-like\" >\n    Tarifs et dispo<\/div>\n\n\n\n<p class=\"ls-paragraph has-text-align-center\">Du 29\/07\/2023 au 19\/08\/2023, le tarif est de <strong>1890 \u20ac la semaine<\/strong><\/p>\n\n\n <div id=\"form_id853201941120\" class=\"wpdevelop\"><form  id=\"booking_form3\"   class=\"booking_form vertical\" method=\"post\" action=\"\"><div id=\"ajax_respond_insert3\" class=\"ajax_respond_insert\" style=\"display:none;\"><\/div><a name=\"bklnk3\" id=\"bklnk3\"><\/a><div id=\"booking_form_div3\" class=\"booking_form_div\"><div class=\"wpbc_booking_form_structure wpbc_vertical\">\n  <div class=\"wpbc_structure_calendar\">\n    <div class=\"wpbc_change_over_triangle\"><style type=\"text\/css\" rel=\"stylesheet\" >.hasDatepick .datepick-inline .datepick-title-row th,.hasDatepick .datepick-inline .datepick-days-cell{ height: 40px !important; }<\/style><div class=\"bk_calendar_frame months_num_in_row_2 cal_month_num_2 wpbc_timeslot_day_bg_as_available\" style=\"width:100%;max-width:100%;\"><div id=\"calendar_booking3\">Chargement du calendrier...<\/div><\/div><div style=\"font-size:9px;text-align:left;margin-top:3px;\">Powered by <a style=\"font-size:9px;\" href=\"https:\/\/wpbookingcalendar.com\" target=\"_blank\" title=\"Booking Calendar plugin for WordPress\">Booking Calendar<\/a><\/div><textarea id=\"date_booking3\" name=\"date_booking3\" autocomplete=\"off\" style=\"display:none;\"><\/textarea><div class=\"block_hints datepick \"><div class=\"wpdev_hint_with_text\"><div class=\"block_free datepick-days-cell\"><a>&nbsp;<\/a><\/div><div class=\"block_text\">- <\/div><div class=\"block_text\">Disponible<\/div><\/div><div class=\"wpdev_hint_with_text\"><div class=\"block_booked date_approved\">&nbsp;<\/div><div class=\"block_text\">- <\/div><div class=\"block_text\">Reservado<\/div><\/div><div class=\"wpdev_hint_with_text\"><div class=\"block_pending date2approve\">&nbsp;<\/div><div class=\"block_text\">- <\/div><div class=\"block_text\">En suspenso<\/div><\/div><\/div><\/div>\n  <\/div>\n  <div class=\"wpbc_structure_form\">\n  <div class=\"form-group\">  <label for=\"name3\" class=\"control-label\">Nombre*:<\/label>   <div class=\"controls\">   <input type=\"text\" name=\"name3\" id=\"name3\" class=\"input-xlarge wpdev-validates-as-required\" \/><\/div><\/div>  <div class=\"form-group\">  <label for=\"email3\" class=\"control-label\">Email*:<\/label>   <div class=\"controls\">   <input type=\"text\" name=\"email3\" id=\"email3\" class=\"input-xlarge wpdev-validates-as-email wpdev-validates-as-required wpdev-validates-as-required\" \/><\/div><\/div>  <div class=\"form-group\">  <label for=\"phone3\" class=\"control-label\">Tel\u00e9fono*:<\/label>   <div class=\"controls\">   <input type=\"text\" name=\"phone3\" id=\"phone3\" class=\"input-xlarge wpdev-validates-as-required\" \/><\/div><\/div>  <div class=\"form-group\">  <label for=\"details3\" class=\"control-label\">Mensaje:<\/label>   <div class=\"controls\">   <textarea  rows=\"3\" name=\"details3\" id=\"details3\" class=\"input-xlarge\" ><\/textarea><\/div><\/div>  <div class=\"form-group\">   <div class=\"controls\">    <label for=\"rgpd3\" class=\"control-label\" style=\"display: inline-block;\">   <input type=\"checkbox\" name=\"rgpd3\" id=\"rgpd3\" class=\"wpdev-checkbox  wpdev-validates-as-required\" style=\"margin:0 4px 2px;\" value=\"true\"  value=\"Al marcar esta casilla, acepto la &lt;a href=&quot;\/politica-de-privacidad\/&quot;&gt;Pol\u00edtica de privacidad&lt;\/a&gt; de este sitio.\" \/>&nbsp;Al marcar esta casilla, acepto la <a href=\"\/politica-de-privacidad\/\">Pol\u00edtica de privacidad<\/a> de este sitio.<\/label><\/div><\/div><div class=\"form-group\"><input  autocomplete=\"off\" type=\"hidden\" name=\"wpdev_captcha_challenge_3\"  id=\"wpdev_captcha_challenge_3\" value=\"983176611\" \/><input  autocomplete=\"off\" type=\"text\" class=\"captachinput\" value=\"\" name=\"captcha_input3\" id=\"captcha_input3\" \/><img decoding=\"async\" class=\"captcha_img\"  id=\"captcha_img3\" alt=\"captcha\" src=\"https:\/\/www.campingorangeraie.com\/wp-content\/plugins\/booking\/js\/captcha\/tmp\/983176611.png\" \/><span id=\"captcha_msg3\" class=\"wpdev-help-message\" ><\/span><\/div>\n<div class=\"form-group\"><button class=\"btn btn-default\" type=\"button\" onclick=\"mybooking_submit(this.form,3,'fr_FR');\" >Enviar<\/button><\/div>\n  <\/div>\n<\/div>\n<div class=\"wpbc_booking_form_footer\"><\/div><input id=\"bk_type3\" name=\"bk_type3\" class=\"\" type=\"hidden\" value=\"3\" \/><\/div><div id=\"submiting3\"><\/div><div class=\"form_bk_messages\" id=\"form_bk_messages3\" ><\/div><input type=\"hidden\" id=\"wpbc_nonce3\" name=\"wpbc_nonce3\" value=\"1bbdabb2be\" \/><input type=\"hidden\" name=\"_wp_http_referer\" value=\"\/fr\/wp-json\/wp\/v2\/pages\/4897\" \/><input type=\"hidden\" id=\"wpbc_nonceCALCULATE_THE_COST3\" name=\"wpbc_nonceCALCULATE_THE_COST3\" value=\"d2006c6f03\" \/><input type=\"hidden\" name=\"_wp_http_referer\" value=\"\/fr\/wp-json\/wp\/v2\/pages\/4897\" \/><\/form><\/div><div id=\"booking_form_garbage3\" class=\"booking_form_garbage\"><\/div><script type=\"text\/javascript\">\n                                jQuery(document).ready( function(){\n                                    jQuery(\".widget_wpdev_booking .booking_form.form-horizontal\").removeClass(\"form-horizontal\");\n                                    var visible_booking_id_on_page_num = visible_booking_id_on_page.length;\n                                    if (visible_booking_id_on_page_num !== null ) {\n                                        for (var i=0;i< visible_booking_id_on_page_num ;i++){\n                                          if ( visible_booking_id_on_page[i]==\"booking_form_div3\" ) {\n                                              document.getElementById(\"form_id853201941120\").innerHTML = \"<span style='color:#A00;font-size:10px;'>Attention! Le calendrier des r\u00e9servations pour ce type de ressources est d\u00e9j\u00e0 sur la page, veuillez v\u00e9rifier toute question \u00e0 ce sujet sur cette page: https:\/\/wpbookingcalendar.com\/faq\/why-the-booking-calendar-widget-not-show-on-page\/.<\/span>\";                                                                                                  \n                                              jQuery(\"#form_id853201941120\").animate( {opacity: 1}, 10000 ).fadeOut(5000);\n                                              return;\n                                          }\n                                        }\n                                        visible_booking_id_on_page[ visible_booking_id_on_page_num ]=\"booking_form_div3\";\n                                    }\n                                });\n                            <\/script> <script type='text\/javascript'>  jQuery(document).ready( function(){  date_admin_blank[3] = [];  date2approve[3] = [];  var date_approved_par = [];  wpbc_resource_availability[ 3 ] = [''];   init_datepick_cal('3', date_approved_par, 2 , 6, [2024,7]   );  }); <\/script>\n\n\n    <\/div>\n<\/section>","protected":false},"excerpt":{"rendered":"","protected":false},"author":1,"featured_media":5108,"parent":0,"menu_order":0,"comment_status":"closed","ping_status":"closed","template":"","meta":{"_acf_changed":false,"footnotes":""},"sujet":[],"class_list":["post-4897","page","type-page","status-publish","has-post-thumbnail","hentry"],"acf":[],"yoast_head":"<!-- This site is optimized with the Yoast SEO plugin v23.4 - https:\/\/yoast.com\/wordpress\/plugins\/seo\/ -->\n<title>Location villa 4 chambres Alicante | Louer maison 8 personnes Costa Blanca<\/title>\n<meta name=\"robots\" content=\"index, follow, max-snippet:-1, max-image-preview:large, max-video-preview:-1\" \/>\n<link rel=\"canonical\" href=\"https:\/\/www.campingorangeraie.com\/fr\/location-villa-alicante\/\" \/>\n<meta property=\"og:locale\" content=\"fr_FR\" \/>\n<meta property=\"og:type\" content=\"article\" \/>\n<meta property=\"og:title\" content=\"Location villa 4 chambres Alicante | Louer maison 8 personnes Costa Blanca\" \/>\n<meta property=\"og:url\" content=\"https:\/\/www.campingorangeraie.com\/fr\/location-villa-alicante\/\" \/>\n<meta property=\"og:site_name\" content=\"Camping Orangeraie\" \/>\n<meta property=\"article:modified_time\" content=\"2024-03-22T15:33:20+00:00\" \/>\n<meta property=\"og:image\" content=\"https:\/\/www.campingorangeraie.com\/wp-content\/uploads\/2023\/02\/location-villa-bonalba.webp\" \/>\n\t<meta property=\"og:image:width\" content=\"1900\" \/>\n\t<meta property=\"og:image:height\" content=\"1210\" \/>\n\t<meta property=\"og:image:type\" content=\"image\/webp\" \/>\n<meta name=\"twitter:card\" content=\"summary_large_image\" \/>\n<meta name=\"twitter:label1\" content=\"Dur\u00e9e de lecture estim\u00e9e\" \/>\n\t<meta name=\"twitter:data1\" content=\"5 minutes\" \/>\n<script type=\"application\/ld+json\" class=\"yoast-schema-graph\">{\"@context\":\"https:\/\/schema.org\",\"@graph\":[{\"@type\":\"WebPage\",\"@id\":\"https:\/\/www.campingorangeraie.com\/fr\/location-villa-alicante\/\",\"url\":\"https:\/\/www.campingorangeraie.com\/fr\/location-villa-alicante\/\",\"name\":\"Location villa 4 chambres Alicante | Louer maison 8 personnes Costa Blanca\",\"isPartOf\":{\"@id\":\"https:\/\/www.campingorangeraie.com\/#website\"},\"primaryImageOfPage\":{\"@id\":\"https:\/\/www.campingorangeraie.com\/fr\/location-villa-alicante\/#primaryimage\"},\"image\":{\"@id\":\"https:\/\/www.campingorangeraie.com\/fr\/location-villa-alicante\/#primaryimage\"},\"thumbnailUrl\":\"https:\/\/www.campingorangeraie.com\/wp-content\/uploads\/2023\/02\/location-villa-bonalba.webp\",\"datePublished\":\"2023-02-02T14:51:02+00:00\",\"dateModified\":\"2024-03-22T15:33:20+00:00\",\"breadcrumb\":{\"@id\":\"https:\/\/www.campingorangeraie.com\/fr\/location-villa-alicante\/#breadcrumb\"},\"inLanguage\":\"fr-FR\",\"potentialAction\":[{\"@type\":\"ReadAction\",\"target\":[\"https:\/\/www.campingorangeraie.com\/fr\/location-villa-alicante\/\"]}]},{\"@type\":\"ImageObject\",\"inLanguage\":\"fr-FR\",\"@id\":\"https:\/\/www.campingorangeraie.com\/fr\/location-villa-alicante\/#primaryimage\",\"url\":\"https:\/\/www.campingorangeraie.com\/wp-content\/uploads\/2023\/02\/location-villa-bonalba.webp\",\"contentUrl\":\"https:\/\/www.campingorangeraie.com\/wp-content\/uploads\/2023\/02\/location-villa-bonalba.webp\",\"width\":1900,\"height\":1210,\"caption\":\"location villa bonalba\"},{\"@type\":\"BreadcrumbList\",\"@id\":\"https:\/\/www.campingorangeraie.com\/fr\/location-villa-alicante\/#breadcrumb\",\"itemListElement\":[{\"@type\":\"ListItem\",\"position\":1,\"name\":\"Camping Peniscola\",\"item\":\"https:\/\/www.campingorangeraie.com\/fr\/\"},{\"@type\":\"ListItem\",\"position\":2,\"name\":\"La Villa de Bonalba &#8211; Alicante\"}]},{\"@type\":\"WebSite\",\"@id\":\"https:\/\/www.campingorangeraie.com\/#website\",\"url\":\"https:\/\/www.campingorangeraie.com\/\",\"name\":\"Camping Orangeraie\",\"description\":\"\",\"publisher\":{\"@id\":\"https:\/\/www.campingorangeraie.com\/#organization\"},\"potentialAction\":[{\"@type\":\"SearchAction\",\"target\":{\"@type\":\"EntryPoint\",\"urlTemplate\":\"https:\/\/www.campingorangeraie.com\/?s={search_term_string}\"},\"query-input\":{\"@type\":\"PropertyValueSpecification\",\"valueRequired\":true,\"valueName\":\"search_term_string\"}}],\"inLanguage\":\"fr-FR\"},{\"@type\":\"Organization\",\"@id\":\"https:\/\/www.campingorangeraie.com\/#organization\",\"name\":\"Camping L'Orangeraie\",\"url\":\"https:\/\/www.campingorangeraie.com\/\",\"logo\":{\"@type\":\"ImageObject\",\"inLanguage\":\"fr-FR\",\"@id\":\"https:\/\/www.campingorangeraie.com\/#\/schema\/logo\/image\/\",\"url\":\"https:\/\/www.campingorangeraie.com\/wp-content\/uploads\/2022\/09\/logo_orangeraie-banner.png\",\"contentUrl\":\"https:\/\/www.campingorangeraie.com\/wp-content\/uploads\/2022\/09\/logo_orangeraie-banner.png\",\"width\":500,\"height\":500,\"caption\":\"Camping L'Orangeraie\"},\"image\":{\"@id\":\"https:\/\/www.campingorangeraie.com\/#\/schema\/logo\/image\/\"}}]}<\/script>\n<!-- \/ Yoast SEO plugin. -->","yoast_head_json":{"title":"Location villa 4 chambres Alicante | Louer maison 8 personnes Costa Blanca","robots":{"index":"index","follow":"follow","max-snippet":"max-snippet:-1","max-image-preview":"max-image-preview:large","max-video-preview":"max-video-preview:-1"},"canonical":"https:\/\/www.campingorangeraie.com\/fr\/location-villa-alicante\/","og_locale":"fr_FR","og_type":"article","og_title":"Location villa 4 chambres Alicante | Louer maison 8 personnes Costa Blanca","og_url":"https:\/\/www.campingorangeraie.com\/fr\/location-villa-alicante\/","og_site_name":"Camping Orangeraie","article_modified_time":"2024-03-22T15:33:20+00:00","og_image":[{"width":1900,"height":1210,"url":"https:\/\/www.campingorangeraie.com\/wp-content\/uploads\/2023\/02\/location-villa-bonalba.webp","type":"image\/webp"}],"twitter_card":"summary_large_image","twitter_misc":{"Dur\u00e9e de lecture estim\u00e9e":"5 minutes"},"schema":{"@context":"https:\/\/schema.org","@graph":[{"@type":"WebPage","@id":"https:\/\/www.campingorangeraie.com\/fr\/location-villa-alicante\/","url":"https:\/\/www.campingorangeraie.com\/fr\/location-villa-alicante\/","name":"Location villa 4 chambres Alicante | Louer maison 8 personnes Costa Blanca","isPartOf":{"@id":"https:\/\/www.campingorangeraie.com\/#website"},"primaryImageOfPage":{"@id":"https:\/\/www.campingorangeraie.com\/fr\/location-villa-alicante\/#primaryimage"},"image":{"@id":"https:\/\/www.campingorangeraie.com\/fr\/location-villa-alicante\/#primaryimage"},"thumbnailUrl":"https:\/\/www.campingorangeraie.com\/wp-content\/uploads\/2023\/02\/location-villa-bonalba.webp","datePublished":"2023-02-02T14:51:02+00:00","dateModified":"2024-03-22T15:33:20+00:00","breadcrumb":{"@id":"https:\/\/www.campingorangeraie.com\/fr\/location-villa-alicante\/#breadcrumb"},"inLanguage":"fr-FR","potentialAction":[{"@type":"ReadAction","target":["https:\/\/www.campingorangeraie.com\/fr\/location-villa-alicante\/"]}]},{"@type":"ImageObject","inLanguage":"fr-FR","@id":"https:\/\/www.campingorangeraie.com\/fr\/location-villa-alicante\/#primaryimage","url":"https:\/\/www.campingorangeraie.com\/wp-content\/uploads\/2023\/02\/location-villa-bonalba.webp","contentUrl":"https:\/\/www.campingorangeraie.com\/wp-content\/uploads\/2023\/02\/location-villa-bonalba.webp","width":1900,"height":1210,"caption":"location villa bonalba"},{"@type":"BreadcrumbList","@id":"https:\/\/www.campingorangeraie.com\/fr\/location-villa-alicante\/#breadcrumb","itemListElement":[{"@type":"ListItem","position":1,"name":"Camping Peniscola","item":"https:\/\/www.campingorangeraie.com\/fr\/"},{"@type":"ListItem","position":2,"name":"La Villa de Bonalba &#8211; Alicante"}]},{"@type":"WebSite","@id":"https:\/\/www.campingorangeraie.com\/#website","url":"https:\/\/www.campingorangeraie.com\/","name":"Camping Orangeraie","description":"","publisher":{"@id":"https:\/\/www.campingorangeraie.com\/#organization"},"potentialAction":[{"@type":"SearchAction","target":{"@type":"EntryPoint","urlTemplate":"https:\/\/www.campingorangeraie.com\/?s={search_term_string}"},"query-input":{"@type":"PropertyValueSpecification","valueRequired":true,"valueName":"search_term_string"}}],"inLanguage":"fr-FR"},{"@type":"Organization","@id":"https:\/\/www.campingorangeraie.com\/#organization","name":"Camping L'Orangeraie","url":"https:\/\/www.campingorangeraie.com\/","logo":{"@type":"ImageObject","inLanguage":"fr-FR","@id":"https:\/\/www.campingorangeraie.com\/#\/schema\/logo\/image\/","url":"https:\/\/www.campingorangeraie.com\/wp-content\/uploads\/2022\/09\/logo_orangeraie-banner.png","contentUrl":"https:\/\/www.campingorangeraie.com\/wp-content\/uploads\/2022\/09\/logo_orangeraie-banner.png","width":500,"height":500,"caption":"Camping L'Orangeraie"},"image":{"@id":"https:\/\/www.campingorangeraie.com\/#\/schema\/logo\/image\/"}}]}},"_links":{"self":[{"href":"https:\/\/www.campingorangeraie.com\/fr\/wp-json\/wp\/v2\/pages\/4897","targetHints":{"allow":["GET"]}}],"collection":[{"href":"https:\/\/www.campingorangeraie.com\/fr\/wp-json\/wp\/v2\/pages"}],"about":[{"href":"https:\/\/www.campingorangeraie.com\/fr\/wp-json\/wp\/v2\/types\/page"}],"author":[{"embeddable":true,"href":"https:\/\/www.campingorangeraie.com\/fr\/wp-json\/wp\/v2\/users\/1"}],"replies":[{"embeddable":true,"href":"https:\/\/www.campingorangeraie.com\/fr\/wp-json\/wp\/v2\/comments?post=4897"}],"version-history":[{"count":194,"href":"https:\/\/www.campingorangeraie.com\/fr\/wp-json\/wp\/v2\/pages\/4897\/revisions"}],"predecessor-version":[{"id":8675,"href":"https:\/\/www.campingorangeraie.com\/fr\/wp-json\/wp\/v2\/pages\/4897\/revisions\/8675"}],"wp:featuredmedia":[{"embeddable":true,"href":"https:\/\/www.campingorangeraie.com\/fr\/wp-json\/wp\/v2\/media\/5108"}],"wp:attachment":[{"href":"https:\/\/www.campingorangeraie.com\/fr\/wp-json\/wp\/v2\/media?parent=4897"}],"wp:term":[{"taxonomy":"sujet","embeddable":true,"href":"https:\/\/www.campingorangeraie.com\/fr\/wp-json\/wp\/v2\/sujet?post=4897"}],"curies":[{"name":"wp","href":"https:\/\/api.w.org\/{rel}","templated":true}]}}