{"id":294,"date":"2022-09-01T16:43:39","date_gmt":"2022-09-01T14:43:39","guid":{"rendered":"https:\/\/www.campingorangeraie.com\/?page_id=294"},"modified":"2026-03-05T16:09:11","modified_gmt":"2026-03-05T15:09:11","slug":"accueil","status":"publish","type":"page","link":"https:\/\/www.campingorangeraie.com\/fr\/","title":{"rendered":"Accueil"},"content":{"rendered":"<section id=\"ls-section-block_888d41faa08f9cde6b643484cb83451c\" class=\"ls-section  has-m-t m-t-1 has-m-b m-b-0 has-p-t p-t-3 has-p-b p-b-0\" >\n        <div class=\"container \">\n        \n\n<div style=\"height:400 px;\">\n<div id=\"elaia-window\" class=\"elaia-window-close\"><\/div>\n<\/div>\n\n\n    <\/div>\n<\/section>\n\n<section id=\"ls-section-block_86bb29d106fde51da27a2df52b383174\" class=\"ls-section  home-entete has-p-t p-t-14 has-p-b p-b-0\" >\n        <div class=\"container container--wide\">\n        \n\n<div class=\"wp-block-columns is-layout-flex wp-container-core-columns-is-layout-9d6595d7 wp-block-columns-is-layout-flex\">\n<div class=\"wp-block-column is-vertically-aligned-center is-layout-flow wp-block-column-is-layout-flow\">\n<h1 class=\"ls__heading wp-block-heading has-text-align-left animated fadeInLeft delay-200ms\">Bienvenue en glamping !<\/h1>\n<\/div>\n\n\n\n<div class=\"wp-block-column is-layout-flow wp-block-column-is-layout-flow\">\n<figure class=\"wp-block-gallery has-nested-images columns-default is-cropped wp-block-gallery-1 is-layout-flex wp-block-gallery-is-layout-flex\">\n<figure class=\"wp-block-image size-full\"><a href=\"https:\/\/www.campingorangeraie.com\/wp-content\/uploads\/2024\/05\/Maison-1-@orangeraie-2025-23-scaled.jpeg\"><img loading=\"lazy\" decoding=\"async\" width=\"2560\" height=\"1920\" data-id=\"11945\" src=\"https:\/\/www.campingorangeraie.com\/wp-content\/uploads\/2024\/05\/Maison-1-@orangeraie-2025-23-scaled.jpeg\" alt=\"\" class=\"wp-image-11945\" srcset=\"https:\/\/www.campingorangeraie.com\/wp-content\/uploads\/2024\/05\/Maison-1-@orangeraie-2025-23-scaled.jpeg 2560w, https:\/\/www.campingorangeraie.com\/wp-content\/uploads\/2024\/05\/Maison-1-@orangeraie-2025-23-300x225.jpeg 300w, https:\/\/www.campingorangeraie.com\/wp-content\/uploads\/2024\/05\/Maison-1-@orangeraie-2025-23-1024x768.jpeg 1024w, https:\/\/www.campingorangeraie.com\/wp-content\/uploads\/2024\/05\/Maison-1-@orangeraie-2025-23-768x576.jpeg 768w, https:\/\/www.campingorangeraie.com\/wp-content\/uploads\/2024\/05\/Maison-1-@orangeraie-2025-23-1536x1152.jpeg 1536w, https:\/\/www.campingorangeraie.com\/wp-content\/uploads\/2024\/05\/Maison-1-@orangeraie-2025-23-2048x1536.jpeg 2048w\" sizes=\"auto, (max-width: 2560px) 100vw, 2560px\" \/><\/a><\/figure>\n\n\n\n<figure class=\"wp-block-image size-full\"><a href=\"https:\/\/www.campingorangeraie.com\/wp-content\/uploads\/2025\/11\/2.png\"><img loading=\"lazy\" decoding=\"async\" width=\"400\" height=\"600\" data-id=\"14310\" src=\"https:\/\/www.campingorangeraie.com\/wp-content\/uploads\/2025\/11\/2.png\" alt=\"\" class=\"wp-image-14310\" srcset=\"https:\/\/www.campingorangeraie.com\/wp-content\/uploads\/2025\/11\/2.png 400w, https:\/\/www.campingorangeraie.com\/wp-content\/uploads\/2025\/11\/2-200x300.png 200w\" sizes=\"auto, (max-width: 400px) 100vw, 400px\" \/><\/a><\/figure>\n<\/figure>\n<\/div>\n<\/div>\n\n\n    <\/div>\n<\/section>\n\n<section id=\"ls-section-block_0d89b91dd3b78c1b0ca54712b3cb3e69\" class=\"ls-section  home-intro has-p-t p-t-2\" >\n        <div class=\"container container--wide\">\n        \n\n<div class=\"wp-block-columns is-layout-flex wp-container-core-columns-is-layout-9d6595d7 wp-block-columns-is-layout-flex\">\n<div class=\"wp-block-column left is-layout-flow wp-block-column-is-layout-flow\" style=\"flex-basis:66.66%\">\n<figure class=\"wp-block-gallery has-nested-images columns-default is-cropped animated fadeInLeft delay-200ms wp-block-gallery-2 is-layout-flex wp-block-gallery-is-layout-flex\">\n<figure class=\"wp-block-image size-full\"><a href=\"https:\/\/www.campingorangeraie.com\/wp-content\/uploads\/2025\/11\/Dome-28-scaled.jpg\"><img loading=\"lazy\" decoding=\"async\" width=\"2560\" height=\"1707\" data-id=\"14268\" src=\"https:\/\/www.campingorangeraie.com\/wp-content\/uploads\/2025\/11\/Dome-28-scaled.jpg\" alt=\"\" class=\"wp-image-14268\" srcset=\"https:\/\/www.campingorangeraie.com\/wp-content\/uploads\/2025\/11\/Dome-28-scaled.jpg 2560w, https:\/\/www.campingorangeraie.com\/wp-content\/uploads\/2025\/11\/Dome-28-300x200.jpg 300w, https:\/\/www.campingorangeraie.com\/wp-content\/uploads\/2025\/11\/Dome-28-1024x683.jpg 1024w, https:\/\/www.campingorangeraie.com\/wp-content\/uploads\/2025\/11\/Dome-28-768x512.jpg 768w, https:\/\/www.campingorangeraie.com\/wp-content\/uploads\/2025\/11\/Dome-28-1536x1024.jpg 1536w, https:\/\/www.campingorangeraie.com\/wp-content\/uploads\/2025\/11\/Dome-28-2048x1365.jpg 2048w\" sizes=\"auto, (max-width: 2560px) 100vw, 2560px\" \/><\/a><\/figure>\n\n\n\n<figure class=\"wp-block-image size-full\"><a href=\"https:\/\/www.campingorangeraie.com\/wp-content\/uploads\/2025\/12\/FCB710C3-B456-47C3-BF61-E0F20F766143-scaled.jpg\"><img loading=\"lazy\" decoding=\"async\" width=\"1920\" height=\"2560\" data-id=\"14382\" src=\"https:\/\/www.campingorangeraie.com\/wp-content\/uploads\/2025\/12\/FCB710C3-B456-47C3-BF61-E0F20F766143-scaled.jpg\" alt=\"\" class=\"wp-image-14382\" srcset=\"https:\/\/www.campingorangeraie.com\/wp-content\/uploads\/2025\/12\/FCB710C3-B456-47C3-BF61-E0F20F766143-scaled.jpg 1920w, https:\/\/www.campingorangeraie.com\/wp-content\/uploads\/2025\/12\/FCB710C3-B456-47C3-BF61-E0F20F766143-225x300.jpg 225w, https:\/\/www.campingorangeraie.com\/wp-content\/uploads\/2025\/12\/FCB710C3-B456-47C3-BF61-E0F20F766143-768x1024.jpg 768w, https:\/\/www.campingorangeraie.com\/wp-content\/uploads\/2025\/12\/FCB710C3-B456-47C3-BF61-E0F20F766143-1152x1536.jpg 1152w, https:\/\/www.campingorangeraie.com\/wp-content\/uploads\/2025\/12\/FCB710C3-B456-47C3-BF61-E0F20F766143-1536x2048.jpg 1536w\" sizes=\"auto, (max-width: 1920px) 100vw, 1920px\" \/><\/a><\/figure>\n<\/figure>\n\n\n\n<figure class=\"wp-block-image size-full third animated fadeInRight delay-200ms\"><a href=\"https:\/\/www.campingorangeraie.com\/wp-content\/uploads\/2025\/11\/Maison-1-@orangeraie-2025-2-scaled.jpg\"><img loading=\"lazy\" decoding=\"async\" width=\"2560\" height=\"1920\" src=\"https:\/\/www.campingorangeraie.com\/wp-content\/uploads\/2025\/11\/Maison-1-@orangeraie-2025-2-scaled.jpg\" alt=\"\" class=\"wp-image-14293\" srcset=\"https:\/\/www.campingorangeraie.com\/wp-content\/uploads\/2025\/11\/Maison-1-@orangeraie-2025-2-scaled.jpg 2560w, https:\/\/www.campingorangeraie.com\/wp-content\/uploads\/2025\/11\/Maison-1-@orangeraie-2025-2-300x225.jpg 300w, https:\/\/www.campingorangeraie.com\/wp-content\/uploads\/2025\/11\/Maison-1-@orangeraie-2025-2-1024x768.jpg 1024w, https:\/\/www.campingorangeraie.com\/wp-content\/uploads\/2025\/11\/Maison-1-@orangeraie-2025-2-768x576.jpg 768w, https:\/\/www.campingorangeraie.com\/wp-content\/uploads\/2025\/11\/Maison-1-@orangeraie-2025-2-1536x1152.jpg 1536w, https:\/\/www.campingorangeraie.com\/wp-content\/uploads\/2025\/11\/Maison-1-@orangeraie-2025-2-2048x1536.jpg 2048w\" sizes=\"auto, (max-width: 2560px) 100vw, 2560px\" \/><\/a><\/figure>\n\n\n\n<figure class=\"wp-block-image size-full map\"><img loading=\"lazy\" decoding=\"async\" width=\"850\" height=\"1156\" src=\"https:\/\/www.campingorangeraie.com\/wp-content\/uploads\/2022\/09\/castellon-catalogne-3.png\" alt=\"castellon catalogne\" class=\"wp-image-2285\" srcset=\"https:\/\/www.campingorangeraie.com\/wp-content\/uploads\/2022\/09\/castellon-catalogne-3.png 850w, https:\/\/www.campingorangeraie.com\/wp-content\/uploads\/2022\/09\/castellon-catalogne-3-221x300.png 221w, https:\/\/www.campingorangeraie.com\/wp-content\/uploads\/2022\/09\/castellon-catalogne-3-753x1024.png 753w, https:\/\/www.campingorangeraie.com\/wp-content\/uploads\/2022\/09\/castellon-catalogne-3-768x1044.png 768w\" sizes=\"auto, (max-width: 850px) 100vw, 850px\" \/><\/figure>\n<\/div>\n\n\n\n<div class=\"wp-block-column right is-layout-flow wp-block-column-is-layout-flow\" style=\"flex-basis:33.33%\">\n<h2 class=\"ls__heading wp-block-heading\">Votre camping familial \u00e0 <strong>C\u00e0lig<\/strong> en Espagne<\/h2>\n\n\n\n<p class=\"ls-paragraph\">Camping L\u2019Orangeraie 3 \u00e9toiles \u00e0 <strong>C\u00e0lig en Espagne<\/strong>, pr\u00e8s de Pe\u00f1iscola.<\/p>\n\n\n\n<p class=\"ls-paragraph\">L\u2019\u00e9quipe de l\u2019Orangeraie vous accueille dans notre Camping \u00e0 <strong>C\u00e0lig<\/strong>, en Espagne sur la Costa Azahar. Province de Castell\u00f3n (Communaut\u00e9 Valencienne). Nous vous garantissons des <a href=\"\/fr\/camping-familial-calig\/\">services de qualit\u00e9<\/a> pour votre s\u00e9jour en famille.<\/p>\n\n\n\n<figure class=\"wp-block-image size-full one animated fadeInRight delay-200ms\"><a href=\"https:\/\/www.campingorangeraie.com\/wp-content\/uploads\/2025\/11\/DSC06425-HDR-scaled.jpg\"><img loading=\"lazy\" decoding=\"async\" width=\"1675\" height=\"2560\" src=\"https:\/\/www.campingorangeraie.com\/wp-content\/uploads\/2025\/11\/DSC06425-HDR-scaled.jpg\" alt=\"\" class=\"wp-image-14288\" srcset=\"https:\/\/www.campingorangeraie.com\/wp-content\/uploads\/2025\/11\/DSC06425-HDR-scaled.jpg 1675w, https:\/\/www.campingorangeraie.com\/wp-content\/uploads\/2025\/11\/DSC06425-HDR-196x300.jpg 196w, https:\/\/www.campingorangeraie.com\/wp-content\/uploads\/2025\/11\/DSC06425-HDR-670x1024.jpg 670w, https:\/\/www.campingorangeraie.com\/wp-content\/uploads\/2025\/11\/DSC06425-HDR-768x1174.jpg 768w, https:\/\/www.campingorangeraie.com\/wp-content\/uploads\/2025\/11\/DSC06425-HDR-1005x1536.jpg 1005w, https:\/\/www.campingorangeraie.com\/wp-content\/uploads\/2025\/11\/DSC06425-HDR-1340x2048.jpg 1340w\" sizes=\"auto, (max-width: 1675px) 100vw, 1675px\" \/><\/a><\/figure>\n\n\n\n<figure class=\"wp-block-image size-full two animated fadeInRight\"><a href=\"https:\/\/www.campingorangeraie.com\/wp-content\/uploads\/2025\/12\/P7280545-scaled.jpg\"><img loading=\"lazy\" decoding=\"async\" width=\"2560\" height=\"1920\" src=\"https:\/\/www.campingorangeraie.com\/wp-content\/uploads\/2025\/12\/P7280545-scaled.jpg\" alt=\"\" class=\"wp-image-14391\" srcset=\"https:\/\/www.campingorangeraie.com\/wp-content\/uploads\/2025\/12\/P7280545-scaled.jpg 2560w, https:\/\/www.campingorangeraie.com\/wp-content\/uploads\/2025\/12\/P7280545-300x225.jpg 300w, https:\/\/www.campingorangeraie.com\/wp-content\/uploads\/2025\/12\/P7280545-1024x768.jpg 1024w, https:\/\/www.campingorangeraie.com\/wp-content\/uploads\/2025\/12\/P7280545-768x576.jpg 768w, https:\/\/www.campingorangeraie.com\/wp-content\/uploads\/2025\/12\/P7280545-1536x1152.jpg 1536w, https:\/\/www.campingorangeraie.com\/wp-content\/uploads\/2025\/12\/P7280545-2048x1536.jpg 2048w\" sizes=\"auto, (max-width: 2560px) 100vw, 2560px\" \/><\/a><\/figure>\n\n\n\n<p class=\"ls-paragraph\"><strong>C\u00e0lig<\/strong>, village de 2000 habitants est typiquement Espagnol, paisible, avec ses petites rues, ses petits commerces et la gentillesse naturelle des locaux. Il ne faut surtout pas manquer la grande f\u00eate locale du 8 au 17 Ao\u00fbt avec les \u00ab toros \u00bb qui envahissent les rues.<\/p>\n<\/div>\n<\/div>\n\n\n\n<h2 class=\"ls__heading wp-block-heading has-text-align-center\">D\u00e9couvrez les animations au camping<\/h2>\n\n\n\n<p class=\"ls-paragraph has-text-align-center has-color-black-color has-text-color has-link-color wp-elements-6f2bc028cb1b47ae00b3b4929db8787d\">Durant votre s\u00e9jour vous pourrez participer \u00e0 toutes nos <a href=\"\/fr\/camping-animation-calig\/\"><mark style=\"background-color:rgba(0, 0, 0, 0)\" class=\"has-inline-color has-color-black-color\">animations dans notre camping \u00e0 <strong>C\u00e0lig<\/strong><\/mark><\/a>. Notre \u00e9quipe vous r\u00e9serve des animations familiales et des soir\u00e9es \u00e0 th\u00e8mes pour vous faire vivre un s\u00e9jour inoubliable.<\/p>\n\n\n    <\/div>\n<\/section>\n\n<section id=\"ls-section-block_08d3bfdb8adb6b0515f1e645ceb1a3ed\" class=\"ls-section  home-parallax-one has-background-image has-parallax has-background has-color-2-background-color has-p-t p-t-30 has-p-b p-b-30\" >\n    <div class=\"ls-section__background-image opacity-70\"><img decoding=\"async\" src=\"https:\/\/www.campingorangeraie.com\/wp-content\/uploads\/2022\/09\/camping-orangeraie-flamenco.jpg\" alt=\"camping orangeraie flamenco\"><\/div>    <div class=\"container container--wide\">\n        \n\n\n\n<a href=\"\/fr\/location-mobil-home-calig\/\" id=\"ls-button-block_2df51653ea3df0c31e7ed30850b353ab\" target=\"\" rel=\"\" class=\"ls-button aligncenter\" ><span>R\u00e9server<\/span>  ><\/a>\n\n\n\n\n<h2 class=\"ls__heading wp-block-heading has-text-align-center\"><\/h2>\n\n\n\n<p class=\"ls-paragraph has-text-align-center\"><\/p>\n\n\n    <\/div>\n<\/section>\n\n<section id=\"ls-section-block_1b9c167b73a0a26a79eb3e752eff2dda\" class=\"ls-section  home-animations has-p-t p-t-20 has-p-b p-b-14\" >\n        <div class=\"container container--wide\">\n        \n\n<div class=\"wp-block-columns is-layout-flex wp-container-core-columns-is-layout-9d6595d7 wp-block-columns-is-layout-flex\">\n<div class=\"wp-block-column left animated fadeInUp delay-200ms is-layout-flow wp-block-column-is-layout-flow\">\n<figure class=\"wp-block-image size-full\"><a href=\"https:\/\/www.campingorangeraie.com\/wp-content\/uploads\/2025\/12\/Piscines-@orangeraie-2025-34-scaled.jpg\"><img loading=\"lazy\" decoding=\"async\" width=\"2560\" height=\"1920\" src=\"https:\/\/www.campingorangeraie.com\/wp-content\/uploads\/2025\/12\/Piscines-@orangeraie-2025-34-scaled.jpg\" alt=\"\" class=\"wp-image-14369\" srcset=\"https:\/\/www.campingorangeraie.com\/wp-content\/uploads\/2025\/12\/Piscines-@orangeraie-2025-34-scaled.jpg 2560w, https:\/\/www.campingorangeraie.com\/wp-content\/uploads\/2025\/12\/Piscines-@orangeraie-2025-34-300x225.jpg 300w, https:\/\/www.campingorangeraie.com\/wp-content\/uploads\/2025\/12\/Piscines-@orangeraie-2025-34-1024x768.jpg 1024w, https:\/\/www.campingorangeraie.com\/wp-content\/uploads\/2025\/12\/Piscines-@orangeraie-2025-34-768x576.jpg 768w, https:\/\/www.campingorangeraie.com\/wp-content\/uploads\/2025\/12\/Piscines-@orangeraie-2025-34-1536x1152.jpg 1536w, https:\/\/www.campingorangeraie.com\/wp-content\/uploads\/2025\/12\/Piscines-@orangeraie-2025-34-2048x1536.jpg 2048w\" sizes=\"auto, (max-width: 2560px) 100vw, 2560px\" \/><\/a><figcaption class=\"wp-element-caption\">Camping Orangeraie @2025 @kikevist_Thierry<\/figcaption><\/figure>\n<\/div>\n\n\n\n<div class=\"wp-block-column is-vertically-aligned-top right animated fadeInDown delay-200ms is-layout-flow wp-block-column-is-layout-flow\">\n<h2 class=\"ls__heading wp-block-heading\">Nos animations<\/h2>\n\n\n\n<p class=\"ls-paragraph\">Animations tous les jours du 20 Juin au 8 Septembre pour le Bonheur des petits et des grands.<\/p>\n\n\n\n<p class=\"ls-paragraph\">OBJECTIFS:<\/p>\n\n\n\n<ul class=\"ls-list ls-list-undefined wp-block-list\">\n<li>Divertir toute la famille avec diff\u00e9rentes activit\u00e9s et loisirs<\/li>\n\n\n\n<li>Encourager le travail d&rsquo;\u00e9quipe<\/li>\n\n\n\n<li>Favoriser les relations sociales<\/li>\n<\/ul>\n\n\n\n<div class=\"wp-block-columns is-layout-flex wp-container-core-columns-is-layout-9d6595d7 wp-block-columns-is-layout-flex\">\n<div class=\"wp-block-column has-background is-layout-flow wp-block-column-is-layout-flow\"><\/div>\n<\/div>\n<\/div>\n<\/div>\n\n\n    <\/div>\n<\/section>\n\n<section id=\"ls-section-block_db0316e9545e776969f06e1509ca9c64\" class=\"ls-section  home-piscine has-p-t p-t-14 has-p-b p-b-20\" >\n        <div class=\"container container--full\">\n        \n\n<div class=\"wp-block-columns is-layout-flex wp-container-core-columns-is-layout-9d6595d7 wp-block-columns-is-layout-flex\">\n<div class=\"wp-block-column content is-layout-flow wp-block-column-is-layout-flow\">\n<h2 class=\"ls__heading wp-block-heading has-text-align-center\">L\u2019espace aquatique unique<\/h2>\n\n\n\n<p class=\"ls-paragraph has-text-align-center\">Dans une<strong> ambiance familiale<\/strong> et paisible \u00e0 proximit\u00e9 du village typique de C\u00e1lig, venez passer vos vacances de r\u00eaves dans un <a href=\"\/fr\/camping-espace-aquatique-calig\/\">camping en Espagne avec parc aquatique<\/a>. Compos\u00e9 de deux<strong> grands bassins<\/strong> dont une avec des jets massant ,d\u2019une<strong> piscine enfant <\/strong>avec <strong>toboggan enfant<\/strong>, ainsi qu&rsquo;une <strong>pataugeoire et solarium<\/strong> pour vous d\u00e9tendre entre amis ou en famille.<\/p>\n\n\n\n<p class=\"ls-paragraph has-text-align-center\">Dans ce cadre d\u00e9tente vous sera propos\u00e9 le matin une <strong>s\u00e9ance d\u2019aquagym<\/strong>. <\/p>\n\n\n\n<p class=\"ls-paragraph has-text-align-center\">Nous vous proposons la Possibilit\u00e9 de massages sur rendez vous .<\/p>\n<\/div>\n<\/div>\n\n\n\n<figure class=\"wp-block-gallery has-nested-images columns-default is-cropped animated fadeInUp delay-200ms wp-block-gallery-3 is-layout-flex wp-block-gallery-is-layout-flex\">\n<figure class=\"wp-block-image size-full one\"><a href=\"https:\/\/www.campingorangeraie.com\/wp-content\/uploads\/2025\/11\/Glamping-Orangeraie-2024-2-scaled.jpg\"><img loading=\"lazy\" decoding=\"async\" width=\"2560\" height=\"1707\" data-id=\"14218\" src=\"https:\/\/www.campingorangeraie.com\/wp-content\/uploads\/2025\/11\/Glamping-Orangeraie-2024-2-scaled.jpg\" alt=\"\" class=\"wp-image-14218\" srcset=\"https:\/\/www.campingorangeraie.com\/wp-content\/uploads\/2025\/11\/Glamping-Orangeraie-2024-2-scaled.jpg 2560w, https:\/\/www.campingorangeraie.com\/wp-content\/uploads\/2025\/11\/Glamping-Orangeraie-2024-2-300x200.jpg 300w, https:\/\/www.campingorangeraie.com\/wp-content\/uploads\/2025\/11\/Glamping-Orangeraie-2024-2-1024x683.jpg 1024w, https:\/\/www.campingorangeraie.com\/wp-content\/uploads\/2025\/11\/Glamping-Orangeraie-2024-2-768x512.jpg 768w, https:\/\/www.campingorangeraie.com\/wp-content\/uploads\/2025\/11\/Glamping-Orangeraie-2024-2-1536x1024.jpg 1536w, https:\/\/www.campingorangeraie.com\/wp-content\/uploads\/2025\/11\/Glamping-Orangeraie-2024-2-2048x1365.jpg 2048w\" sizes=\"auto, (max-width: 2560px) 100vw, 2560px\" \/><\/a><\/figure>\n\n\n\n<figure class=\"wp-block-image size-full two\"><a href=\"https:\/\/www.campingorangeraie.com\/wp-content\/uploads\/2025\/12\/Piscines-@orangeraie-2025-61-scaled.jpg\"><img loading=\"lazy\" decoding=\"async\" width=\"1920\" height=\"2560\" data-id=\"14376\" src=\"https:\/\/www.campingorangeraie.com\/wp-content\/uploads\/2025\/12\/Piscines-@orangeraie-2025-61-scaled.jpg\" alt=\"\" class=\"wp-image-14376\" srcset=\"https:\/\/www.campingorangeraie.com\/wp-content\/uploads\/2025\/12\/Piscines-@orangeraie-2025-61-scaled.jpg 1920w, https:\/\/www.campingorangeraie.com\/wp-content\/uploads\/2025\/12\/Piscines-@orangeraie-2025-61-225x300.jpg 225w, https:\/\/www.campingorangeraie.com\/wp-content\/uploads\/2025\/12\/Piscines-@orangeraie-2025-61-768x1024.jpg 768w, https:\/\/www.campingorangeraie.com\/wp-content\/uploads\/2025\/12\/Piscines-@orangeraie-2025-61-1152x1536.jpg 1152w, https:\/\/www.campingorangeraie.com\/wp-content\/uploads\/2025\/12\/Piscines-@orangeraie-2025-61-1536x2048.jpg 1536w\" sizes=\"auto, (max-width: 1920px) 100vw, 1920px\" \/><\/a><\/figure>\n\n\n\n<figure class=\"wp-block-image size-full three\"><a href=\"https:\/\/www.campingorangeraie.com\/wp-content\/uploads\/2025\/11\/Piscines-@orangeraie-2025-13-scaled.jpg\"><img loading=\"lazy\" decoding=\"async\" width=\"2560\" height=\"1920\" data-id=\"14223\" src=\"https:\/\/www.campingorangeraie.com\/wp-content\/uploads\/2025\/11\/Piscines-@orangeraie-2025-13-scaled.jpg\" alt=\"\" class=\"wp-image-14223\" srcset=\"https:\/\/www.campingorangeraie.com\/wp-content\/uploads\/2025\/11\/Piscines-@orangeraie-2025-13-scaled.jpg 2560w, https:\/\/www.campingorangeraie.com\/wp-content\/uploads\/2025\/11\/Piscines-@orangeraie-2025-13-300x225.jpg 300w, https:\/\/www.campingorangeraie.com\/wp-content\/uploads\/2025\/11\/Piscines-@orangeraie-2025-13-1024x768.jpg 1024w, https:\/\/www.campingorangeraie.com\/wp-content\/uploads\/2025\/11\/Piscines-@orangeraie-2025-13-768x576.jpg 768w, https:\/\/www.campingorangeraie.com\/wp-content\/uploads\/2025\/11\/Piscines-@orangeraie-2025-13-1536x1152.jpg 1536w, https:\/\/www.campingorangeraie.com\/wp-content\/uploads\/2025\/11\/Piscines-@orangeraie-2025-13-2048x1536.jpg 2048w\" sizes=\"auto, (max-width: 2560px) 100vw, 2560px\" \/><\/a><\/figure>\n<\/figure>\n\n\n    <\/div>\n<\/section>\n\n<section id=\"ls-section-block_9aba6f6e3d525323d1312f61924580ce\" class=\"ls-section  home-hebergement has-p-t p-t-0 has-p-b p-b-14\" >\n        <div class=\"container container--wide\">\n        \n\n<h2 class=\"ls__heading wp-block-heading has-text-align-center\">Votre h\u00e9b\u00e9rgement \u00e0 <strong>C\u00e0lig<\/strong> en Espagne<\/h2>\n\n\n\n<p class=\"ls-paragraph has-text-align-center\">Le camping est \u00e9quip\u00e9 de locatifs de moins de 5 ans et de spacieux <a href=\"\/fr\/location-emplacement-calig\/\">emplacements en location<\/a>.<br>Nous t\u00e2chons de favoriser au maximum l\u2019<strong>apparence bois<\/strong> (nous sommes au milieu des oliviers, des orangers et des caroubiers).<\/p>\n\n\n\n<div class=\"wp-block-columns is-layout-flex wp-container-core-columns-is-layout-9d6595d7 wp-block-columns-is-layout-flex\">\n<div class=\"wp-block-column is-layout-flow wp-block-column-is-layout-flow\">\r\n<div id=\"ls-cta-block_b62f9b9fd963b35dc6c6f54767528134\" class=\"ls-cta\">  \r\n    \n\n<a href=\"\/fr\/location-mobil-home-calig\/\" target=\"\" rel=\"noopener\" class=\"ls-cta__link\" data-categ=\"\">\n\t<div class=\"ls-cta__image\"><img decoding=\"async\" src=\"https:\/\/www.campingorangeraie.com\/wp-content\/uploads\/2022\/09\/camping-orangeraie-arbore.jpg\" alt=\"camping orangeraie arbore\"><\/div>\n\t<div class=\"ls-cta__title\">\n\t\tLes locations\t<\/div>\n\n\t<\/a><\/div><\/div>\n\n\n\n<div class=\"wp-block-column is-layout-flow wp-block-column-is-layout-flow\">\r\n<div id=\"ls-cta-block_cc6792721a21d4c39e43155e3d2a96d5\" class=\"ls-cta\">  \r\n    \n\n<a href=\"\/fr\/location-emplacement-calig\/\" target=\"\" rel=\"noopener\" class=\"ls-cta__link\" data-categ=\"\">\n\t<div class=\"ls-cta__image\"><img decoding=\"async\" src=\"https:\/\/www.campingorangeraie.com\/wp-content\/uploads\/2022\/09\/camping-orangeraie-les-parcelles.jpg\" alt=\"camping orangeraie les parcelles\"><\/div>\n\t<div class=\"ls-cta__title\">\n\t\tLes emplacements\t<\/div>\n\n\t<\/a><\/div><\/div>\n\n\n\n<div class=\"wp-block-column is-layout-flow wp-block-column-is-layout-flow\">\r\n<div id=\"ls-cta-block_fc1c4f71e4c17d27bc910d942184a581\" class=\"ls-cta\">  \r\n    \n\n<a href=\"\/fr\/camping-pas-cher-calig\/\" target=\"\" rel=\"noopener\" class=\"ls-cta__link\" data-categ=\"\">\n\t<div class=\"ls-cta__image\"><img decoding=\"async\" src=\"https:\/\/www.campingorangeraie.com\/wp-content\/uploads\/2022\/09\/camping-orangeraie-entoure-de-nature.jpg\" alt=\"camping orangeraie entoure de nature\"><\/div>\n\t<div class=\"ls-cta__title\">\n\t\tLes tarifs\t<\/div>\n\n\t<\/a><\/div><\/div>\n<\/div>\n\n\n\n<div class=\"wp-block-columns is-layout-flex wp-container-core-columns-is-layout-9d6595d7 wp-block-columns-is-layout-flex\">\n<div class=\"wp-block-column column-one animated fadeIn delay-100ms is-layout-flow wp-block-column-is-layout-flow\"><\/div>\n\n\n\n<div class=\"wp-block-column column-two animated fadeIn delay-200ms is-layout-flow wp-block-column-is-layout-flow\">\n<p class=\"ls-paragraph has-text-align-left\">Nous avons fait le choix de la diversit\u00e9 afin de vous offrir le panel d\u2019option le plus large possible <a href=\"\/fr\/camping-pas-cher-calig\/\">\u00e0 petit prix.<\/a><\/p>\n<\/div>\n<\/div>\n\n\n    <\/div>\n<\/section>\n\n<section id=\"ls-section-block_43352c7cf3bf2a4d8d6c0df6fe012ea8\" class=\"ls-section  home-parallax-two has-background-image has-parallax has-background has-color-2-background-color has-p-t p-t-30 has-p-b p-b-30\" >\n    <div class=\"ls-section__background-image opacity-70\"><img decoding=\"async\" src=\"https:\/\/www.campingorangeraie.com\/wp-content\/uploads\/2022\/09\/camping-orangeraie-costa-azahar-espagne.jpg\" alt=\"camping-orangeraie-costa-azahar-espagne\"><\/div>    <div class=\"container container--wide\">\n        \n\n<h2 class=\"ls__heading wp-block-heading has-text-align-center\">D\u00e9couvrez la costa Azahar<\/h2>\n\n\n\n<p class=\"ls-paragraph has-text-align-center\"><strong>La <a href=\"\/fr\/camping-costa-azahar\/\">Costa Azahar<\/a><\/strong> s\u2019\u00e9tend entre le Delta de l\u2019Ebre et la capitale <strong>r\u00e9gionale Valencia<\/strong>.<\/p>\n\n\n\n<div class=\"wp-block-columns is-layout-flex wp-container-core-columns-is-layout-9d6595d7 wp-block-columns-is-layout-flex\">\n<div class=\"wp-block-column is-layout-flow wp-block-column-is-layout-flow\">\n<h3 class=\"ls__heading wp-block-heading has-text-align-center\">Zone du Delta de l\u2019Ebre<\/h3>\n\n\n\n<p class=\"ls-paragraph has-text-align-center\">C\u2019est l\u2019embouchure du plus grand fleuve Espagnol du Nord : L\u2019Ebre.<br>Cette plaine littorale est compar\u00e9e \u00e0 la Camargue. On y trouve en majorit\u00e9 des rizi\u00e8res et une faune tr\u00e8s diversifi\u00e9e o\u00f9 les migrateurs sont rois. <strong>Parcs \u00e0 hu\u00eetres<\/strong> aussi.<\/p>\n<\/div>\n\n\n\n<div class=\"wp-block-column is-layout-flow wp-block-column-is-layout-flow\">\n<h3 class=\"ls__heading wp-block-heading has-text-align-center\">R\u00e9gion de PENISCOLA<\/h3>\n\n\n\n<p class=\"ls-paragraph has-text-align-center\">Plus au sud, et tr\u00e8s pr\u00e9s du camping, on trouve les 3 villes touristiques de <a href=\"\/fr\/camping-vinaros\/\">Vinar\u00f2s<\/a><strong>, <strong>Benicarl\u00f3<\/strong> et <strong>Pe\u00f1\u00edscola<\/strong>. <strong>Pe\u00f1\u00edscola<\/strong><\/strong> \u00e9tant la plus r\u00e9put\u00e9e gr\u00e2ce \u00e0 sa p\u00e9ninsule rocheuse qui abrite le ch\u00e2teau entour\u00e9 de petites maisons blanches. De nombreux films y furent tourn\u00e9s.<\/p>\n<\/div>\n<\/div>\n\n\n\n\n\n<a href=\"\/fr\/camping-costa-azahar\/\" id=\"ls-button-block_98467ff8917b56d79f710c6f24fc3a3b\" target=\"\" rel=\"\" class=\"ls-button aligncenter\" ><span>D\u00e9couvrir<\/span>  ><\/a>\n\n\n\n    <\/div>\n<\/section>\n\n<section id=\"ls-section-block_580194a57429fb6b0ac2dc35852da6e8\" class=\"ls-section  home-faq has-background has-color-white-background-color has-p-t p-t-1 has-p-b p-b-14\" >\n        <div class=\"container \">\n        \n\n<div id=\"ls-heading ls-titre-div-block_da3c1b68a67e8371db69b98deb6257d9\" class=\"ls-titre-div aligncenter h2-like\" >\n    Une question sur le camping ?<\/div>\n\n\n<div id=\"faq\"><div itemscope=\"\" itemtype=\"https:\/\/schema.org\/FAQPage\"><div class=\"faq__box\"><div class=\"faq__container\"><div class=\"faq__block\" itemscope=\"\" itemprop=\"mainEntity\" itemtype=\"https:\/\/schema.org\/Question\"><details><summary itemprop=\"name\"><p>Est-il possible d&rsquo;arriver en dehors des heures d&rsquo;ouverture de la r\u00e9ception ?<\/p>\n<span class=\"plus-orangeraie\"><\/span><\/summary><div itemscope=\"\" itemprop=\"acceptedAnswer\" itemtype=\"https:\/\/schema.org\/Answer\"><div itemprop=\"text\"><p>Oui, vous devez appeler avant 19:00h.<\/p>\n<\/div><\/div><\/details><\/div><\/div><\/div><div class=\"faq__box\"><div class=\"faq__container\"><div class=\"faq__block\" itemscope=\"\" itemprop=\"mainEntity\" itemtype=\"https:\/\/schema.org\/Question\"><details><summary itemprop=\"name\"><p>Les animaux sont-ils autoris\u00e9s dans tous les emplacements de camping ?<\/p>\n<span class=\"plus-orangeraie\"><\/span><\/summary><div itemscope=\"\" itemprop=\"acceptedAnswer\" itemtype=\"https:\/\/schema.org\/Answer\"><div itemprop=\"text\"><p>Oui, le co\u00fbt est de 14\u20ac par nuit sauf dans le dome<\/p>\n<\/div><\/div><\/details><\/div><\/div><\/div><div class=\"faq__box\"><div class=\"faq__container\"><div class=\"faq__block\" itemscope=\"\" itemprop=\"mainEntity\" itemtype=\"https:\/\/schema.org\/Question\"><details><summary itemprop=\"name\"><p>Les draps et les serviettes sont-ils inclus dans l&rsquo;h\u00e9bergement ?<\/p>\n<span class=\"plus-orangeraie\"><\/span><\/summary><div itemscope=\"\" itemprop=\"acceptedAnswer\" itemtype=\"https:\/\/schema.org\/Answer\"><div itemprop=\"text\"><p>Non, il faut compter 12\u20ac pour un jeu de draps et 10\u20ac pour deux serviettes.<\/p>\n<\/div><\/div><\/details><\/div><\/div><\/div><div class=\"faq__box\"><div class=\"faq__container\"><div class=\"faq__block\" itemscope=\"\" itemprop=\"mainEntity\" itemtype=\"https:\/\/schema.org\/Question\"><details><summary itemprop=\"name\"><p>Le WiFi est-il gratuit et disponible dans tout le camping ?<\/p>\n<span class=\"plus-orangeraie\"><\/span><\/summary><div itemscope=\"\" itemprop=\"acceptedAnswer\" itemtype=\"https:\/\/schema.org\/Answer\"><div itemprop=\"text\"><p>il y a une zone\u00a0 wifi\u00a0 gratuite autour de la piscine et du bar.<\/p>\n<p>&nbsp;<\/p>\n<\/div><\/div><\/details><\/div><\/div><\/div><div class=\"faq__box\"><div class=\"faq__container\"><div class=\"faq__block\" itemscope=\"\" itemprop=\"mainEntity\" itemtype=\"https:\/\/schema.org\/Question\"><details><summary itemprop=\"name\"><p>Tous les mobil-homes sont-ils \u00e9quip\u00e9s de la climatisation ?<\/p>\n<span class=\"plus-orangeraie\"><\/span><\/summary><div itemscope=\"\" itemprop=\"acceptedAnswer\" itemtype=\"https:\/\/schema.org\/Answer\"><div itemprop=\"text\"><p>Oui, sauf Ecotipi et Luna Lodge.<\/p>\n<\/div><\/div><\/details><\/div><\/div><\/div><div class=\"faq__box\"><div class=\"faq__container\"><div class=\"faq__block\" itemscope=\"\" itemprop=\"mainEntity\" itemtype=\"https:\/\/schema.org\/Question\"><details><summary itemprop=\"name\"><p>L&rsquo;espace aquatique est-il ouvert en basse saison ?<\/p>\n<span class=\"plus-orangeraie\"><\/span><\/summary><div itemscope=\"\" itemprop=\"acceptedAnswer\" itemtype=\"https:\/\/schema.org\/Answer\"><div itemprop=\"text\"><p>Paques-fin octobre<\/p>\n<\/div><\/div><\/details><\/div><\/div><\/div><div class=\"faq__box\"><div class=\"faq__container\"><div class=\"faq__block\" itemscope=\"\" itemprop=\"mainEntity\" itemtype=\"https:\/\/schema.org\/Question\"><details><summary itemprop=\"name\"><p>Avez-vous une sorte de pension ?<\/p>\n<span class=\"plus-orangeraie\"><\/span><\/summary><div itemscope=\"\" itemprop=\"acceptedAnswer\" itemtype=\"https:\/\/schema.org\/Answer\"><div itemprop=\"text\"><p>Malheureusement, nous n&rsquo;avons que des h\u00e9bergements disponibles au Camping L&rsquo;orangeraie.<\/p>\n<\/div><\/div><\/details><\/div><\/div><\/div><div class=\"faq__box\"><div class=\"faq__container\"><div class=\"faq__block\" itemscope=\"\" itemprop=\"mainEntity\" itemtype=\"https:\/\/schema.org\/Question\"><details><summary itemprop=\"name\"><p>Le parking ce gratuit?<\/p>\n<span class=\"plus-orangeraie\"><\/span><\/summary><div itemscope=\"\" itemprop=\"acceptedAnswer\" itemtype=\"https:\/\/schema.org\/Answer\"><div itemprop=\"text\"><p>Pour chaque logement, une place de parking est pr\u00e9vue. Si vous souhaitez venir avec une voiture suppl\u00e9mentaire, vous devrez payer un suppl\u00e9ment de 3\u20ac par jour.<\/p>\n<\/div><\/div><\/details><\/div><\/div><\/div><div class=\"faq__box\"><div class=\"faq__container\"><div class=\"faq__block\" itemscope=\"\" itemprop=\"mainEntity\" itemtype=\"https:\/\/schema.org\/Question\"><details><summary itemprop=\"name\"><p>Les barbecues sont-ils autoris\u00e9s au camping ?<\/p>\n<span class=\"plus-orangeraie\"><\/span><\/summary><div itemscope=\"\" itemprop=\"acceptedAnswer\" itemtype=\"https:\/\/schema.org\/Answer\"><div itemprop=\"text\"><p>Barbecues \u00e0 gaz ou \u00e9lectriques uniquement<\/p>\n<\/div><\/div><\/details><\/div><\/div><\/div><div class=\"faq__box\"><div class=\"faq__container\"><div class=\"faq__block\" itemscope=\"\" itemprop=\"mainEntity\" itemtype=\"https:\/\/schema.org\/Question\"><details><summary itemprop=\"name\"><p>Le restaurant ce ouvert?<\/p>\n<span class=\"plus-orangeraie\"><\/span><\/summary><div itemscope=\"\" itemprop=\"acceptedAnswer\" itemtype=\"https:\/\/schema.org\/Answer\"><div itemprop=\"text\"><p>Pasques (Week-ends et jours f\u00e9ri\u00e9s, \u00e0 partir de juillet, v\u00e9rifier les disponibilit\u00e9s)<\/p>\n<\/div><\/div><\/details><\/div><\/div><\/div><div class=\"faq__box\"><div class=\"faq__container\"><div class=\"faq__block\" itemscope=\"\" itemprop=\"mainEntity\" itemtype=\"https:\/\/schema.org\/Question\"><details><summary itemprop=\"name\"><p>Contribution energ\u00e9tique<\/p>\n<span class=\"plus-orangeraie\"><\/span><\/summary><div itemscope=\"\" itemprop=\"acceptedAnswer\" itemtype=\"https:\/\/schema.org\/Answer\"><div itemprop=\"text\"><p>Au Camping Orangeraie nous incluons dans nos prix une contribution \u00e9nerg\u00e9tique de 8\u20ac par jour.<br \/>\n(Consulter les t\u00e9l\u00e9op\u00e9rateurs)<\/p>\n<\/div><\/div><\/details><\/div><\/div><\/div><\/div><\/div>\n\n\n    <\/div>\n<\/section>\n\n<section id=\"ls-section-block_b48443093ed9dfd04b0c345651952a1e\" class=\"ls-section  home-insta has-p-t p-t-14 has-p-b p-b-14\" >\n        <div class=\"container container--wide\">\n        \n\n<div id=\"ls-heading ls-titre-div-block_d89e00d3b20362b6df98b6f986d29c30\" class=\"ls-titre-div aligncenter h2-like\" >\n    Rejoignez la communaut\u00e9 ! #glampingorangeraie<\/div>\n\n\n        <div\n            class=\"spotlight-instagram-feed\"\n            data-feed-var=\"82d873fe\"\n            data-analytics=\"0\"\n            data-instance=\"294\"\n        >\n        <\/div>\n        <input type=\"hidden\" id=\"sli__f__82d873fe\" data-json='{&quot;useCase&quot;:&quot;accounts&quot;,&quot;template&quot;:&quot;gallery&quot;,&quot;layout&quot;:&quot;grid&quot;,&quot;numColumns&quot;:{&quot;desktop&quot;:5,&quot;tablet&quot;:4,&quot;phone&quot;:3},&quot;highlightFreq&quot;:{&quot;desktop&quot;:7},&quot;sliderNumScrollPosts&quot;:{&quot;desktop&quot;:1},&quot;sliderInfinite&quot;:true,&quot;sliderLoop&quot;:false,&quot;sliderArrowPos&quot;:{&quot;desktop&quot;:&quot;inside&quot;},&quot;sliderArrowSize&quot;:{&quot;desktop&quot;:20},&quot;sliderArrowColor&quot;:{&quot;r&quot;:255,&quot;b&quot;:255,&quot;g&quot;:255,&quot;a&quot;:1},&quot;sliderArrowBgColor&quot;:{&quot;r&quot;:0,&quot;b&quot;:0,&quot;g&quot;:0,&quot;a&quot;:0.8},&quot;sliderAutoScroll&quot;:false,&quot;sliderAutoInterval&quot;:3,&quot;postOrder&quot;:&quot;date_desc&quot;,&quot;numPosts&quot;:{&quot;desktop&quot;:10,&quot;tablet&quot;:12,&quot;phone&quot;:9},&quot;linkBehavior&quot;:{&quot;desktop&quot;:&quot;new_tab&quot;},&quot;feedWidth&quot;:{&quot;desktop&quot;:&quot;&quot;},&quot;feedHeight&quot;:{&quot;desktop&quot;:&quot;&quot;},&quot;feedPadding&quot;:{&quot;desktop&quot;:0,&quot;tablet&quot;:0,&quot;phone&quot;:0},&quot;imgPadding&quot;:{&quot;desktop&quot;:0,&quot;tablet&quot;:0,&quot;phone&quot;:0},&quot;textSize&quot;:{&quot;desktop&quot;:&quot;&quot;,&quot;tablet&quot;:&quot;&quot;,&quot;phone&quot;:&quot;&quot;},&quot;bgColor&quot;:{&quot;r&quot;:255,&quot;g&quot;:255,&quot;b&quot;:255,&quot;a&quot;:0},&quot;hoverInfo&quot;:[&quot;likes_comments&quot;,&quot;insta_link&quot;],&quot;textColorHover&quot;:{&quot;r&quot;:255,&quot;g&quot;:255,&quot;b&quot;:255,&quot;a&quot;:1},&quot;bgColorHover&quot;:{&quot;r&quot;:0,&quot;g&quot;:0,&quot;b&quot;:0,&quot;a&quot;:0.5},&quot;showHeader&quot;:{&quot;desktop&quot;:false},&quot;headerInfo&quot;:{&quot;desktop&quot;:[&quot;profile_pic&quot;,&quot;bio&quot;]},&quot;headerAccount&quot;:5,&quot;headerStyle&quot;:{&quot;desktop&quot;:&quot;normal&quot;,&quot;phone&quot;:&quot;centered&quot;},&quot;headerTextSize&quot;:{&quot;desktop&quot;:&quot;&quot;},&quot;headerPhotoSize&quot;:{&quot;desktop&quot;:50},&quot;headerTextColor&quot;:{&quot;r&quot;:0,&quot;g&quot;:0,&quot;b&quot;:0,&quot;a&quot;:1},&quot;headerBgColor&quot;:{&quot;r&quot;:255,&quot;g&quot;:255,&quot;b&quot;:255,&quot;a&quot;:1},&quot;headerPadding&quot;:{&quot;desktop&quot;:0},&quot;customProfilePic&quot;:0,&quot;customBioText&quot;:&quot;&quot;,&quot;includeStories&quot;:false,&quot;storiesInterval&quot;:5,&quot;showCaptions&quot;:{&quot;desktop&quot;:false},&quot;captionMaxLength&quot;:{&quot;desktop&quot;:0},&quot;captionRemoveDots&quot;:false,&quot;captionSize&quot;:{&quot;desktop&quot;:0},&quot;captionColor&quot;:{&quot;r&quot;:0,&quot;g&quot;:0,&quot;b&quot;:0,&quot;a&quot;:1},&quot;showLikes&quot;:{&quot;desktop&quot;:false},&quot;showComments&quot;:{&quot;desktop&quot;:false},&quot;lcIconSize&quot;:{&quot;desktop&quot;:14},&quot;likesIconColor&quot;:{&quot;r&quot;:0,&quot;g&quot;:0,&quot;b&quot;:0,&quot;a&quot;:1},&quot;commentsIconColor&quot;:{&quot;r&quot;:0,&quot;g&quot;:0,&quot;b&quot;:0,&quot;a&quot;:1},&quot;lightboxShowSidebar&quot;:false,&quot;lightboxCtaStyle&quot;:&quot;link&quot;,&quot;lightboxCtaDesign&quot;:{&quot;text&quot;:{&quot;color&quot;:{&quot;r&quot;:0,&quot;g&quot;:0,&quot;b&quot;:0,&quot;a&quot;:1},&quot;align&quot;:&quot;center&quot;},&quot;bgColor&quot;:{&quot;r&quot;:230,&quot;g&quot;:230,&quot;b&quot;:230,&quot;a&quot;:1},&quot;border&quot;:{&quot;radius&quot;:3}},&quot;numLightboxComments&quot;:50,&quot;showLoadMoreBtn&quot;:{&quot;desktop&quot;:false},&quot;loadMoreBtnDesign&quot;:{&quot;text&quot;:{&quot;color&quot;:{&quot;r&quot;:255,&quot;g&quot;:255,&quot;b&quot;:255,&quot;a&quot;:1},&quot;align&quot;:&quot;center&quot;},&quot;border&quot;:{&quot;radius&quot;:3},&quot;bgColor&quot;:{&quot;r&quot;:0,&quot;g&quot;:149,&quot;b&quot;:246,&quot;a&quot;:1},&quot;margin&quot;:{&quot;top&quot;:0,&quot;bottom&quot;:0,&quot;left&quot;:0,&quot;right&quot;:0}},&quot;loadMoreBtnText&quot;:&quot;Load more&quot;,&quot;loadMoreBtnScroll&quot;:true,&quot;autoload&quot;:false,&quot;showFollowBtn&quot;:{&quot;desktop&quot;:false,&quot;phone&quot;:false,&quot;tablet&quot;:false},&quot;followBtnText&quot;:&quot;Follow on Instagram&quot;,&quot;followBtnDesign&quot;:{&quot;text&quot;:{&quot;color&quot;:{&quot;r&quot;:255,&quot;g&quot;:255,&quot;b&quot;:255,&quot;a&quot;:1},&quot;align&quot;:&quot;center&quot;},&quot;border&quot;:{&quot;radius&quot;:3},&quot;bgColor&quot;:{&quot;r&quot;:0,&quot;g&quot;:149,&quot;b&quot;:246,&quot;a&quot;:1},&quot;margin&quot;:{&quot;top&quot;:0,&quot;bottom&quot;:0,&quot;left&quot;:0,&quot;right&quot;:0}},&quot;followBtnLocation&quot;:{&quot;desktop&quot;:&quot;header&quot;,&quot;phone&quot;:&quot;bottom&quot;},&quot;alignFooterButtons&quot;:{&quot;desktop&quot;:false},&quot;accounts&quot;:[2298],&quot;tagged&quot;:[],&quot;hashtags&quot;:[],&quot;mediaType&quot;:&quot;all&quot;,&quot;hashtagWhitelist&quot;:[],&quot;hashtagBlacklist&quot;:[],&quot;captionWhitelist&quot;:[],&quot;captionBlacklist&quot;:[],&quot;hashtagWhitelistSettings&quot;:true,&quot;hashtagBlacklistSettings&quot;:true,&quot;captionWhitelistSettings&quot;:true,&quot;captionBlacklistSettings&quot;:true,&quot;moderation&quot;:[],&quot;moderationMode&quot;:&quot;blacklist&quot;,&quot;promosVersion&quot;:2,&quot;promosEnabled&quot;:true,&quot;globalPromosEnabled&quot;:true,&quot;autoPromosEnabled&quot;:true,&quot;promoOverrides&quot;:[],&quot;feedPromo&quot;:{&quot;linkSource&quot;:{&quot;type&quot;:null},&quot;linkBehavior&quot;:{&quot;openNewTab&quot;:false,&quot;showPopupBox&quot;:false},&quot;linkText&quot;:&quot;&quot;},&quot;gaCampaignSource&quot;:&quot;&quot;,&quot;gaCampaignMedium&quot;:&quot;&quot;,&quot;gaCampaignName&quot;:&quot;&quot;}' \/>\n        <input type=\"hidden\" id=\"sli__a__82d873fe\" data-json='[{&quot;id&quot;:2298,&quot;type&quot;:&quot;PERSONAL&quot;,&quot;userId&quot;:&quot;17841407092571056&quot;,&quot;username&quot;:&quot;glampingorangeraie&quot;,&quot;bio&quot;:&quot;&quot;,&quot;customBio&quot;:&quot;&quot;,&quot;profilePicUrl&quot;:&quot;&quot;,&quot;customProfilePicUrl&quot;:&quot;&quot;,&quot;mediaCount&quot;:&quot;200&quot;,&quot;followersCount&quot;:&quot;0&quot;,&quot;usages&quot;:[]}]' \/>\n        <input type=\"hidden\" id=\"sli__m__82d873fe\" data-json='[]' \/>\n        \n\n\n    <\/div>\n<\/section>\n\n<section id=\"ls-section-block_f35146f42f27604327ba0b902be6a695\" class=\"ls-section  home-faq\" >\n        <div class=\"container \">\n        \n\n<div id=\"ls-heading ls-titre-div-block_065962b944d31824cb6b0f50e299d725\" class=\"ls-titre-div aligncenter h2-like\" >\n    Nos partenaires<\/div>\n\n\n\n<div id=\"ls-partenaires-block_8a8b32ce7cd5a5fa5a0ca9488d0b2409\" class=\"ls-partenaires animated fadeIn delay-100ms slow\">\n    <div class=\"ls-partenaires__content\">\n                                            <img decoding=\"async\" src=\"https:\/\/www.campingorangeraie.com\/wp-content\/uploads\/2022\/09\/partenaires-orangeraie-ecologique.jpg\" alt=\"pinanciado por la union europea\" \/>\n                    \n                                                                <a href=\"https:\/\/www.campingorangeraie.com\/wp-content\/uploads\/2022\/09\/QRCAMPINGSATISFACCION.pdf\" title=\"SICTED\" target=\"_blank\">\n                                                <img decoding=\"async\" src=\"https:\/\/www.campingorangeraie.com\/wp-content\/uploads\/2022\/09\/calidad-orangeraie.webp\" alt=\"calidad-orangeraie\" \/>\n                    <\/a>\n                                                                <a href=\"https:\/\/maestrat.travel\/\" title=\"MAESTRAT \u00c0NIMA INTERIOR\" target=\"_blank\">\n                                                <img decoding=\"async\" src=\"https:\/\/www.campingorangeraie.com\/wp-content\/uploads\/2022\/09\/partenaire-orangeraie.png\" alt=\"partenaire-orangeraie\" \/>\n                    <\/a>\n                                        <\/div>\n<\/div>\n\n    <\/div>\n<\/section>","protected":false},"excerpt":{"rendered":"","protected":false},"author":1,"featured_media":0,"parent":0,"menu_order":0,"comment_status":"closed","ping_status":"closed","template":"","meta":{"_acf_changed":false,"footnotes":""},"sujet":[],"class_list":["post-294","page","type-page","status-publish","hentry"],"acf":[],"yoast_head":"<!-- This site is optimized with the Yoast SEO plugin v23.4 - https:\/\/yoast.com\/wordpress\/plugins\/seo\/ -->\n<title>Camping Peniscola | Camping L&#039;Orangeraie 3 \u00e9toiles Calig Espagne<\/title>\n<meta name=\"description\" content=\"Camping pr\u00e8s de Peniscola avec piscine entre mer et montagne en Espagne \u00e0 C\u00e1lig. Camping pas cher en Espagne \u00e0 proximit\u00e9 de la mer. R\u00e9servez vite !\" \/>\n<meta name=\"robots\" content=\"index, follow, max-snippet:-1, max-image-preview:large, max-video-preview:-1\" \/>\n<link rel=\"canonical\" href=\"https:\/\/www.campingorangeraie.com\/fr\/\" \/>\n<meta property=\"og:locale\" content=\"fr_FR\" \/>\n<meta property=\"og:type\" content=\"article\" \/>\n<meta property=\"og:title\" content=\"Camping Peniscola | Camping L&#039;Orangeraie 3 \u00e9toiles Calig Espagne\" \/>\n<meta property=\"og:description\" content=\"Camping pr\u00e8s de Peniscola avec piscine entre mer et montagne en Espagne \u00e0 C\u00e1lig. Camping pas cher en Espagne \u00e0 proximit\u00e9 de la mer. R\u00e9servez vite !\" \/>\n<meta property=\"og:url\" content=\"https:\/\/www.campingorangeraie.com\/fr\/\" \/>\n<meta property=\"og:site_name\" content=\"Camping Orangeraie\" \/>\n<meta property=\"article:modified_time\" content=\"2026-03-05T15:09:11+00:00\" \/>\n<meta property=\"og:image\" content=\"https:\/\/www.campingorangeraie.com\/wp-content\/uploads\/2024\/05\/Maison-1-@orangeraie-2025-23-scaled.jpeg\" \/>\n<meta name=\"twitter:card\" content=\"summary_large_image\" \/>\n<meta name=\"twitter:label1\" content=\"Dur\u00e9e de lecture estim\u00e9e\" \/>\n\t<meta name=\"twitter:data1\" content=\"5 minutes\" \/>\n<script type=\"application\/ld+json\" class=\"yoast-schema-graph\">{\"@context\":\"https:\/\/schema.org\",\"@graph\":[{\"@type\":\"WebPage\",\"@id\":\"https:\/\/www.campingorangeraie.com\/fr\/\",\"url\":\"https:\/\/www.campingorangeraie.com\/fr\/\",\"name\":\"Camping Peniscola | Camping L'Orangeraie 3 \u00e9toiles Calig Espagne\",\"isPartOf\":{\"@id\":\"https:\/\/www.campingorangeraie.com\/#website\"},\"primaryImageOfPage\":{\"@id\":\"https:\/\/www.campingorangeraie.com\/fr\/#primaryimage\"},\"image\":{\"@id\":\"https:\/\/www.campingorangeraie.com\/fr\/#primaryimage\"},\"thumbnailUrl\":\"https:\/\/www.campingorangeraie.com\/wp-content\/uploads\/2024\/05\/Maison-1-@orangeraie-2025-23-scaled.jpeg\",\"datePublished\":\"2022-09-01T14:43:39+00:00\",\"dateModified\":\"2026-03-05T15:09:11+00:00\",\"description\":\"Camping pr\u00e8s de Peniscola avec piscine entre mer et montagne en Espagne \u00e0 C\u00e1lig. Camping pas cher en Espagne \u00e0 proximit\u00e9 de la mer. R\u00e9servez vite !\",\"breadcrumb\":{\"@id\":\"https:\/\/www.campingorangeraie.com\/fr\/#breadcrumb\"},\"inLanguage\":\"fr-FR\",\"potentialAction\":[{\"@type\":\"ReadAction\",\"target\":[\"https:\/\/www.campingorangeraie.com\/fr\/\"]}]},{\"@type\":\"ImageObject\",\"inLanguage\":\"fr-FR\",\"@id\":\"https:\/\/www.campingorangeraie.com\/fr\/#primaryimage\",\"url\":\"https:\/\/www.campingorangeraie.com\/wp-content\/uploads\/2024\/05\/Maison-1-@orangeraie-2025-23-scaled.jpeg\",\"contentUrl\":\"https:\/\/www.campingorangeraie.com\/wp-content\/uploads\/2024\/05\/Maison-1-@orangeraie-2025-23-scaled.jpeg\"},{\"@type\":\"BreadcrumbList\",\"@id\":\"https:\/\/www.campingorangeraie.com\/fr\/#breadcrumb\",\"itemListElement\":[{\"@type\":\"ListItem\",\"position\":1,\"name\":\"Camping Peniscola\",\"item\":\"https:\/\/www.campingorangeraie.com\/fr\/\"},{\"@type\":\"ListItem\",\"position\":2,\"name\":\"Accueil\"}]},{\"@type\":\"WebSite\",\"@id\":\"https:\/\/www.campingorangeraie.com\/#website\",\"url\":\"https:\/\/www.campingorangeraie.com\/\",\"name\":\"Camping Orangeraie\",\"description\":\"\",\"publisher\":{\"@id\":\"https:\/\/www.campingorangeraie.com\/#organization\"},\"potentialAction\":[{\"@type\":\"SearchAction\",\"target\":{\"@type\":\"EntryPoint\",\"urlTemplate\":\"https:\/\/www.campingorangeraie.com\/?s={search_term_string}\"},\"query-input\":{\"@type\":\"PropertyValueSpecification\",\"valueRequired\":true,\"valueName\":\"search_term_string\"}}],\"inLanguage\":\"fr-FR\"},{\"@type\":\"Organization\",\"@id\":\"https:\/\/www.campingorangeraie.com\/#organization\",\"name\":\"Camping L'Orangeraie\",\"url\":\"https:\/\/www.campingorangeraie.com\/\",\"logo\":{\"@type\":\"ImageObject\",\"inLanguage\":\"fr-FR\",\"@id\":\"https:\/\/www.campingorangeraie.com\/#\/schema\/logo\/image\/\",\"url\":\"https:\/\/www.campingorangeraie.com\/wp-content\/uploads\/2022\/09\/logo_orangeraie-banner.png\",\"contentUrl\":\"https:\/\/www.campingorangeraie.com\/wp-content\/uploads\/2022\/09\/logo_orangeraie-banner.png\",\"width\":500,\"height\":500,\"caption\":\"Camping L'Orangeraie\"},\"image\":{\"@id\":\"https:\/\/www.campingorangeraie.com\/#\/schema\/logo\/image\/\"}}]}<\/script>\n<!-- \/ Yoast SEO plugin. -->","yoast_head_json":{"title":"Camping Peniscola | Camping L'Orangeraie 3 \u00e9toiles Calig Espagne","description":"Camping pr\u00e8s de Peniscola avec piscine entre mer et montagne en Espagne \u00e0 C\u00e1lig. Camping pas cher en Espagne \u00e0 proximit\u00e9 de la mer. R\u00e9servez vite !","robots":{"index":"index","follow":"follow","max-snippet":"max-snippet:-1","max-image-preview":"max-image-preview:large","max-video-preview":"max-video-preview:-1"},"canonical":"https:\/\/www.campingorangeraie.com\/fr\/","og_locale":"fr_FR","og_type":"article","og_title":"Camping Peniscola | Camping L'Orangeraie 3 \u00e9toiles Calig Espagne","og_description":"Camping pr\u00e8s de Peniscola avec piscine entre mer et montagne en Espagne \u00e0 C\u00e1lig. Camping pas cher en Espagne \u00e0 proximit\u00e9 de la mer. R\u00e9servez vite !","og_url":"https:\/\/www.campingorangeraie.com\/fr\/","og_site_name":"Camping Orangeraie","article_modified_time":"2026-03-05T15:09:11+00:00","og_image":[{"url":"https:\/\/www.campingorangeraie.com\/wp-content\/uploads\/2024\/05\/Maison-1-@orangeraie-2025-23-scaled.jpeg"}],"twitter_card":"summary_large_image","twitter_misc":{"Dur\u00e9e de lecture estim\u00e9e":"5 minutes"},"schema":{"@context":"https:\/\/schema.org","@graph":[{"@type":"WebPage","@id":"https:\/\/www.campingorangeraie.com\/fr\/","url":"https:\/\/www.campingorangeraie.com\/fr\/","name":"Camping Peniscola | Camping L'Orangeraie 3 \u00e9toiles Calig Espagne","isPartOf":{"@id":"https:\/\/www.campingorangeraie.com\/#website"},"primaryImageOfPage":{"@id":"https:\/\/www.campingorangeraie.com\/fr\/#primaryimage"},"image":{"@id":"https:\/\/www.campingorangeraie.com\/fr\/#primaryimage"},"thumbnailUrl":"https:\/\/www.campingorangeraie.com\/wp-content\/uploads\/2024\/05\/Maison-1-@orangeraie-2025-23-scaled.jpeg","datePublished":"2022-09-01T14:43:39+00:00","dateModified":"2026-03-05T15:09:11+00:00","description":"Camping pr\u00e8s de Peniscola avec piscine entre mer et montagne en Espagne \u00e0 C\u00e1lig. Camping pas cher en Espagne \u00e0 proximit\u00e9 de la mer. R\u00e9servez vite !","breadcrumb":{"@id":"https:\/\/www.campingorangeraie.com\/fr\/#breadcrumb"},"inLanguage":"fr-FR","potentialAction":[{"@type":"ReadAction","target":["https:\/\/www.campingorangeraie.com\/fr\/"]}]},{"@type":"ImageObject","inLanguage":"fr-FR","@id":"https:\/\/www.campingorangeraie.com\/fr\/#primaryimage","url":"https:\/\/www.campingorangeraie.com\/wp-content\/uploads\/2024\/05\/Maison-1-@orangeraie-2025-23-scaled.jpeg","contentUrl":"https:\/\/www.campingorangeraie.com\/wp-content\/uploads\/2024\/05\/Maison-1-@orangeraie-2025-23-scaled.jpeg"},{"@type":"BreadcrumbList","@id":"https:\/\/www.campingorangeraie.com\/fr\/#breadcrumb","itemListElement":[{"@type":"ListItem","position":1,"name":"Camping Peniscola","item":"https:\/\/www.campingorangeraie.com\/fr\/"},{"@type":"ListItem","position":2,"name":"Accueil"}]},{"@type":"WebSite","@id":"https:\/\/www.campingorangeraie.com\/#website","url":"https:\/\/www.campingorangeraie.com\/","name":"Camping Orangeraie","description":"","publisher":{"@id":"https:\/\/www.campingorangeraie.com\/#organization"},"potentialAction":[{"@type":"SearchAction","target":{"@type":"EntryPoint","urlTemplate":"https:\/\/www.campingorangeraie.com\/?s={search_term_string}"},"query-input":{"@type":"PropertyValueSpecification","valueRequired":true,"valueName":"search_term_string"}}],"inLanguage":"fr-FR"},{"@type":"Organization","@id":"https:\/\/www.campingorangeraie.com\/#organization","name":"Camping L'Orangeraie","url":"https:\/\/www.campingorangeraie.com\/","logo":{"@type":"ImageObject","inLanguage":"fr-FR","@id":"https:\/\/www.campingorangeraie.com\/#\/schema\/logo\/image\/","url":"https:\/\/www.campingorangeraie.com\/wp-content\/uploads\/2022\/09\/logo_orangeraie-banner.png","contentUrl":"https:\/\/www.campingorangeraie.com\/wp-content\/uploads\/2022\/09\/logo_orangeraie-banner.png","width":500,"height":500,"caption":"Camping L'Orangeraie"},"image":{"@id":"https:\/\/www.campingorangeraie.com\/#\/schema\/logo\/image\/"}}]}},"_links":{"self":[{"href":"https:\/\/www.campingorangeraie.com\/fr\/wp-json\/wp\/v2\/pages\/294","targetHints":{"allow":["GET"]}}],"collection":[{"href":"https:\/\/www.campingorangeraie.com\/fr\/wp-json\/wp\/v2\/pages"}],"about":[{"href":"https:\/\/www.campingorangeraie.com\/fr\/wp-json\/wp\/v2\/types\/page"}],"author":[{"embeddable":true,"href":"https:\/\/www.campingorangeraie.com\/fr\/wp-json\/wp\/v2\/users\/1"}],"replies":[{"embeddable":true,"href":"https:\/\/www.campingorangeraie.com\/fr\/wp-json\/wp\/v2\/comments?post=294"}],"version-history":[{"count":356,"href":"https:\/\/www.campingorangeraie.com\/fr\/wp-json\/wp\/v2\/pages\/294\/revisions"}],"predecessor-version":[{"id":14685,"href":"https:\/\/www.campingorangeraie.com\/fr\/wp-json\/wp\/v2\/pages\/294\/revisions\/14685"}],"wp:attachment":[{"href":"https:\/\/www.campingorangeraie.com\/fr\/wp-json\/wp\/v2\/media?parent=294"}],"wp:term":[{"taxonomy":"sujet","embeddable":true,"href":"https:\/\/www.campingorangeraie.com\/fr\/wp-json\/wp\/v2\/sujet?post=294"}],"curies":[{"name":"wp","href":"https:\/\/api.w.org\/{rel}","templated":true}]}}