{"id":3625,"date":"2022-09-05T16:59:04","date_gmt":"2022-09-05T14:59:04","guid":{"rendered":"https:\/\/www.campingorangeraie.com\/location-emplacement-calig\/"},"modified":"2026-03-02T14:48:15","modified_gmt":"2026-03-02T13:48:15","slug":"standort-verschiebe-kalig","status":"publish","type":"page","link":"https:\/\/www.campingorangeraie.com\/de\/standort-verschiebe-kalig\/","title":{"rendered":"Nos emplacements caravaning"},"content":{"rendered":"<section id=\"ls-section-block_952b65828043eda9e0204fbebd395866\" class=\"ls-section  page-entete animated fadeInUp delay-200ms has-p-t p-t-14\" >\n        <div class=\"container container--wide\">\n        \n\n<h1 class=\"ls__heading wp-block-heading has-text-align-left\">Ihr Standort in der Vermietung in C\u00c0lig<\/h1>\n\n\n    <\/div>\n<\/section>\n\n<section id=\"ls-section-block_910e2275a4c8b588177d162daf74ff8a\" class=\"ls-section  page-one\" >\n        <div class=\"container container--wide\">\n        \n\n<div class=\"wp-block-columns is-layout-flex wp-container-core-columns-is-layout-9d6595d7 wp-block-columns-is-layout-flex\">\n<div class=\"wp-block-column is-layout-flow wp-block-column-is-layout-flow\" style=\"flex-basis:10%\"><\/div>\n\n\n\n<div class=\"wp-block-column is-layout-flow wp-block-column-is-layout-flow\" style=\"flex-basis:80%\">\n<ctv-availability data-product-type=\"pitch\" data-background-color=\"#FFFFFFFF\" ><\/ctv-availability>\n<\/div>\n\n\n\n<div class=\"wp-block-column is-layout-flow wp-block-column-is-layout-flow\" style=\"flex-basis:10%\"><\/div>\n<\/div>\n\n\n\n<p class=\"ls-paragraph has-text-align-center\">Eine Oase der Ruhe f\u00fcr Ihren Urlaub in Spanien auf einem Campingplatz in der N\u00e4he von Pe\u00f1\u00edscola<\/p>\n\n\n\n<p class=\"ls-paragraph has-text-align-center\">Im Herzen der Costa del Azahar zwischen Valencia und Barcelona empf\u00e4ngt Sie der Campingplatz L&#8217;Orangeraie auf einem gr\u00fcnen Gel\u00e4nde mit Blick auf das Mittelmeer, eine wahre Oase nur wenige Kilometer vom Meer entfernt. Die Stellpl\u00e4tze auf dem Campingplatz in Spanien f\u00fcr Zelte, Wohnwagen und Wohnmobile sind ger\u00e4umig und individuell: Sie bieten zwischen 90 und 170 m2 Rasenfl\u00e4che und sind durch Hecken abgegrenzt, um Ihnen Privatsph\u00e4re und Ruhe zum <a href=\"https:\/\/www.campingorangeraie.com\/de\/guenstiger-campingplatz-calig\/\">besten Preis in C\u00e0lig<\/a> zu bieten.<\/p>\n\n\n    <\/div>\n<\/section>\n\n<section id=\"ls-section-block_1acf606e7e92758faf8405b818fde6a4\" class=\"ls-section  page-one has-p-b p-b-14\" >\n        <div class=\"container container--wide\">\n        \n\n<div class=\"wp-block-columns is-layout-flex wp-container-core-columns-is-layout-9d6595d7 wp-block-columns-is-layout-flex\">\n<div class=\"wp-block-column is-layout-flow wp-block-column-is-layout-flow\">\n<h2 class=\"ls__heading wp-block-heading\">Unsere hochwertigen Sanit\u00e4ranlagen<\/h2>\n\n\n\n<p class=\"ls-paragraph\">Verbringen Sie Ihren Urlaub im Freien auf einem Campingplatz in der N\u00e4he von Valencia in Spanien im 3*** L&#8217;Orangeraie.<\/p>\n\n\n\n<p class=\"ls-paragraph\">Der 3-Sterne-Campingplatz L&#8217;Orangeraie liegt im traditionellen Dorf C\u00e0lig in der N\u00e4he des sch\u00f6nen Pe\u00f1iscola und ist ein ideales Reiseziel, um die spanische Sonne zu genie\u00dfen und sich am Pool zu erholen. Aufgrund ihrer gro\u00dfen Fl\u00e4che und der Privatsph\u00e4re, die sie bieten, sind unsere Campingpl\u00e4tze perfekt f\u00fcr einen Familienurlaub an der Costa del Azahar geeignet.<\/p>\n\n\n\n<p class=\"ls-paragraph\">Sie bieten bequem Platz f\u00fcr ein gro\u00dfes Familienzelt, einen Wohnwagen oder ein Wohnmobil mit Vorzelt sowie ein Fahrzeug.<\/p>\n\n\n\n<p class=\"ls-paragraph\">Die Kinder haben den n\u00f6tigen Platz zum Spielen und genie\u00dfen den Komfort einer Rasenfl\u00e4che f\u00fcr ihre Spiele im Freien.<\/p>\n\n\n\n<h2 class=\"ls__heading wp-block-heading has-text-align-left\">Der Entleerungsbereich<\/h2>\n\n\n\n<p class=\"ls-paragraph has-text-align-left\">&nbsp;F\u00fcr Urlauber, die mit dem Wohnmobil anreisen, gibt es eine Entsorgungsstelle. Auf dem Gel\u00e4nde befindet sich au\u00dferdem eine Autowaschanlage.<\/p>\n<\/div>\n\n\n\n<div class=\"wp-block-column is-layout-flow wp-block-column-is-layout-flow\">\n<h2 class=\"ls__heading wp-block-heading\">Komfortable und ger\u00e4umige Stellpl\u00e4tze<\/h2>\n\n\n\n<p class=\"ls-paragraph\">Die &#8222;Komfort&#8220;-Stellpl\u00e4tze sind noch ger\u00e4umiger als die Standard-Stellpl\u00e4tze und k\u00f6nnen bis zu 120 m2 gro\u00df sein. Zahlreiche Olivenb\u00e4ume, Johannisbrotb\u00e4ume und Palmen spenden angenehmen Schatten, und breite Alleen verhindern, dass man sich gegen\u00fcbersteht. Da Camping in Spanien nicht bedeutet, von der Au\u00dfenwelt abgeschnitten zu sein, sind die Stellpl\u00e4tze mit Stromanschl\u00fcssen ausgestattet: 6 A reichen aus, um Ihre Mobiltelefone aufzuladen, Licht zu spenden und einen K\u00fchlschrank zu betreiben. F\u00fcr Kochplatten, Elektrogrills oder Wasserkocher sollten Sie 10A bevorzugen.<\/p>\n\n\n\n<h2 class=\"ls__heading wp-block-heading\">Entdecken Sie unsere zus\u00e4tzlichen Optionen<\/h2>\n\n\n\n<p class=\"ls-paragraph\">Sie k\u00f6nnen von 6A oder 10A Stromanschl\u00fcssen profitieren, um noch mehr Komfort zu haben. Auf Ihrer Parzelle k\u00f6nnen Sie die Freuden des Grillens auf einem Elektro- oder Gasgrill genie\u00dfen. Wenn Sie sich regelm\u00e4\u00dfig mit Ihrem Wohnwagen auf dem <a href=\"\/de\/\">Campingplatz L&#8217;Orangeraie<\/a> aufhalten m\u00f6chten, steht Ihnen in der N\u00e4he der Anlage ein Winterdienst zur Verf\u00fcgung. Eine ideale L\u00f6sung, um jedes Jahr aufs Neue die Freuden des Campings in Spanien zu erleben!<br>Um von noch mehr Komfort zu profitieren, entscheiden Sie sich f\u00fcr unsere Chalets oder unsere <a href=\"https:\/\/www.campingorangeraie.com\/de\/standort-mobil-heimat-kalig\/\">wohnmobile zur Miete in C\u00e0lig<\/a> und erleben Sie einen unvergesslichen Aufenthalt.<\/p>\n<\/div>\n<\/div>\n\n\n    <\/div>\n<\/section>\n\n<section id=\"ls-section-block_0bdd9be92eb81bdd907ac8fd77680602\" class=\"ls-section  page-avis petal-right has-background has-color-3-background-color has-p-t p-t-14 has-p-b p-b-14\" >\n        <div class=\"container \">\n        \n\n<div id=\"ls-heading ls-titre-div-block_157509ab668b6856916580ae4cbfebb3\" class=\"ls-titre-div aligncenter h2-like\" >\n    Und unsere Kunden, was halten sie von den Standorten?<\/div>\n\n\n<div class=\"avis-container-pages\"><div class=\"avis\"><div class=\"avis-user\"><div class=\"avis-note\">\n                <span><i class=\"orangeraie_one-etoile\"><\/i><\/span><span><i class=\"orangeraie_one-etoile\"><\/i><\/span><span><i class=\"orangeraie_one-etoile\"><\/i><\/span><span><i class=\"orangeraie_one-etoile\"><\/i><\/span><span><i class=\"orangeraie_one-etoile\"><\/i><\/span>\n                <\/div><div class=\"avis-name\">Nathalie L.<\/div><div class=\"avis-content\"><p>Campingplatz sehr gut., sehr gastfreundlich.<br \/>\nSehr saubere Sanit\u00e4ranlagen (das habe ich in Frankreich noch nie gesehen). Die Stellpl\u00e4tze sind sehr sch\u00f6n und ausreichend gro\u00df.<br \/>\nDer Empfang ist bemerkenswert mit den Besitzern, die bereit sind, Auskunft zu geben.<br \/>\nWir gehen dieses Jahr zum dritten Mal hin.<br \/>\nNur Gl\u00fcck!<\/p>\n<\/div><\/div><\/div><div class=\"avis\"><div class=\"avis-user\"><div class=\"avis-note\">\n                <span><i class=\"orangeraie_one-etoile\"><\/i><\/span><span><i class=\"orangeraie_one-etoile\"><\/i><\/span><span><i class=\"orangeraie_one-etoile\"><\/i><\/span><span><i class=\"orangeraie_one-etoile\"><\/i><\/span><span><i class=\"orangeraie_one-etoile\"><\/i><\/span>\n                <\/div><div class=\"avis-name\">Sophie D.<\/div><div class=\"avis-content\"><p>Kleines Paradies f\u00fcr Camper, die die Ruhe lieben. \u00dcberschaubare Gr\u00f6\u00dfe, ger\u00e4umige Stellpl\u00e4tze, die dank der vielen B\u00e4ume, darunter wundersch\u00f6ne, sehr alte Olivenb\u00e4ume, Schatten spenden.<br \/>\nSehr saubere Sanit\u00e4ranlagen. Sehr angenehmer Swimmingpool.<br \/>\nAbsolut geeignet f\u00fcr Familien mit Kindern, die sich auf diesem Campingplatz vollkommen sicher f\u00fchlen.<br \/>\nL\u00e4chelnde, angenehme Eigent\u00fcmer.<br \/>\nWir fahren seit drei Jahren dorthin und die Kinder wollen wiederkommen.<\/p>\n<\/div><\/div><\/div><\/div>\n\n\n    <\/div>\n<\/section>\n\n<section id=\"ls-section-block_81067e7012a8031ea2840dbea42178df\" class=\"ls-section  page-maillage has-p-t p-t-14 has-p-b p-b-14\" >\n        <div class=\"container container--wide\">\n        \n\n<div id=\"ls-heading ls-titre-div-block_822b039bdcdb38f72511481906e04f98\" class=\"ls-titre-div aligncenter h2-like\" >\n    Entdecken Sie die Mobilheime , die Preise und die Animationen unseres Campingplatzes<\/div>\n\n\n<div id=\"ls-maillage-block_38f844ad44bf7961dfce912eedf11a78\" class=\"ls-maillage cta-style-normal\" data-rows=\"3\">\r\n    <div class=\"wp-block-columns\"><div class=\"wp-block-column\">\n\n<a href=\"https:\/\/www.campingorangeraie.com\/de\/zelten-animation-calig\/\" target=\"\" rel=\"noopener\" class=\"ls-cta__link\" data-categ=\"\">\n\t<div class=\"ls-cta__image\"><img decoding=\"async\" src=\"https:\/\/www.campingorangeraie.com\/wp-content\/uploads\/2022\/09\/Sans-titre-2.jpg\" alt=\"animation camping paradis l'orangeraie\"><\/div>\n\t<div class=\"ls-cta__title\">\n\t\tNos animations familiales\t<\/div>\n\n\t<\/a><\/div><div class=\"wp-block-column\">\n\n<a href=\"https:\/\/www.campingorangeraie.com\/de\/guenstiger-campingplatz-calig\/\" target=\"\" rel=\"noopener\" class=\"ls-cta__link\" data-categ=\"\">\n\t<div class=\"ls-cta__image\"><img decoding=\"async\" src=\"https:\/\/www.campingorangeraie.com\/wp-content\/uploads\/2022\/09\/Sans-titre-2-1.jpg\" alt=\"camping orangeraie calig\"><\/div>\n\t<div class=\"ls-cta__title\">\n\t\tTarife\t<\/div>\n\n\t<\/a><\/div><div class=\"wp-block-column\">\n\n<a href=\"https:\/\/www.campingorangeraie.com\/de\/standort-mobil-heimat-kalig\/\" target=\"\" rel=\"noopener\" class=\"ls-cta__link\" data-categ=\"\">\n\t<div class=\"ls-cta__image\"><img decoding=\"async\" src=\"https:\/\/www.campingorangeraie.com\/wp-content\/uploads\/2022\/09\/Camping-de-lorangeraie-2021-84-1-scaled.jpeg\" alt=\"location mobil home orangeraie\"><\/div>\n\t<div class=\"ls-cta__title\">\n\t\tMobilheim\t<\/div>\n\n\t<\/a><\/div><\/div><\/div>\n\n    <\/div>\n<\/section>","protected":false},"excerpt":{"rendered":"","protected":false},"author":1,"featured_media":1767,"parent":0,"menu_order":0,"comment_status":"closed","ping_status":"closed","template":"","meta":{"_acf_changed":false,"footnotes":""},"sujet":[],"class_list":["post-3625","page","type-page","status-publish","has-post-thumbnail","hentry"],"acf":[],"yoast_head":"<!-- This site is optimized with the Yoast SEO plugin v23.4 - https:\/\/yoast.com\/wordpress\/plugins\/seo\/ -->\n<title>Vermietung Stellplatz Calig | Caravaning-Stellplatz Castellon<\/title>\n<meta name=\"description\" content=\"Entdecken Sie unsere Campingpl\u00e4tze f\u00fcr Zelt, Wohnwagen oder Wohnmobil nur wenige Kilometer vom Meer entfernt in der N\u00e4he von Valencia. G\u00fcnstig campen in Spanien\" \/>\n<meta name=\"robots\" content=\"index, follow, max-snippet:-1, max-image-preview:large, max-video-preview:-1\" \/>\n<link rel=\"canonical\" href=\"https:\/\/www.campingorangeraie.com\/de\/standort-verschiebe-kalig\/\" \/>\n<meta property=\"og:locale\" content=\"de_DE\" \/>\n<meta property=\"og:type\" content=\"article\" \/>\n<meta property=\"og:title\" content=\"Vermietung Stellplatz Calig | Caravaning-Stellplatz Castellon\" \/>\n<meta property=\"og:description\" content=\"Entdecken Sie unsere Campingpl\u00e4tze f\u00fcr Zelt, Wohnwagen oder Wohnmobil nur wenige Kilometer vom Meer entfernt in der N\u00e4he von Valencia. G\u00fcnstig campen in Spanien\" \/>\n<meta property=\"og:url\" content=\"https:\/\/www.campingorangeraie.com\/de\/standort-verschiebe-kalig\/\" \/>\n<meta property=\"og:site_name\" content=\"Camping Orangeraie\" \/>\n<meta property=\"article:modified_time\" content=\"2026-03-02T13:48:15+00:00\" \/>\n<meta property=\"og:image\" content=\"https:\/\/www.campingorangeraie.com\/wp-content\/uploads\/2022\/09\/emplacement-caravaning.jpg\" \/>\n\t<meta property=\"og:image:width\" content=\"1920\" \/>\n\t<meta property=\"og:image:height\" content=\"1080\" \/>\n\t<meta property=\"og:image:type\" content=\"image\/jpeg\" \/>\n<meta name=\"twitter:card\" content=\"summary_large_image\" \/>\n<meta name=\"twitter:label1\" content=\"Gesch\u00e4tzte Lesezeit\" \/>\n\t<meta name=\"twitter:data1\" content=\"3\u00a0Minuten\" \/>\n<script type=\"application\/ld+json\" class=\"yoast-schema-graph\">{\"@context\":\"https:\/\/schema.org\",\"@graph\":[{\"@type\":\"WebPage\",\"@id\":\"https:\/\/www.campingorangeraie.com\/de\/standort-verschiebe-kalig\/\",\"url\":\"https:\/\/www.campingorangeraie.com\/de\/standort-verschiebe-kalig\/\",\"name\":\"Vermietung Stellplatz Calig | Caravaning-Stellplatz Castellon\",\"isPartOf\":{\"@id\":\"https:\/\/www.campingorangeraie.com\/#website\"},\"primaryImageOfPage\":{\"@id\":\"https:\/\/www.campingorangeraie.com\/de\/standort-verschiebe-kalig\/#primaryimage\"},\"image\":{\"@id\":\"https:\/\/www.campingorangeraie.com\/de\/standort-verschiebe-kalig\/#primaryimage\"},\"thumbnailUrl\":\"https:\/\/www.campingorangeraie.com\/wp-content\/uploads\/2022\/09\/emplacement-caravaning.jpg\",\"datePublished\":\"2022-09-05T14:59:04+00:00\",\"dateModified\":\"2026-03-02T13:48:15+00:00\",\"description\":\"Entdecken Sie unsere Campingpl\u00e4tze f\u00fcr Zelt, Wohnwagen oder Wohnmobil nur wenige Kilometer vom Meer entfernt in der N\u00e4he von Valencia. G\u00fcnstig campen in Spanien\",\"breadcrumb\":{\"@id\":\"https:\/\/www.campingorangeraie.com\/de\/standort-verschiebe-kalig\/#breadcrumb\"},\"inLanguage\":\"de\",\"potentialAction\":[{\"@type\":\"ReadAction\",\"target\":[\"https:\/\/www.campingorangeraie.com\/de\/standort-verschiebe-kalig\/\"]}]},{\"@type\":\"ImageObject\",\"inLanguage\":\"de\",\"@id\":\"https:\/\/www.campingorangeraie.com\/de\/standort-verschiebe-kalig\/#primaryimage\",\"url\":\"https:\/\/www.campingorangeraie.com\/wp-content\/uploads\/2022\/09\/emplacement-caravaning.jpg\",\"contentUrl\":\"https:\/\/www.campingorangeraie.com\/wp-content\/uploads\/2022\/09\/emplacement-caravaning.jpg\",\"width\":1920,\"height\":1080,\"caption\":\"emplacement camping paradis\"},{\"@type\":\"BreadcrumbList\",\"@id\":\"https:\/\/www.campingorangeraie.com\/de\/standort-verschiebe-kalig\/#breadcrumb\",\"itemListElement\":[{\"@type\":\"ListItem\",\"position\":1,\"name\":\"Camping Peniscola\",\"item\":\"https:\/\/www.campingorangeraie.com\/de\/\"},{\"@type\":\"ListItem\",\"position\":2,\"name\":\"Caravaningplatz in Castellon\"}]},{\"@type\":\"WebSite\",\"@id\":\"https:\/\/www.campingorangeraie.com\/#website\",\"url\":\"https:\/\/www.campingorangeraie.com\/\",\"name\":\"Camping Orangeraie\",\"description\":\"\",\"publisher\":{\"@id\":\"https:\/\/www.campingorangeraie.com\/#organization\"},\"potentialAction\":[{\"@type\":\"SearchAction\",\"target\":{\"@type\":\"EntryPoint\",\"urlTemplate\":\"https:\/\/www.campingorangeraie.com\/?s={search_term_string}\"},\"query-input\":{\"@type\":\"PropertyValueSpecification\",\"valueRequired\":true,\"valueName\":\"search_term_string\"}}],\"inLanguage\":\"de\"},{\"@type\":\"Organization\",\"@id\":\"https:\/\/www.campingorangeraie.com\/#organization\",\"name\":\"Camping L'Orangeraie\",\"url\":\"https:\/\/www.campingorangeraie.com\/\",\"logo\":{\"@type\":\"ImageObject\",\"inLanguage\":\"de\",\"@id\":\"https:\/\/www.campingorangeraie.com\/#\/schema\/logo\/image\/\",\"url\":\"https:\/\/www.campingorangeraie.com\/wp-content\/uploads\/2022\/09\/logo_orangeraie-banner.png\",\"contentUrl\":\"https:\/\/www.campingorangeraie.com\/wp-content\/uploads\/2022\/09\/logo_orangeraie-banner.png\",\"width\":500,\"height\":500,\"caption\":\"Camping L'Orangeraie\"},\"image\":{\"@id\":\"https:\/\/www.campingorangeraie.com\/#\/schema\/logo\/image\/\"}}]}<\/script>\n<!-- \/ Yoast SEO plugin. -->","yoast_head_json":{"title":"Vermietung Stellplatz Calig | Caravaning-Stellplatz Castellon","description":"Entdecken Sie unsere Campingpl\u00e4tze f\u00fcr Zelt, Wohnwagen oder Wohnmobil nur wenige Kilometer vom Meer entfernt in der N\u00e4he von Valencia. G\u00fcnstig campen in Spanien","robots":{"index":"index","follow":"follow","max-snippet":"max-snippet:-1","max-image-preview":"max-image-preview:large","max-video-preview":"max-video-preview:-1"},"canonical":"https:\/\/www.campingorangeraie.com\/de\/standort-verschiebe-kalig\/","og_locale":"de_DE","og_type":"article","og_title":"Vermietung Stellplatz Calig | Caravaning-Stellplatz Castellon","og_description":"Entdecken Sie unsere Campingpl\u00e4tze f\u00fcr Zelt, Wohnwagen oder Wohnmobil nur wenige Kilometer vom Meer entfernt in der N\u00e4he von Valencia. G\u00fcnstig campen in Spanien","og_url":"https:\/\/www.campingorangeraie.com\/de\/standort-verschiebe-kalig\/","og_site_name":"Camping Orangeraie","article_modified_time":"2026-03-02T13:48:15+00:00","og_image":[{"width":1920,"height":1080,"url":"https:\/\/www.campingorangeraie.com\/wp-content\/uploads\/2022\/09\/emplacement-caravaning.jpg","type":"image\/jpeg"}],"twitter_card":"summary_large_image","twitter_misc":{"Gesch\u00e4tzte Lesezeit":"3\u00a0Minuten"},"schema":{"@context":"https:\/\/schema.org","@graph":[{"@type":"WebPage","@id":"https:\/\/www.campingorangeraie.com\/de\/standort-verschiebe-kalig\/","url":"https:\/\/www.campingorangeraie.com\/de\/standort-verschiebe-kalig\/","name":"Vermietung Stellplatz Calig | Caravaning-Stellplatz Castellon","isPartOf":{"@id":"https:\/\/www.campingorangeraie.com\/#website"},"primaryImageOfPage":{"@id":"https:\/\/www.campingorangeraie.com\/de\/standort-verschiebe-kalig\/#primaryimage"},"image":{"@id":"https:\/\/www.campingorangeraie.com\/de\/standort-verschiebe-kalig\/#primaryimage"},"thumbnailUrl":"https:\/\/www.campingorangeraie.com\/wp-content\/uploads\/2022\/09\/emplacement-caravaning.jpg","datePublished":"2022-09-05T14:59:04+00:00","dateModified":"2026-03-02T13:48:15+00:00","description":"Entdecken Sie unsere Campingpl\u00e4tze f\u00fcr Zelt, Wohnwagen oder Wohnmobil nur wenige Kilometer vom Meer entfernt in der N\u00e4he von Valencia. G\u00fcnstig campen in Spanien","breadcrumb":{"@id":"https:\/\/www.campingorangeraie.com\/de\/standort-verschiebe-kalig\/#breadcrumb"},"inLanguage":"de","potentialAction":[{"@type":"ReadAction","target":["https:\/\/www.campingorangeraie.com\/de\/standort-verschiebe-kalig\/"]}]},{"@type":"ImageObject","inLanguage":"de","@id":"https:\/\/www.campingorangeraie.com\/de\/standort-verschiebe-kalig\/#primaryimage","url":"https:\/\/www.campingorangeraie.com\/wp-content\/uploads\/2022\/09\/emplacement-caravaning.jpg","contentUrl":"https:\/\/www.campingorangeraie.com\/wp-content\/uploads\/2022\/09\/emplacement-caravaning.jpg","width":1920,"height":1080,"caption":"emplacement camping paradis"},{"@type":"BreadcrumbList","@id":"https:\/\/www.campingorangeraie.com\/de\/standort-verschiebe-kalig\/#breadcrumb","itemListElement":[{"@type":"ListItem","position":1,"name":"Camping Peniscola","item":"https:\/\/www.campingorangeraie.com\/de\/"},{"@type":"ListItem","position":2,"name":"Caravaningplatz in Castellon"}]},{"@type":"WebSite","@id":"https:\/\/www.campingorangeraie.com\/#website","url":"https:\/\/www.campingorangeraie.com\/","name":"Camping Orangeraie","description":"","publisher":{"@id":"https:\/\/www.campingorangeraie.com\/#organization"},"potentialAction":[{"@type":"SearchAction","target":{"@type":"EntryPoint","urlTemplate":"https:\/\/www.campingorangeraie.com\/?s={search_term_string}"},"query-input":{"@type":"PropertyValueSpecification","valueRequired":true,"valueName":"search_term_string"}}],"inLanguage":"de"},{"@type":"Organization","@id":"https:\/\/www.campingorangeraie.com\/#organization","name":"Camping L'Orangeraie","url":"https:\/\/www.campingorangeraie.com\/","logo":{"@type":"ImageObject","inLanguage":"de","@id":"https:\/\/www.campingorangeraie.com\/#\/schema\/logo\/image\/","url":"https:\/\/www.campingorangeraie.com\/wp-content\/uploads\/2022\/09\/logo_orangeraie-banner.png","contentUrl":"https:\/\/www.campingorangeraie.com\/wp-content\/uploads\/2022\/09\/logo_orangeraie-banner.png","width":500,"height":500,"caption":"Camping L'Orangeraie"},"image":{"@id":"https:\/\/www.campingorangeraie.com\/#\/schema\/logo\/image\/"}}]}},"_links":{"self":[{"href":"https:\/\/www.campingorangeraie.com\/de\/wp-json\/wp\/v2\/pages\/3625","targetHints":{"allow":["GET"]}}],"collection":[{"href":"https:\/\/www.campingorangeraie.com\/de\/wp-json\/wp\/v2\/pages"}],"about":[{"href":"https:\/\/www.campingorangeraie.com\/de\/wp-json\/wp\/v2\/types\/page"}],"author":[{"embeddable":true,"href":"https:\/\/www.campingorangeraie.com\/de\/wp-json\/wp\/v2\/users\/1"}],"replies":[{"embeddable":true,"href":"https:\/\/www.campingorangeraie.com\/de\/wp-json\/wp\/v2\/comments?post=3625"}],"version-history":[{"count":12,"href":"https:\/\/www.campingorangeraie.com\/de\/wp-json\/wp\/v2\/pages\/3625\/revisions"}],"predecessor-version":[{"id":14666,"href":"https:\/\/www.campingorangeraie.com\/de\/wp-json\/wp\/v2\/pages\/3625\/revisions\/14666"}],"wp:featuredmedia":[{"embeddable":true,"href":"https:\/\/www.campingorangeraie.com\/de\/wp-json\/wp\/v2\/media\/1767"}],"wp:attachment":[{"href":"https:\/\/www.campingorangeraie.com\/de\/wp-json\/wp\/v2\/media?parent=3625"}],"wp:term":[{"taxonomy":"sujet","embeddable":true,"href":"https:\/\/www.campingorangeraie.com\/de\/wp-json\/wp\/v2\/sujet?post=3625"}],"curies":[{"name":"wp","href":"https:\/\/api.w.org\/{rel}","templated":true}]}}